{"id":3869,"date":"2025-08-08T13:25:21","date_gmt":"2025-08-08T13:25:21","guid":{"rendered":"https:\/\/agoracivica.cat\/activitat\/de-olinda-a-barcelona-tejiendo-nuevas-redes-iberoamericanas-de-puntos-de-cultura\/"},"modified":"2025-09-25T13:30:49","modified_gmt":"2025-09-25T13:30:49","slug":"de-olinda-a-barcelona-tejiendo-nuevas-redes-iberoamericanas-de-puntos-de-cultura","status":"publish","type":"activitat","link":"https:\/\/agoracivica.cat\/es\/activitat\/de-olinda-a-barcelona-tejiendo-nuevas-redes-iberoamericanas-de-puntos-de-cultura\/","title":{"rendered":"De Campinas a Barcelona: tejiendo nuevas redes iberoamericanas de puntos de cultura"},"content":{"rendered":"<p>Un encuentro para aprender de los procesos p\u00fablico-comunitarios impulsados por IberCultura Viva.<\/p>\n<p>\u00bfQu\u00e9 es un punto de cultura? \u00bfQu\u00e9 pr\u00e1cticas y valores lo definen? \u00bfC\u00f3mo pueden las redes de puntos de cultura articular proyectos arraigados al territorio, vinculados a las comunidades y con una vocaci\u00f3n transformadora?  <\/p>\n<p>Esta comunidad de aprendizaje, coorganizada con IberCultura Viva (programa de la Secretar\u00eda General Iberoamericana &#8211; SEGIB), propone una inmersi\u00f3n compartida en las experiencias de gesti\u00f3n cultural comunitaria de Am\u00e9rica Latina, con especial atenci\u00f3n al movimiento de Puntos de Cultura, nacido en Brasil durante el mandato de Gilberto Gil como ministro de Cultura. Este modelo inspirador ha evolucionado y crecido en varios pa\u00edses, tejiendo una red viva de proyectos culturales de base comunitaria. <\/p>\n<p>El objetivo es intercambiar conocimiento pr\u00e1ctico sobre el funcionamiento de estos ecosistemas p\u00fablico-comunitarios: c\u00f3mo se activa una red, qu\u00e9 rol tienen las comunidades y las instituciones, qu\u00e9 pol\u00edticas p\u00fablicas pueden impulsar estos procesos y c\u00f3mo se puede adaptar este modelo a diferentes contextos territoriales, como Catalu\u00f1a o Barcelona.<\/p>\n<p>Una oportunidad para repensar la cultura como un derecho y un bien com\u00fan, a partir del di\u00e1logo Sur-Norte y del aprendizaje mutuo entre experiencias transformadoras.<\/p>\n","protected":false},"excerpt":{"rendered":"<p>Una inmersi\u00f3n compartida en las experiencias de gesti\u00f3n cultural comunitaria de Am\u00e9rica Latina, con especial atenci\u00f3n al movimiento de Puntos de Cultura, nacido en Brasil durante el mandato de Gilberto Gil como ministro de Cultura.<\/p>\n","protected":false},"featured_media":2804,"template":"","format":[235],"meta":{"_acf_changed":false,"_et_pb_use_builder":"","_et_pb_old_content":"","_et_gb_content_width":""},"bloc-activitat":[],"data":[114],"eix":[133],"franja-horaria":[142],"tipus-activitat":[150],"class_list":["post-3869","activitat","type-activitat","status-publish","has-post-thumbnail","hentry","data-01-10-2025-es","eix-ecosistemas-de-la-cultura","format-taller-es","franja-horaria-manana","tipus-activitat-agora-civica-es"],"acf":[],"yoast_head":"<!-- This site is optimized with the Yoast SEO plugin v26.0 - https:\/\/yoast.com\/wordpress\/plugins\/seo\/ -->\n<title>De Campinas a Barcelona: tejiendo nuevas redes iberoamericanas de puntos de cultura - \u00c0gora C\u00edvica<\/title>\n<meta name=\"robots\" content=\"index, follow, max-snippet:-1, max-image-preview:large, max-video-preview:-1\" \/>\n<link rel=\"canonical\" href=\"https:\/\/agoracivica.cat\/es\/activitat\/de-olinda-a-barcelona-tejiendo-nuevas-redes-iberoamericanas-de-puntos-de-cultura\/\" \/>\n<meta property=\"og:locale\" content=\"es_ES\" \/>\n<meta property=\"og:type\" content=\"article\" \/>\n<meta property=\"og:title\" content=\"De Campinas a Barcelona: tejiendo nuevas redes iberoamericanas de puntos de cultura - \u00c0gora C\u00edvica\" \/>\n<meta property=\"og:description\" content=\"Una inmersi\u00f3n compartida en las experiencias de gesti\u00f3n cultural comunitaria de Am\u00e9rica Latina, con especial atenci\u00f3n al movimiento de Puntos de Cultura, nacido en Brasil durante el mandato de Gilberto Gil como ministro de Cultura.\" \/>\n<meta property=\"og:url\" content=\"https:\/\/agoracivica.cat\/es\/activitat\/de-olinda-a-barcelona-tejiendo-nuevas-redes-iberoamericanas-de-puntos-de-cultura\/\" \/>\n<meta property=\"og:site_name\" content=\"\u00c0gora C\u00edvica\" \/>\n<meta property=\"article:modified_time\" content=\"2025-09-25T13:30:49+00:00\" \/>\n<meta property=\"og:image\" content=\"https:\/\/agoracivica.cat\/wp-content\/uploads\/2025\/07\/Eix_ecosistemescultura-scaled.jpg\" \/>\n\t<meta property=\"og:image:width\" content=\"1991\" \/>\n\t<meta property=\"og:image:height\" content=\"2560\" \/>\n\t<meta property=\"og:image:type\" content=\"image\/jpeg\" \/>\n<meta name=\"twitter:card\" content=\"summary_large_image\" \/>\n<meta name=\"twitter:label1\" content=\"Tiempo de lectura\" \/>\n\t<meta name=\"twitter:data1\" content=\"1 minuto\" \/>\n<script type=\"application\/ld+json\" class=\"yoast-schema-graph\">{\"@context\":\"https:\/\/schema.org\",\"@graph\":[{\"@type\":\"WebPage\",\"@id\":\"https:\/\/agoracivica.cat\/es\/activitat\/de-olinda-a-barcelona-tejiendo-nuevas-redes-iberoamericanas-de-puntos-de-cultura\/\",\"url\":\"https:\/\/agoracivica.cat\/es\/activitat\/de-olinda-a-barcelona-tejiendo-nuevas-redes-iberoamericanas-de-puntos-de-cultura\/\",\"name\":\"De Campinas a Barcelona: tejiendo nuevas redes iberoamericanas de puntos de cultura - \u00c0gora C\u00edvica\",\"isPartOf\":{\"@id\":\"https:\/\/agoracivica.cat\/#website\"},\"primaryImageOfPage\":{\"@id\":\"https:\/\/agoracivica.cat\/es\/activitat\/de-olinda-a-barcelona-tejiendo-nuevas-redes-iberoamericanas-de-puntos-de-cultura\/#primaryimage\"},\"image\":{\"@id\":\"https:\/\/agoracivica.cat\/es\/activitat\/de-olinda-a-barcelona-tejiendo-nuevas-redes-iberoamericanas-de-puntos-de-cultura\/#primaryimage\"},\"thumbnailUrl\":\"https:\/\/agoracivica.cat\/wp-content\/uploads\/2025\/07\/Eix_ecosistemescultura-scaled.jpg\",\"datePublished\":\"2025-08-08T13:25:21+00:00\",\"dateModified\":\"2025-09-25T13:30:49+00:00\",\"breadcrumb\":{\"@id\":\"https:\/\/agoracivica.cat\/es\/activitat\/de-olinda-a-barcelona-tejiendo-nuevas-redes-iberoamericanas-de-puntos-de-cultura\/#breadcrumb\"},\"inLanguage\":\"es\",\"potentialAction\":[{\"@type\":\"ReadAction\",\"target\":[\"https:\/\/agoracivica.cat\/es\/activitat\/de-olinda-a-barcelona-tejiendo-nuevas-redes-iberoamericanas-de-puntos-de-cultura\/\"]}]},{\"@type\":\"ImageObject\",\"inLanguage\":\"es\",\"@id\":\"https:\/\/agoracivica.cat\/es\/activitat\/de-olinda-a-barcelona-tejiendo-nuevas-redes-iberoamericanas-de-puntos-de-cultura\/#primaryimage\",\"url\":\"https:\/\/agoracivica.cat\/wp-content\/uploads\/2025\/07\/Eix_ecosistemescultura-scaled.jpg\",\"contentUrl\":\"https:\/\/agoracivica.cat\/wp-content\/uploads\/2025\/07\/Eix_ecosistemescultura-scaled.jpg\",\"width\":1991,\"height\":2560},{\"@type\":\"BreadcrumbList\",\"@id\":\"https:\/\/agoracivica.cat\/es\/activitat\/de-olinda-a-barcelona-tejiendo-nuevas-redes-iberoamericanas-de-puntos-de-cultura\/#breadcrumb\",\"itemListElement\":[{\"@type\":\"ListItem\",\"position\":1,\"name\":\"Inici\",\"item\":\"https:\/\/agoracivica.cat\/\"},{\"@type\":\"ListItem\",\"position\":2,\"name\":\"De Campinas a Barcelona: tejiendo nuevas redes iberoamericanas de puntos de cultura\"}]},{\"@type\":\"WebSite\",\"@id\":\"https:\/\/agoracivica.cat\/#website\",\"url\":\"https:\/\/agoracivica.cat\/\",\"name\":\"\u00c0gora C\u00edvica\",\"description\":\"Programa d&#039;activitats\",\"publisher\":{\"@id\":\"https:\/\/agoracivica.cat\/#organization\"},\"potentialAction\":[{\"@type\":\"SearchAction\",\"target\":{\"@type\":\"EntryPoint\",\"urlTemplate\":\"https:\/\/agoracivica.cat\/?s={search_term_string}\"},\"query-input\":{\"@type\":\"PropertyValueSpecification\",\"valueRequired\":true,\"valueName\":\"search_term_string\"}}],\"inLanguage\":\"es\"},{\"@type\":\"Organization\",\"@id\":\"https:\/\/agoracivica.cat\/#organization\",\"name\":\"\u00c0gora C\u00edvica\",\"url\":\"https:\/\/agoracivica.cat\/\",\"logo\":{\"@type\":\"ImageObject\",\"inLanguage\":\"es\",\"@id\":\"https:\/\/agoracivica.cat\/#\/schema\/logo\/image\/\",\"url\":\"https:\/\/agoracivica.cat\/wp-content\/uploads\/2025\/05\/Grupo-51.svg\",\"contentUrl\":\"https:\/\/agoracivica.cat\/wp-content\/uploads\/2025\/05\/Grupo-51.svg\",\"width\":1,\"height\":1,\"caption\":\"\u00c0gora C\u00edvica\"},\"image\":{\"@id\":\"https:\/\/agoracivica.cat\/#\/schema\/logo\/image\/\"}}]}<\/script>\n<!-- \/ Yoast SEO plugin. -->","yoast_head_json":{"title":"De Campinas a Barcelona: tejiendo nuevas redes iberoamericanas de puntos de cultura - \u00c0gora C\u00edvica","robots":{"index":"index","follow":"follow","max-snippet":"max-snippet:-1","max-image-preview":"max-image-preview:large","max-video-preview":"max-video-preview:-1"},"canonical":"https:\/\/agoracivica.cat\/es\/activitat\/de-olinda-a-barcelona-tejiendo-nuevas-redes-iberoamericanas-de-puntos-de-cultura\/","og_locale":"es_ES","og_type":"article","og_title":"De Campinas a Barcelona: tejiendo nuevas redes iberoamericanas de puntos de cultura - \u00c0gora C\u00edvica","og_description":"Una inmersi\u00f3n compartida en las experiencias de gesti\u00f3n cultural comunitaria de Am\u00e9rica Latina, con especial atenci\u00f3n al movimiento de Puntos de Cultura, nacido en Brasil durante el mandato de Gilberto Gil como ministro de Cultura.","og_url":"https:\/\/agoracivica.cat\/es\/activitat\/de-olinda-a-barcelona-tejiendo-nuevas-redes-iberoamericanas-de-puntos-de-cultura\/","og_site_name":"\u00c0gora C\u00edvica","article_modified_time":"2025-09-25T13:30:49+00:00","og_image":[{"width":1991,"height":2560,"url":"https:\/\/agoracivica.cat\/wp-content\/uploads\/2025\/07\/Eix_ecosistemescultura-scaled.jpg","type":"image\/jpeg"}],"twitter_card":"summary_large_image","twitter_misc":{"Tiempo de lectura":"1 minuto"},"schema":{"@context":"https:\/\/schema.org","@graph":[{"@type":"WebPage","@id":"https:\/\/agoracivica.cat\/es\/activitat\/de-olinda-a-barcelona-tejiendo-nuevas-redes-iberoamericanas-de-puntos-de-cultura\/","url":"https:\/\/agoracivica.cat\/es\/activitat\/de-olinda-a-barcelona-tejiendo-nuevas-redes-iberoamericanas-de-puntos-de-cultura\/","name":"De Campinas a Barcelona: tejiendo nuevas redes iberoamericanas de puntos de cultura - \u00c0gora C\u00edvica","isPartOf":{"@id":"https:\/\/agoracivica.cat\/#website"},"primaryImageOfPage":{"@id":"https:\/\/agoracivica.cat\/es\/activitat\/de-olinda-a-barcelona-tejiendo-nuevas-redes-iberoamericanas-de-puntos-de-cultura\/#primaryimage"},"image":{"@id":"https:\/\/agoracivica.cat\/es\/activitat\/de-olinda-a-barcelona-tejiendo-nuevas-redes-iberoamericanas-de-puntos-de-cultura\/#primaryimage"},"thumbnailUrl":"https:\/\/agoracivica.cat\/wp-content\/uploads\/2025\/07\/Eix_ecosistemescultura-scaled.jpg","datePublished":"2025-08-08T13:25:21+00:00","dateModified":"2025-09-25T13:30:49+00:00","breadcrumb":{"@id":"https:\/\/agoracivica.cat\/es\/activitat\/de-olinda-a-barcelona-tejiendo-nuevas-redes-iberoamericanas-de-puntos-de-cultura\/#breadcrumb"},"inLanguage":"es","potentialAction":[{"@type":"ReadAction","target":["https:\/\/agoracivica.cat\/es\/activitat\/de-olinda-a-barcelona-tejiendo-nuevas-redes-iberoamericanas-de-puntos-de-cultura\/"]}]},{"@type":"ImageObject","inLanguage":"es","@id":"https:\/\/agoracivica.cat\/es\/activitat\/de-olinda-a-barcelona-tejiendo-nuevas-redes-iberoamericanas-de-puntos-de-cultura\/#primaryimage","url":"https:\/\/agoracivica.cat\/wp-content\/uploads\/2025\/07\/Eix_ecosistemescultura-scaled.jpg","contentUrl":"https:\/\/agoracivica.cat\/wp-content\/uploads\/2025\/07\/Eix_ecosistemescultura-scaled.jpg","width":1991,"height":2560},{"@type":"BreadcrumbList","@id":"https:\/\/agoracivica.cat\/es\/activitat\/de-olinda-a-barcelona-tejiendo-nuevas-redes-iberoamericanas-de-puntos-de-cultura\/#breadcrumb","itemListElement":[{"@type":"ListItem","position":1,"name":"Inici","item":"https:\/\/agoracivica.cat\/"},{"@type":"ListItem","position":2,"name":"De Campinas a Barcelona: tejiendo nuevas redes iberoamericanas de puntos de cultura"}]},{"@type":"WebSite","@id":"https:\/\/agoracivica.cat\/#website","url":"https:\/\/agoracivica.cat\/","name":"\u00c0gora C\u00edvica","description":"Programa d&#039;activitats","publisher":{"@id":"https:\/\/agoracivica.cat\/#organization"},"potentialAction":[{"@type":"SearchAction","target":{"@type":"EntryPoint","urlTemplate":"https:\/\/agoracivica.cat\/?s={search_term_string}"},"query-input":{"@type":"PropertyValueSpecification","valueRequired":true,"valueName":"search_term_string"}}],"inLanguage":"es"},{"@type":"Organization","@id":"https:\/\/agoracivica.cat\/#organization","name":"\u00c0gora C\u00edvica","url":"https:\/\/agoracivica.cat\/","logo":{"@type":"ImageObject","inLanguage":"es","@id":"https:\/\/agoracivica.cat\/#\/schema\/logo\/image\/","url":"https:\/\/agoracivica.cat\/wp-content\/uploads\/2025\/05\/Grupo-51.svg","contentUrl":"https:\/\/agoracivica.cat\/wp-content\/uploads\/2025\/05\/Grupo-51.svg","width":1,"height":1,"caption":"\u00c0gora C\u00edvica"},"image":{"@id":"https:\/\/agoracivica.cat\/#\/schema\/logo\/image\/"}}]}},"_links":{"self":[{"href":"https:\/\/agoracivica.cat\/es\/wp-json\/wp\/v2\/activitat\/3869","targetHints":{"allow":["GET"]}}],"collection":[{"href":"https:\/\/agoracivica.cat\/es\/wp-json\/wp\/v2\/activitat"}],"about":[{"href":"https:\/\/agoracivica.cat\/es\/wp-json\/wp\/v2\/types\/activitat"}],"wp:featuredmedia":[{"embeddable":true,"href":"https:\/\/agoracivica.cat\/es\/wp-json\/wp\/v2\/media\/2804"}],"wp:attachment":[{"href":"https:\/\/agoracivica.cat\/es\/wp-json\/wp\/v2\/media?parent=3869"}],"wp:term":[{"taxonomy":"bloc-activitat","embeddable":true,"href":"https:\/\/agoracivica.cat\/es\/wp-json\/wp\/v2\/bloc-activitat?post=3869"},{"taxonomy":"data","embeddable":true,"href":"https:\/\/agoracivica.cat\/es\/wp-json\/wp\/v2\/data?post=3869"},{"taxonomy":"eix","embeddable":true,"href":"https:\/\/agoracivica.cat\/es\/wp-json\/wp\/v2\/eix?post=3869"},{"taxonomy":"format","embeddable":true,"href":"https:\/\/agoracivica.cat\/es\/wp-json\/wp\/v2\/format?post=3869"},{"taxonomy":"franja-horaria","embeddable":true,"href":"https:\/\/agoracivica.cat\/es\/wp-json\/wp\/v2\/franja-horaria?post=3869"},{"taxonomy":"tipus-activitat","embeddable":true,"href":"https:\/\/agoracivica.cat\/es\/wp-json\/wp\/v2\/tipus-activitat?post=3869"}],"curies":[{"name":"wp","href":"https:\/\/api.w.org\/{rel}","templated":true}]}}