{"id":4357,"date":"2025-07-30T12:25:49","date_gmt":"2025-07-30T12:25:49","guid":{"rendered":"https:\/\/agoracivica.cat\/activitat\/el-mito-del-mestizaje-diversidad-cultural-y-linguistica\/"},"modified":"2025-09-04T13:03:02","modified_gmt":"2025-09-04T13:03:02","slug":"el-mito-del-mestizaje-diversidad-cultural-y-linguistica","status":"publish","type":"activitat","link":"https:\/\/agoracivica.cat\/es\/activitat\/el-mito-del-mestizaje-diversidad-cultural-y-linguistica\/","title":{"rendered":"El mito del mestizaje"},"content":{"rendered":"<p>Uno de los mitos fundacionales de distintos pa\u00edses de Latinoam\u00e9rica ha sido la integraci\u00f3n de sus poblaciones como naciones mestizas. En diferentes relatos desde las antiguas metr\u00f3polis se celebra el mestizaje entre pueblos ind\u00edgenas y pueblos europeos como una consecuencia positiva de la colonizaci\u00f3n y se ponen de relieve los resultados de la mezcla de culturas y poblaciones. Varios de los relatos nacionales se sustentan tambi\u00e9n en la celebraci\u00f3n del mestizaje del que se habla con orgullo. \u00bfQu\u00e9 mecanismos construyen estos relatos? \u00bfC\u00f3mo se convierte en categor\u00eda pol\u00edtica la mezcla de culturas y poblaciones? En esta conferencia, la ling\u00fcista, escritora e investigadora Y\u00e1snaya Elena A. Gil, referente en la defensa de la diversidad ling\u00fc\u00edstica y cultural, reflexiona sobre la necesidad de establecer \u201clos procesos de mezcla\u201d como una categor\u00eda distinta a \u201clos procesos de mestizaje\u201d. Esta actividad forma parte de Resident CCCB, el programa de residencias internacionales del CCCB en colaboraci\u00f3n con la UOC y con la financiaci\u00f3n de la Fundaci\u00f3n Privada MIR-PUIG.      <\/p>\n","protected":false},"excerpt":{"rendered":"<p>Uno de los mitos fundacionales de distintos pa\u00edses de Latinoam\u00e9rica ha sido la integraci\u00f3n de sus poblaciones como naciones mestizas.<\/p>\n","protected":false},"featured_media":2794,"template":"","format":[211],"meta":{"_acf_changed":false,"_et_pb_use_builder":"","_et_pb_old_content":"","_et_gb_content_width":""},"bloc-activitat":[],"data":[100],"eix":[126],"franja-horaria":[146],"tipus-activitat":[150],"class_list":["post-4357","activitat","type-activitat","status-publish","has-post-thumbnail","hentry","data-26-09-2025-es","eix-diversitat-cultural-linguistica-es","format-ponencia-es","franja-horaria-tarde-es","tipus-activitat-agora-civica-es"],"acf":[],"yoast_head":"<!-- This site is optimized with the Yoast SEO plugin v26.0 - https:\/\/yoast.com\/wordpress\/plugins\/seo\/ -->\n<title>El mito del mestizaje - \u00c0gora C\u00edvica<\/title>\n<meta name=\"robots\" content=\"index, follow, max-snippet:-1, max-image-preview:large, max-video-preview:-1\" \/>\n<link rel=\"canonical\" href=\"https:\/\/agoracivica.cat\/es\/activitat\/el-mito-del-mestizaje-diversidad-cultural-y-linguistica\/\" \/>\n<meta property=\"og:locale\" content=\"es_ES\" \/>\n<meta property=\"og:type\" content=\"article\" \/>\n<meta property=\"og:title\" content=\"El mito del mestizaje - \u00c0gora C\u00edvica\" \/>\n<meta property=\"og:description\" content=\"Uno de los mitos fundacionales de distintos pa\u00edses de Latinoam\u00e9rica ha sido la integraci\u00f3n de sus poblaciones como naciones mestizas.\" \/>\n<meta property=\"og:url\" content=\"https:\/\/agoracivica.cat\/es\/activitat\/el-mito-del-mestizaje-diversidad-cultural-y-linguistica\/\" \/>\n<meta property=\"og:site_name\" content=\"\u00c0gora C\u00edvica\" \/>\n<meta property=\"article:modified_time\" content=\"2025-09-04T13:03:02+00:00\" \/>\n<meta property=\"og:image\" content=\"https:\/\/agoracivica.cat\/wp-content\/uploads\/2025\/07\/Eix_diversitatcultural_linguistica.jpg\" \/>\n\t<meta property=\"og:image:width\" content=\"1080\" \/>\n\t<meta property=\"og:image:height\" content=\"1389\" \/>\n\t<meta property=\"og:image:type\" content=\"image\/jpeg\" \/>\n<meta name=\"twitter:card\" content=\"summary_large_image\" \/>\n<meta name=\"twitter:label1\" content=\"Tiempo de lectura\" \/>\n\t<meta name=\"twitter:data1\" content=\"1 minuto\" \/>\n<script type=\"application\/ld+json\" class=\"yoast-schema-graph\">{\"@context\":\"https:\/\/schema.org\",\"@graph\":[{\"@type\":\"WebPage\",\"@id\":\"https:\/\/agoracivica.cat\/es\/activitat\/el-mito-del-mestizaje-diversidad-cultural-y-linguistica\/\",\"url\":\"https:\/\/agoracivica.cat\/es\/activitat\/el-mito-del-mestizaje-diversidad-cultural-y-linguistica\/\",\"name\":\"El mito del mestizaje - \u00c0gora C\u00edvica\",\"isPartOf\":{\"@id\":\"https:\/\/agoracivica.cat\/#website\"},\"primaryImageOfPage\":{\"@id\":\"https:\/\/agoracivica.cat\/es\/activitat\/el-mito-del-mestizaje-diversidad-cultural-y-linguistica\/#primaryimage\"},\"image\":{\"@id\":\"https:\/\/agoracivica.cat\/es\/activitat\/el-mito-del-mestizaje-diversidad-cultural-y-linguistica\/#primaryimage\"},\"thumbnailUrl\":\"https:\/\/agoracivica.cat\/wp-content\/uploads\/2025\/07\/Eix_diversitatcultural_linguistica.jpg\",\"datePublished\":\"2025-07-30T12:25:49+00:00\",\"dateModified\":\"2025-09-04T13:03:02+00:00\",\"breadcrumb\":{\"@id\":\"https:\/\/agoracivica.cat\/es\/activitat\/el-mito-del-mestizaje-diversidad-cultural-y-linguistica\/#breadcrumb\"},\"inLanguage\":\"es\",\"potentialAction\":[{\"@type\":\"ReadAction\",\"target\":[\"https:\/\/agoracivica.cat\/es\/activitat\/el-mito-del-mestizaje-diversidad-cultural-y-linguistica\/\"]}]},{\"@type\":\"ImageObject\",\"inLanguage\":\"es\",\"@id\":\"https:\/\/agoracivica.cat\/es\/activitat\/el-mito-del-mestizaje-diversidad-cultural-y-linguistica\/#primaryimage\",\"url\":\"https:\/\/agoracivica.cat\/wp-content\/uploads\/2025\/07\/Eix_diversitatcultural_linguistica.jpg\",\"contentUrl\":\"https:\/\/agoracivica.cat\/wp-content\/uploads\/2025\/07\/Eix_diversitatcultural_linguistica.jpg\",\"width\":1080,\"height\":1389},{\"@type\":\"BreadcrumbList\",\"@id\":\"https:\/\/agoracivica.cat\/es\/activitat\/el-mito-del-mestizaje-diversidad-cultural-y-linguistica\/#breadcrumb\",\"itemListElement\":[{\"@type\":\"ListItem\",\"position\":1,\"name\":\"Inici\",\"item\":\"https:\/\/agoracivica.cat\/\"},{\"@type\":\"ListItem\",\"position\":2,\"name\":\"El mito del mestizaje\"}]},{\"@type\":\"WebSite\",\"@id\":\"https:\/\/agoracivica.cat\/#website\",\"url\":\"https:\/\/agoracivica.cat\/\",\"name\":\"\u00c0gora C\u00edvica\",\"description\":\"Programa d&#039;activitats\",\"publisher\":{\"@id\":\"https:\/\/agoracivica.cat\/#organization\"},\"potentialAction\":[{\"@type\":\"SearchAction\",\"target\":{\"@type\":\"EntryPoint\",\"urlTemplate\":\"https:\/\/agoracivica.cat\/?s={search_term_string}\"},\"query-input\":{\"@type\":\"PropertyValueSpecification\",\"valueRequired\":true,\"valueName\":\"search_term_string\"}}],\"inLanguage\":\"es\"},{\"@type\":\"Organization\",\"@id\":\"https:\/\/agoracivica.cat\/#organization\",\"name\":\"\u00c0gora C\u00edvica\",\"url\":\"https:\/\/agoracivica.cat\/\",\"logo\":{\"@type\":\"ImageObject\",\"inLanguage\":\"es\",\"@id\":\"https:\/\/agoracivica.cat\/#\/schema\/logo\/image\/\",\"url\":\"https:\/\/agoracivica.cat\/wp-content\/uploads\/2025\/05\/Grupo-51.svg\",\"contentUrl\":\"https:\/\/agoracivica.cat\/wp-content\/uploads\/2025\/05\/Grupo-51.svg\",\"width\":1,\"height\":1,\"caption\":\"\u00c0gora C\u00edvica\"},\"image\":{\"@id\":\"https:\/\/agoracivica.cat\/#\/schema\/logo\/image\/\"}}]}<\/script>\n<!-- \/ Yoast SEO plugin. -->","yoast_head_json":{"title":"El mito del mestizaje - \u00c0gora C\u00edvica","robots":{"index":"index","follow":"follow","max-snippet":"max-snippet:-1","max-image-preview":"max-image-preview:large","max-video-preview":"max-video-preview:-1"},"canonical":"https:\/\/agoracivica.cat\/es\/activitat\/el-mito-del-mestizaje-diversidad-cultural-y-linguistica\/","og_locale":"es_ES","og_type":"article","og_title":"El mito del mestizaje - \u00c0gora C\u00edvica","og_description":"Uno de los mitos fundacionales de distintos pa\u00edses de Latinoam\u00e9rica ha sido la integraci\u00f3n de sus poblaciones como naciones mestizas.","og_url":"https:\/\/agoracivica.cat\/es\/activitat\/el-mito-del-mestizaje-diversidad-cultural-y-linguistica\/","og_site_name":"\u00c0gora C\u00edvica","article_modified_time":"2025-09-04T13:03:02+00:00","og_image":[{"width":1080,"height":1389,"url":"https:\/\/agoracivica.cat\/wp-content\/uploads\/2025\/07\/Eix_diversitatcultural_linguistica.jpg","type":"image\/jpeg"}],"twitter_card":"summary_large_image","twitter_misc":{"Tiempo de lectura":"1 minuto"},"schema":{"@context":"https:\/\/schema.org","@graph":[{"@type":"WebPage","@id":"https:\/\/agoracivica.cat\/es\/activitat\/el-mito-del-mestizaje-diversidad-cultural-y-linguistica\/","url":"https:\/\/agoracivica.cat\/es\/activitat\/el-mito-del-mestizaje-diversidad-cultural-y-linguistica\/","name":"El mito del mestizaje - \u00c0gora C\u00edvica","isPartOf":{"@id":"https:\/\/agoracivica.cat\/#website"},"primaryImageOfPage":{"@id":"https:\/\/agoracivica.cat\/es\/activitat\/el-mito-del-mestizaje-diversidad-cultural-y-linguistica\/#primaryimage"},"image":{"@id":"https:\/\/agoracivica.cat\/es\/activitat\/el-mito-del-mestizaje-diversidad-cultural-y-linguistica\/#primaryimage"},"thumbnailUrl":"https:\/\/agoracivica.cat\/wp-content\/uploads\/2025\/07\/Eix_diversitatcultural_linguistica.jpg","datePublished":"2025-07-30T12:25:49+00:00","dateModified":"2025-09-04T13:03:02+00:00","breadcrumb":{"@id":"https:\/\/agoracivica.cat\/es\/activitat\/el-mito-del-mestizaje-diversidad-cultural-y-linguistica\/#breadcrumb"},"inLanguage":"es","potentialAction":[{"@type":"ReadAction","target":["https:\/\/agoracivica.cat\/es\/activitat\/el-mito-del-mestizaje-diversidad-cultural-y-linguistica\/"]}]},{"@type":"ImageObject","inLanguage":"es","@id":"https:\/\/agoracivica.cat\/es\/activitat\/el-mito-del-mestizaje-diversidad-cultural-y-linguistica\/#primaryimage","url":"https:\/\/agoracivica.cat\/wp-content\/uploads\/2025\/07\/Eix_diversitatcultural_linguistica.jpg","contentUrl":"https:\/\/agoracivica.cat\/wp-content\/uploads\/2025\/07\/Eix_diversitatcultural_linguistica.jpg","width":1080,"height":1389},{"@type":"BreadcrumbList","@id":"https:\/\/agoracivica.cat\/es\/activitat\/el-mito-del-mestizaje-diversidad-cultural-y-linguistica\/#breadcrumb","itemListElement":[{"@type":"ListItem","position":1,"name":"Inici","item":"https:\/\/agoracivica.cat\/"},{"@type":"ListItem","position":2,"name":"El mito del mestizaje"}]},{"@type":"WebSite","@id":"https:\/\/agoracivica.cat\/#website","url":"https:\/\/agoracivica.cat\/","name":"\u00c0gora C\u00edvica","description":"Programa d&#039;activitats","publisher":{"@id":"https:\/\/agoracivica.cat\/#organization"},"potentialAction":[{"@type":"SearchAction","target":{"@type":"EntryPoint","urlTemplate":"https:\/\/agoracivica.cat\/?s={search_term_string}"},"query-input":{"@type":"PropertyValueSpecification","valueRequired":true,"valueName":"search_term_string"}}],"inLanguage":"es"},{"@type":"Organization","@id":"https:\/\/agoracivica.cat\/#organization","name":"\u00c0gora C\u00edvica","url":"https:\/\/agoracivica.cat\/","logo":{"@type":"ImageObject","inLanguage":"es","@id":"https:\/\/agoracivica.cat\/#\/schema\/logo\/image\/","url":"https:\/\/agoracivica.cat\/wp-content\/uploads\/2025\/05\/Grupo-51.svg","contentUrl":"https:\/\/agoracivica.cat\/wp-content\/uploads\/2025\/05\/Grupo-51.svg","width":1,"height":1,"caption":"\u00c0gora C\u00edvica"},"image":{"@id":"https:\/\/agoracivica.cat\/#\/schema\/logo\/image\/"}}]}},"_links":{"self":[{"href":"https:\/\/agoracivica.cat\/es\/wp-json\/wp\/v2\/activitat\/4357","targetHints":{"allow":["GET"]}}],"collection":[{"href":"https:\/\/agoracivica.cat\/es\/wp-json\/wp\/v2\/activitat"}],"about":[{"href":"https:\/\/agoracivica.cat\/es\/wp-json\/wp\/v2\/types\/activitat"}],"wp:featuredmedia":[{"embeddable":true,"href":"https:\/\/agoracivica.cat\/es\/wp-json\/wp\/v2\/media\/2794"}],"wp:attachment":[{"href":"https:\/\/agoracivica.cat\/es\/wp-json\/wp\/v2\/media?parent=4357"}],"wp:term":[{"taxonomy":"bloc-activitat","embeddable":true,"href":"https:\/\/agoracivica.cat\/es\/wp-json\/wp\/v2\/bloc-activitat?post=4357"},{"taxonomy":"data","embeddable":true,"href":"https:\/\/agoracivica.cat\/es\/wp-json\/wp\/v2\/data?post=4357"},{"taxonomy":"eix","embeddable":true,"href":"https:\/\/agoracivica.cat\/es\/wp-json\/wp\/v2\/eix?post=4357"},{"taxonomy":"format","embeddable":true,"href":"https:\/\/agoracivica.cat\/es\/wp-json\/wp\/v2\/format?post=4357"},{"taxonomy":"franja-horaria","embeddable":true,"href":"https:\/\/agoracivica.cat\/es\/wp-json\/wp\/v2\/franja-horaria?post=4357"},{"taxonomy":"tipus-activitat","embeddable":true,"href":"https:\/\/agoracivica.cat\/es\/wp-json\/wp\/v2\/tipus-activitat?post=4357"}],"curies":[{"name":"wp","href":"https:\/\/api.w.org\/{rel}","templated":true}]}}