{"id":5656,"date":"2025-08-19T07:47:00","date_gmt":"2025-08-19T07:47:00","guid":{"rendered":"https:\/\/agoracivica.cat\/activitat\/participacion-del-cuenca-a-la-reunion-de-miembros-de-ifacca-y-recepcion-institucional-de-bienvenida-en-el-marco-de-mondiacult\/"},"modified":"2025-09-25T13:56:42","modified_gmt":"2025-09-25T13:56:42","slug":"participacion-del-cuenca-a-la-reunion-de-miembros-de-ifacca-y-recepcion-institucional-de-bienvenida-en-el-marco-de-mondiacult","status":"publish","type":"activitat","link":"https:\/\/agoracivica.cat\/es\/activitat\/participacion-del-cuenca-a-la-reunion-de-miembros-de-ifacca-y-recepcion-institucional-de-bienvenida-en-el-marco-de-mondiacult\/","title":{"rendered":"Reuniones plenarias y reuniones de los cap\u00edtulos regionales de IFACCA"},"content":{"rendered":"<p>En el marco de Mondiacult 2025 y el \u00c1gora en Red, la Federaci\u00f3n Internacional de Consejos de las Artes y Agencias Culturales (IFACCA) celebrar\u00e1 varias reuniones en Barcelona, entre las que habr\u00e1 sesiones plenarias y encuentros de sus diversos cap\u00edtulos regionales. El Consejo Nacional de la Cultura y de las Artes de Catalu\u00f1a (CoNCA), que es miembro afiliado activo de IFACCA desde 2009, participar\u00e1 en el encuentro y presentar\u00e1, durante la sesi\u00f3n plenaria final, su l\u00ednea de trabajo sobre las artes y la educaci\u00f3n. Estas actividades cuentan con el apoyo del CoNCA y el Ministerio de Cultura. La asistencia est\u00e1 reservada \u00fanicamente a los miembros de IFACCA.    <\/p>\n","protected":false},"excerpt":{"rendered":"<p>En el marco de Mondiacult 2025 y el \u00c1gora en Red, la Federaci\u00f3n Internacional de Consejos de las Artes y Agencias Culturales (IFACCA) celebrar\u00e1 varias reuniones en Barcelona, entre las que habr\u00e1 sesiones plenarias y encuentros de sus diversos cap\u00edtulos regionales.<\/p>\n","protected":false},"featured_media":2779,"template":"","format":[],"meta":{"_acf_changed":false,"_et_pb_use_builder":"","_et_pb_old_content":"","_et_gb_content_width":""},"bloc-activitat":[254],"data":[259],"eix":[115],"franja-horaria":[146],"tipus-activitat":[154],"class_list":["post-5656","activitat","type-activitat","status-publish","has-post-thumbnail","hentry","bloc-activitat-en-red","data-28-09-2025-es","eix-otros","franja-horaria-tarde-es","tipus-activitat-agora-en-xarxa-es"],"acf":[],"yoast_head":"<!-- This site is optimized with the Yoast SEO plugin v26.0 - https:\/\/yoast.com\/wordpress\/plugins\/seo\/ -->\n<title>Reuniones plenarias y reuniones de los cap\u00edtulos regionales de IFACCA - \u00c0gora C\u00edvica<\/title>\n<meta name=\"robots\" content=\"index, follow, max-snippet:-1, max-image-preview:large, max-video-preview:-1\" \/>\n<link rel=\"canonical\" href=\"https:\/\/agoracivica.cat\/es\/activitat\/participacion-del-cuenca-a-la-reunion-de-miembros-de-ifacca-y-recepcion-institucional-de-bienvenida-en-el-marco-de-mondiacult\/\" \/>\n<meta property=\"og:locale\" content=\"es_ES\" \/>\n<meta property=\"og:type\" content=\"article\" \/>\n<meta property=\"og:title\" content=\"Reuniones plenarias y reuniones de los cap\u00edtulos regionales de IFACCA - \u00c0gora C\u00edvica\" \/>\n<meta property=\"og:description\" content=\"En el marco de Mondiacult 2025 y el \u00c1gora en Red, la Federaci\u00f3n Internacional de Consejos de las Artes y Agencias Culturales (IFACCA) celebrar\u00e1 varias reuniones en Barcelona, entre las que habr\u00e1 sesiones plenarias y encuentros de sus diversos cap\u00edtulos regionales.\" \/>\n<meta property=\"og:url\" content=\"https:\/\/agoracivica.cat\/es\/activitat\/participacion-del-cuenca-a-la-reunion-de-miembros-de-ifacca-y-recepcion-institucional-de-bienvenida-en-el-marco-de-mondiacult\/\" \/>\n<meta property=\"og:site_name\" content=\"\u00c0gora C\u00edvica\" \/>\n<meta property=\"article:modified_time\" content=\"2025-09-25T13:56:42+00:00\" \/>\n<meta property=\"og:image\" content=\"https:\/\/agoracivica.cat\/wp-content\/uploads\/2025\/07\/Eix_Altres.jpg\" \/>\n\t<meta property=\"og:image:width\" content=\"1080\" \/>\n\t<meta property=\"og:image:height\" content=\"1389\" \/>\n\t<meta property=\"og:image:type\" content=\"image\/jpeg\" \/>\n<meta name=\"twitter:card\" content=\"summary_large_image\" \/>\n<meta name=\"twitter:label1\" content=\"Tiempo de lectura\" \/>\n\t<meta name=\"twitter:data1\" content=\"1 minuto\" \/>\n<script type=\"application\/ld+json\" class=\"yoast-schema-graph\">{\"@context\":\"https:\/\/schema.org\",\"@graph\":[{\"@type\":\"WebPage\",\"@id\":\"https:\/\/agoracivica.cat\/es\/activitat\/participacion-del-cuenca-a-la-reunion-de-miembros-de-ifacca-y-recepcion-institucional-de-bienvenida-en-el-marco-de-mondiacult\/\",\"url\":\"https:\/\/agoracivica.cat\/es\/activitat\/participacion-del-cuenca-a-la-reunion-de-miembros-de-ifacca-y-recepcion-institucional-de-bienvenida-en-el-marco-de-mondiacult\/\",\"name\":\"Reuniones plenarias y reuniones de los cap\u00edtulos regionales de IFACCA - \u00c0gora C\u00edvica\",\"isPartOf\":{\"@id\":\"https:\/\/agoracivica.cat\/#website\"},\"primaryImageOfPage\":{\"@id\":\"https:\/\/agoracivica.cat\/es\/activitat\/participacion-del-cuenca-a-la-reunion-de-miembros-de-ifacca-y-recepcion-institucional-de-bienvenida-en-el-marco-de-mondiacult\/#primaryimage\"},\"image\":{\"@id\":\"https:\/\/agoracivica.cat\/es\/activitat\/participacion-del-cuenca-a-la-reunion-de-miembros-de-ifacca-y-recepcion-institucional-de-bienvenida-en-el-marco-de-mondiacult\/#primaryimage\"},\"thumbnailUrl\":\"https:\/\/agoracivica.cat\/wp-content\/uploads\/2025\/07\/Eix_Altres.jpg\",\"datePublished\":\"2025-08-19T07:47:00+00:00\",\"dateModified\":\"2025-09-25T13:56:42+00:00\",\"breadcrumb\":{\"@id\":\"https:\/\/agoracivica.cat\/es\/activitat\/participacion-del-cuenca-a-la-reunion-de-miembros-de-ifacca-y-recepcion-institucional-de-bienvenida-en-el-marco-de-mondiacult\/#breadcrumb\"},\"inLanguage\":\"es\",\"potentialAction\":[{\"@type\":\"ReadAction\",\"target\":[\"https:\/\/agoracivica.cat\/es\/activitat\/participacion-del-cuenca-a-la-reunion-de-miembros-de-ifacca-y-recepcion-institucional-de-bienvenida-en-el-marco-de-mondiacult\/\"]}]},{\"@type\":\"ImageObject\",\"inLanguage\":\"es\",\"@id\":\"https:\/\/agoracivica.cat\/es\/activitat\/participacion-del-cuenca-a-la-reunion-de-miembros-de-ifacca-y-recepcion-institucional-de-bienvenida-en-el-marco-de-mondiacult\/#primaryimage\",\"url\":\"https:\/\/agoracivica.cat\/wp-content\/uploads\/2025\/07\/Eix_Altres.jpg\",\"contentUrl\":\"https:\/\/agoracivica.cat\/wp-content\/uploads\/2025\/07\/Eix_Altres.jpg\",\"width\":1080,\"height\":1389},{\"@type\":\"BreadcrumbList\",\"@id\":\"https:\/\/agoracivica.cat\/es\/activitat\/participacion-del-cuenca-a-la-reunion-de-miembros-de-ifacca-y-recepcion-institucional-de-bienvenida-en-el-marco-de-mondiacult\/#breadcrumb\",\"itemListElement\":[{\"@type\":\"ListItem\",\"position\":1,\"name\":\"Inici\",\"item\":\"https:\/\/agoracivica.cat\/\"},{\"@type\":\"ListItem\",\"position\":2,\"name\":\"Reuniones plenarias y reuniones de los cap\u00edtulos regionales de IFACCA\"}]},{\"@type\":\"WebSite\",\"@id\":\"https:\/\/agoracivica.cat\/#website\",\"url\":\"https:\/\/agoracivica.cat\/\",\"name\":\"\u00c0gora C\u00edvica\",\"description\":\"Programa d&#039;activitats\",\"publisher\":{\"@id\":\"https:\/\/agoracivica.cat\/#organization\"},\"potentialAction\":[{\"@type\":\"SearchAction\",\"target\":{\"@type\":\"EntryPoint\",\"urlTemplate\":\"https:\/\/agoracivica.cat\/?s={search_term_string}\"},\"query-input\":{\"@type\":\"PropertyValueSpecification\",\"valueRequired\":true,\"valueName\":\"search_term_string\"}}],\"inLanguage\":\"es\"},{\"@type\":\"Organization\",\"@id\":\"https:\/\/agoracivica.cat\/#organization\",\"name\":\"\u00c0gora C\u00edvica\",\"url\":\"https:\/\/agoracivica.cat\/\",\"logo\":{\"@type\":\"ImageObject\",\"inLanguage\":\"es\",\"@id\":\"https:\/\/agoracivica.cat\/#\/schema\/logo\/image\/\",\"url\":\"https:\/\/agoracivica.cat\/wp-content\/uploads\/2025\/05\/Grupo-51.svg\",\"contentUrl\":\"https:\/\/agoracivica.cat\/wp-content\/uploads\/2025\/05\/Grupo-51.svg\",\"width\":1,\"height\":1,\"caption\":\"\u00c0gora C\u00edvica\"},\"image\":{\"@id\":\"https:\/\/agoracivica.cat\/#\/schema\/logo\/image\/\"}}]}<\/script>\n<!-- \/ Yoast SEO plugin. -->","yoast_head_json":{"title":"Reuniones plenarias y reuniones de los cap\u00edtulos regionales de IFACCA - \u00c0gora C\u00edvica","robots":{"index":"index","follow":"follow","max-snippet":"max-snippet:-1","max-image-preview":"max-image-preview:large","max-video-preview":"max-video-preview:-1"},"canonical":"https:\/\/agoracivica.cat\/es\/activitat\/participacion-del-cuenca-a-la-reunion-de-miembros-de-ifacca-y-recepcion-institucional-de-bienvenida-en-el-marco-de-mondiacult\/","og_locale":"es_ES","og_type":"article","og_title":"Reuniones plenarias y reuniones de los cap\u00edtulos regionales de IFACCA - \u00c0gora C\u00edvica","og_description":"En el marco de Mondiacult 2025 y el \u00c1gora en Red, la Federaci\u00f3n Internacional de Consejos de las Artes y Agencias Culturales (IFACCA) celebrar\u00e1 varias reuniones en Barcelona, entre las que habr\u00e1 sesiones plenarias y encuentros de sus diversos cap\u00edtulos regionales.","og_url":"https:\/\/agoracivica.cat\/es\/activitat\/participacion-del-cuenca-a-la-reunion-de-miembros-de-ifacca-y-recepcion-institucional-de-bienvenida-en-el-marco-de-mondiacult\/","og_site_name":"\u00c0gora C\u00edvica","article_modified_time":"2025-09-25T13:56:42+00:00","og_image":[{"width":1080,"height":1389,"url":"https:\/\/agoracivica.cat\/wp-content\/uploads\/2025\/07\/Eix_Altres.jpg","type":"image\/jpeg"}],"twitter_card":"summary_large_image","twitter_misc":{"Tiempo de lectura":"1 minuto"},"schema":{"@context":"https:\/\/schema.org","@graph":[{"@type":"WebPage","@id":"https:\/\/agoracivica.cat\/es\/activitat\/participacion-del-cuenca-a-la-reunion-de-miembros-de-ifacca-y-recepcion-institucional-de-bienvenida-en-el-marco-de-mondiacult\/","url":"https:\/\/agoracivica.cat\/es\/activitat\/participacion-del-cuenca-a-la-reunion-de-miembros-de-ifacca-y-recepcion-institucional-de-bienvenida-en-el-marco-de-mondiacult\/","name":"Reuniones plenarias y reuniones de los cap\u00edtulos regionales de IFACCA - \u00c0gora C\u00edvica","isPartOf":{"@id":"https:\/\/agoracivica.cat\/#website"},"primaryImageOfPage":{"@id":"https:\/\/agoracivica.cat\/es\/activitat\/participacion-del-cuenca-a-la-reunion-de-miembros-de-ifacca-y-recepcion-institucional-de-bienvenida-en-el-marco-de-mondiacult\/#primaryimage"},"image":{"@id":"https:\/\/agoracivica.cat\/es\/activitat\/participacion-del-cuenca-a-la-reunion-de-miembros-de-ifacca-y-recepcion-institucional-de-bienvenida-en-el-marco-de-mondiacult\/#primaryimage"},"thumbnailUrl":"https:\/\/agoracivica.cat\/wp-content\/uploads\/2025\/07\/Eix_Altres.jpg","datePublished":"2025-08-19T07:47:00+00:00","dateModified":"2025-09-25T13:56:42+00:00","breadcrumb":{"@id":"https:\/\/agoracivica.cat\/es\/activitat\/participacion-del-cuenca-a-la-reunion-de-miembros-de-ifacca-y-recepcion-institucional-de-bienvenida-en-el-marco-de-mondiacult\/#breadcrumb"},"inLanguage":"es","potentialAction":[{"@type":"ReadAction","target":["https:\/\/agoracivica.cat\/es\/activitat\/participacion-del-cuenca-a-la-reunion-de-miembros-de-ifacca-y-recepcion-institucional-de-bienvenida-en-el-marco-de-mondiacult\/"]}]},{"@type":"ImageObject","inLanguage":"es","@id":"https:\/\/agoracivica.cat\/es\/activitat\/participacion-del-cuenca-a-la-reunion-de-miembros-de-ifacca-y-recepcion-institucional-de-bienvenida-en-el-marco-de-mondiacult\/#primaryimage","url":"https:\/\/agoracivica.cat\/wp-content\/uploads\/2025\/07\/Eix_Altres.jpg","contentUrl":"https:\/\/agoracivica.cat\/wp-content\/uploads\/2025\/07\/Eix_Altres.jpg","width":1080,"height":1389},{"@type":"BreadcrumbList","@id":"https:\/\/agoracivica.cat\/es\/activitat\/participacion-del-cuenca-a-la-reunion-de-miembros-de-ifacca-y-recepcion-institucional-de-bienvenida-en-el-marco-de-mondiacult\/#breadcrumb","itemListElement":[{"@type":"ListItem","position":1,"name":"Inici","item":"https:\/\/agoracivica.cat\/"},{"@type":"ListItem","position":2,"name":"Reuniones plenarias y reuniones de los cap\u00edtulos regionales de IFACCA"}]},{"@type":"WebSite","@id":"https:\/\/agoracivica.cat\/#website","url":"https:\/\/agoracivica.cat\/","name":"\u00c0gora C\u00edvica","description":"Programa d&#039;activitats","publisher":{"@id":"https:\/\/agoracivica.cat\/#organization"},"potentialAction":[{"@type":"SearchAction","target":{"@type":"EntryPoint","urlTemplate":"https:\/\/agoracivica.cat\/?s={search_term_string}"},"query-input":{"@type":"PropertyValueSpecification","valueRequired":true,"valueName":"search_term_string"}}],"inLanguage":"es"},{"@type":"Organization","@id":"https:\/\/agoracivica.cat\/#organization","name":"\u00c0gora C\u00edvica","url":"https:\/\/agoracivica.cat\/","logo":{"@type":"ImageObject","inLanguage":"es","@id":"https:\/\/agoracivica.cat\/#\/schema\/logo\/image\/","url":"https:\/\/agoracivica.cat\/wp-content\/uploads\/2025\/05\/Grupo-51.svg","contentUrl":"https:\/\/agoracivica.cat\/wp-content\/uploads\/2025\/05\/Grupo-51.svg","width":1,"height":1,"caption":"\u00c0gora C\u00edvica"},"image":{"@id":"https:\/\/agoracivica.cat\/#\/schema\/logo\/image\/"}}]}},"_links":{"self":[{"href":"https:\/\/agoracivica.cat\/es\/wp-json\/wp\/v2\/activitat\/5656","targetHints":{"allow":["GET"]}}],"collection":[{"href":"https:\/\/agoracivica.cat\/es\/wp-json\/wp\/v2\/activitat"}],"about":[{"href":"https:\/\/agoracivica.cat\/es\/wp-json\/wp\/v2\/types\/activitat"}],"wp:featuredmedia":[{"embeddable":true,"href":"https:\/\/agoracivica.cat\/es\/wp-json\/wp\/v2\/media\/2779"}],"wp:attachment":[{"href":"https:\/\/agoracivica.cat\/es\/wp-json\/wp\/v2\/media?parent=5656"}],"wp:term":[{"taxonomy":"bloc-activitat","embeddable":true,"href":"https:\/\/agoracivica.cat\/es\/wp-json\/wp\/v2\/bloc-activitat?post=5656"},{"taxonomy":"data","embeddable":true,"href":"https:\/\/agoracivica.cat\/es\/wp-json\/wp\/v2\/data?post=5656"},{"taxonomy":"eix","embeddable":true,"href":"https:\/\/agoracivica.cat\/es\/wp-json\/wp\/v2\/eix?post=5656"},{"taxonomy":"format","embeddable":true,"href":"https:\/\/agoracivica.cat\/es\/wp-json\/wp\/v2\/format?post=5656"},{"taxonomy":"franja-horaria","embeddable":true,"href":"https:\/\/agoracivica.cat\/es\/wp-json\/wp\/v2\/franja-horaria?post=5656"},{"taxonomy":"tipus-activitat","embeddable":true,"href":"https:\/\/agoracivica.cat\/es\/wp-json\/wp\/v2\/tipus-activitat?post=5656"}],"curies":[{"name":"wp","href":"https:\/\/api.w.org\/{rel}","templated":true}]}}