{"id":7906,"date":"2025-07-30T11:20:39","date_gmt":"2025-07-30T11:20:39","guid":{"rendered":"https:\/\/agoracivica.cat\/activitat\/culturas-en-resistencia-derechos-en-construccion-cabaret-de-proyectos-de-la-seleccion-culturopolis-2025\/"},"modified":"2025-09-23T14:42:00","modified_gmt":"2025-09-23T14:42:00","slug":"culturas-en-resistencia-derechos-en-construccion-cabaret-de-proyectos-de-la-seleccion-culturopolis-2025","status":"publish","type":"activitat","link":"https:\/\/agoracivica.cat\/es\/activitat\/culturas-en-resistencia-derechos-en-construccion-cabaret-de-proyectos-de-la-seleccion-culturopolis-2025\/","title":{"rendered":"Culturas en resistencia, derechos en construcci\u00f3n. Cabaret de proyectos de la selecci\u00f3n Culturopolis 2025"},"content":{"rendered":"<p>\u00bfC\u00f3mo se conectan la cultura y la vivienda? \u00bfY la salud, la migraci\u00f3n, la descentralizaci\u00f3n, el feminismo o la acci\u00f3n comunitaria? Esta actividad re\u00fane una selecci\u00f3n de proyectos que, desde diversos territorios y pr\u00e1cticas, articulan la cultura como herramienta para la transformaci\u00f3n social y como un espacio desde el cual defender otros derechos fundamentales. Son iniciativas que dan vida a los principios y art\u00edculos recogidos en la Declaraci\u00f3n de Barcelona por los Derechos Culturales, y que ejemplifican c\u00f3mo estos derechos toman forma desde la pr\u00e1ctica. El formato ser\u00e1 el de pechakucha, una din\u00e1mica \u00e1gil de presentaci\u00f3n que combina 20 im\u00e1genes con 20 segundos por diapositiva. Cada proyecto dispondr\u00e1 de poco m\u00e1s de 10 minutos para explicarse, recreando un cabaret de iniciativas transformadoras.     <\/p>\n","protected":false},"excerpt":{"rendered":"<p>Esta actividad re\u00fane una selecci\u00f3n de proyectos que, desde diversos territorios y pr\u00e1cticas, articulan la cultura como herramienta para la transformaci\u00f3n social y como un espacio desde el cual defender otros derechos fundamentales.<\/p>\n","protected":false},"featured_media":2779,"template":"","format":[203],"meta":{"_acf_changed":false,"_et_pb_use_builder":"","_et_pb_old_content":"","_et_gb_content_width":""},"bloc-activitat":[],"data":[110],"eix":[115],"franja-horaria":[146],"tipus-activitat":[150],"class_list":["post-7906","activitat","type-activitat","status-publish","has-post-thumbnail","hentry","data-30-09-2025-es","eix-otros","format-muestra","franja-horaria-tarde-es","tipus-activitat-agora-civica-es"],"acf":[],"yoast_head":"<!-- This site is optimized with the Yoast SEO plugin v26.0 - https:\/\/yoast.com\/wordpress\/plugins\/seo\/ -->\n<title>Culturas en resistencia, derechos en construcci\u00f3n. Cabaret de proyectos de la selecci\u00f3n Culturopolis 2025 - \u00c0gora C\u00edvica<\/title>\n<meta name=\"robots\" content=\"index, follow, max-snippet:-1, max-image-preview:large, max-video-preview:-1\" \/>\n<link rel=\"canonical\" href=\"https:\/\/agoracivica.cat\/es\/activitat\/culturas-en-resistencia-derechos-en-construccion-cabaret-de-proyectos-de-la-seleccion-culturopolis-2025\/\" \/>\n<meta property=\"og:locale\" content=\"es_ES\" \/>\n<meta property=\"og:type\" content=\"article\" \/>\n<meta property=\"og:title\" content=\"Culturas en resistencia, derechos en construcci\u00f3n. Cabaret de proyectos de la selecci\u00f3n Culturopolis 2025 - \u00c0gora C\u00edvica\" \/>\n<meta property=\"og:description\" content=\"Esta actividad re\u00fane una selecci\u00f3n de proyectos que, desde diversos territorios y pr\u00e1cticas, articulan la cultura como herramienta para la transformaci\u00f3n social y como un espacio desde el cual defender otros derechos fundamentales.\" \/>\n<meta property=\"og:url\" content=\"https:\/\/agoracivica.cat\/es\/activitat\/culturas-en-resistencia-derechos-en-construccion-cabaret-de-proyectos-de-la-seleccion-culturopolis-2025\/\" \/>\n<meta property=\"og:site_name\" content=\"\u00c0gora C\u00edvica\" \/>\n<meta property=\"article:modified_time\" content=\"2025-09-23T14:42:00+00:00\" \/>\n<meta property=\"og:image\" content=\"https:\/\/agoracivica.cat\/wp-content\/uploads\/2025\/07\/Eix_Altres.jpg\" \/>\n\t<meta property=\"og:image:width\" content=\"1080\" \/>\n\t<meta property=\"og:image:height\" content=\"1389\" \/>\n\t<meta property=\"og:image:type\" content=\"image\/jpeg\" \/>\n<meta name=\"twitter:card\" content=\"summary_large_image\" \/>\n<meta name=\"twitter:label1\" content=\"Tiempo de lectura\" \/>\n\t<meta name=\"twitter:data1\" content=\"1 minuto\" \/>\n<script type=\"application\/ld+json\" class=\"yoast-schema-graph\">{\"@context\":\"https:\/\/schema.org\",\"@graph\":[{\"@type\":\"WebPage\",\"@id\":\"https:\/\/agoracivica.cat\/es\/activitat\/culturas-en-resistencia-derechos-en-construccion-cabaret-de-proyectos-de-la-seleccion-culturopolis-2025\/\",\"url\":\"https:\/\/agoracivica.cat\/es\/activitat\/culturas-en-resistencia-derechos-en-construccion-cabaret-de-proyectos-de-la-seleccion-culturopolis-2025\/\",\"name\":\"Culturas en resistencia, derechos en construcci\u00f3n. Cabaret de proyectos de la selecci\u00f3n Culturopolis 2025 - \u00c0gora C\u00edvica\",\"isPartOf\":{\"@id\":\"https:\/\/agoracivica.cat\/#website\"},\"primaryImageOfPage\":{\"@id\":\"https:\/\/agoracivica.cat\/es\/activitat\/culturas-en-resistencia-derechos-en-construccion-cabaret-de-proyectos-de-la-seleccion-culturopolis-2025\/#primaryimage\"},\"image\":{\"@id\":\"https:\/\/agoracivica.cat\/es\/activitat\/culturas-en-resistencia-derechos-en-construccion-cabaret-de-proyectos-de-la-seleccion-culturopolis-2025\/#primaryimage\"},\"thumbnailUrl\":\"https:\/\/agoracivica.cat\/wp-content\/uploads\/2025\/07\/Eix_Altres.jpg\",\"datePublished\":\"2025-07-30T11:20:39+00:00\",\"dateModified\":\"2025-09-23T14:42:00+00:00\",\"breadcrumb\":{\"@id\":\"https:\/\/agoracivica.cat\/es\/activitat\/culturas-en-resistencia-derechos-en-construccion-cabaret-de-proyectos-de-la-seleccion-culturopolis-2025\/#breadcrumb\"},\"inLanguage\":\"es\",\"potentialAction\":[{\"@type\":\"ReadAction\",\"target\":[\"https:\/\/agoracivica.cat\/es\/activitat\/culturas-en-resistencia-derechos-en-construccion-cabaret-de-proyectos-de-la-seleccion-culturopolis-2025\/\"]}]},{\"@type\":\"ImageObject\",\"inLanguage\":\"es\",\"@id\":\"https:\/\/agoracivica.cat\/es\/activitat\/culturas-en-resistencia-derechos-en-construccion-cabaret-de-proyectos-de-la-seleccion-culturopolis-2025\/#primaryimage\",\"url\":\"https:\/\/agoracivica.cat\/wp-content\/uploads\/2025\/07\/Eix_Altres.jpg\",\"contentUrl\":\"https:\/\/agoracivica.cat\/wp-content\/uploads\/2025\/07\/Eix_Altres.jpg\",\"width\":1080,\"height\":1389},{\"@type\":\"BreadcrumbList\",\"@id\":\"https:\/\/agoracivica.cat\/es\/activitat\/culturas-en-resistencia-derechos-en-construccion-cabaret-de-proyectos-de-la-seleccion-culturopolis-2025\/#breadcrumb\",\"itemListElement\":[{\"@type\":\"ListItem\",\"position\":1,\"name\":\"Inici\",\"item\":\"https:\/\/agoracivica.cat\/\"},{\"@type\":\"ListItem\",\"position\":2,\"name\":\"Culturas en resistencia, derechos en construcci\u00f3n. Cabaret de proyectos de la selecci\u00f3n Culturopolis 2025\"}]},{\"@type\":\"WebSite\",\"@id\":\"https:\/\/agoracivica.cat\/#website\",\"url\":\"https:\/\/agoracivica.cat\/\",\"name\":\"\u00c0gora C\u00edvica\",\"description\":\"Programa d&#039;activitats\",\"publisher\":{\"@id\":\"https:\/\/agoracivica.cat\/#organization\"},\"potentialAction\":[{\"@type\":\"SearchAction\",\"target\":{\"@type\":\"EntryPoint\",\"urlTemplate\":\"https:\/\/agoracivica.cat\/?s={search_term_string}\"},\"query-input\":{\"@type\":\"PropertyValueSpecification\",\"valueRequired\":true,\"valueName\":\"search_term_string\"}}],\"inLanguage\":\"es\"},{\"@type\":\"Organization\",\"@id\":\"https:\/\/agoracivica.cat\/#organization\",\"name\":\"\u00c0gora C\u00edvica\",\"url\":\"https:\/\/agoracivica.cat\/\",\"logo\":{\"@type\":\"ImageObject\",\"inLanguage\":\"es\",\"@id\":\"https:\/\/agoracivica.cat\/#\/schema\/logo\/image\/\",\"url\":\"https:\/\/agoracivica.cat\/wp-content\/uploads\/2025\/05\/Grupo-51.svg\",\"contentUrl\":\"https:\/\/agoracivica.cat\/wp-content\/uploads\/2025\/05\/Grupo-51.svg\",\"width\":1,\"height\":1,\"caption\":\"\u00c0gora C\u00edvica\"},\"image\":{\"@id\":\"https:\/\/agoracivica.cat\/#\/schema\/logo\/image\/\"}}]}<\/script>\n<!-- \/ Yoast SEO plugin. -->","yoast_head_json":{"title":"Culturas en resistencia, derechos en construcci\u00f3n. Cabaret de proyectos de la selecci\u00f3n Culturopolis 2025 - \u00c0gora C\u00edvica","robots":{"index":"index","follow":"follow","max-snippet":"max-snippet:-1","max-image-preview":"max-image-preview:large","max-video-preview":"max-video-preview:-1"},"canonical":"https:\/\/agoracivica.cat\/es\/activitat\/culturas-en-resistencia-derechos-en-construccion-cabaret-de-proyectos-de-la-seleccion-culturopolis-2025\/","og_locale":"es_ES","og_type":"article","og_title":"Culturas en resistencia, derechos en construcci\u00f3n. Cabaret de proyectos de la selecci\u00f3n Culturopolis 2025 - \u00c0gora C\u00edvica","og_description":"Esta actividad re\u00fane una selecci\u00f3n de proyectos que, desde diversos territorios y pr\u00e1cticas, articulan la cultura como herramienta para la transformaci\u00f3n social y como un espacio desde el cual defender otros derechos fundamentales.","og_url":"https:\/\/agoracivica.cat\/es\/activitat\/culturas-en-resistencia-derechos-en-construccion-cabaret-de-proyectos-de-la-seleccion-culturopolis-2025\/","og_site_name":"\u00c0gora C\u00edvica","article_modified_time":"2025-09-23T14:42:00+00:00","og_image":[{"width":1080,"height":1389,"url":"https:\/\/agoracivica.cat\/wp-content\/uploads\/2025\/07\/Eix_Altres.jpg","type":"image\/jpeg"}],"twitter_card":"summary_large_image","twitter_misc":{"Tiempo de lectura":"1 minuto"},"schema":{"@context":"https:\/\/schema.org","@graph":[{"@type":"WebPage","@id":"https:\/\/agoracivica.cat\/es\/activitat\/culturas-en-resistencia-derechos-en-construccion-cabaret-de-proyectos-de-la-seleccion-culturopolis-2025\/","url":"https:\/\/agoracivica.cat\/es\/activitat\/culturas-en-resistencia-derechos-en-construccion-cabaret-de-proyectos-de-la-seleccion-culturopolis-2025\/","name":"Culturas en resistencia, derechos en construcci\u00f3n. Cabaret de proyectos de la selecci\u00f3n Culturopolis 2025 - \u00c0gora C\u00edvica","isPartOf":{"@id":"https:\/\/agoracivica.cat\/#website"},"primaryImageOfPage":{"@id":"https:\/\/agoracivica.cat\/es\/activitat\/culturas-en-resistencia-derechos-en-construccion-cabaret-de-proyectos-de-la-seleccion-culturopolis-2025\/#primaryimage"},"image":{"@id":"https:\/\/agoracivica.cat\/es\/activitat\/culturas-en-resistencia-derechos-en-construccion-cabaret-de-proyectos-de-la-seleccion-culturopolis-2025\/#primaryimage"},"thumbnailUrl":"https:\/\/agoracivica.cat\/wp-content\/uploads\/2025\/07\/Eix_Altres.jpg","datePublished":"2025-07-30T11:20:39+00:00","dateModified":"2025-09-23T14:42:00+00:00","breadcrumb":{"@id":"https:\/\/agoracivica.cat\/es\/activitat\/culturas-en-resistencia-derechos-en-construccion-cabaret-de-proyectos-de-la-seleccion-culturopolis-2025\/#breadcrumb"},"inLanguage":"es","potentialAction":[{"@type":"ReadAction","target":["https:\/\/agoracivica.cat\/es\/activitat\/culturas-en-resistencia-derechos-en-construccion-cabaret-de-proyectos-de-la-seleccion-culturopolis-2025\/"]}]},{"@type":"ImageObject","inLanguage":"es","@id":"https:\/\/agoracivica.cat\/es\/activitat\/culturas-en-resistencia-derechos-en-construccion-cabaret-de-proyectos-de-la-seleccion-culturopolis-2025\/#primaryimage","url":"https:\/\/agoracivica.cat\/wp-content\/uploads\/2025\/07\/Eix_Altres.jpg","contentUrl":"https:\/\/agoracivica.cat\/wp-content\/uploads\/2025\/07\/Eix_Altres.jpg","width":1080,"height":1389},{"@type":"BreadcrumbList","@id":"https:\/\/agoracivica.cat\/es\/activitat\/culturas-en-resistencia-derechos-en-construccion-cabaret-de-proyectos-de-la-seleccion-culturopolis-2025\/#breadcrumb","itemListElement":[{"@type":"ListItem","position":1,"name":"Inici","item":"https:\/\/agoracivica.cat\/"},{"@type":"ListItem","position":2,"name":"Culturas en resistencia, derechos en construcci\u00f3n. Cabaret de proyectos de la selecci\u00f3n Culturopolis 2025"}]},{"@type":"WebSite","@id":"https:\/\/agoracivica.cat\/#website","url":"https:\/\/agoracivica.cat\/","name":"\u00c0gora C\u00edvica","description":"Programa d&#039;activitats","publisher":{"@id":"https:\/\/agoracivica.cat\/#organization"},"potentialAction":[{"@type":"SearchAction","target":{"@type":"EntryPoint","urlTemplate":"https:\/\/agoracivica.cat\/?s={search_term_string}"},"query-input":{"@type":"PropertyValueSpecification","valueRequired":true,"valueName":"search_term_string"}}],"inLanguage":"es"},{"@type":"Organization","@id":"https:\/\/agoracivica.cat\/#organization","name":"\u00c0gora C\u00edvica","url":"https:\/\/agoracivica.cat\/","logo":{"@type":"ImageObject","inLanguage":"es","@id":"https:\/\/agoracivica.cat\/#\/schema\/logo\/image\/","url":"https:\/\/agoracivica.cat\/wp-content\/uploads\/2025\/05\/Grupo-51.svg","contentUrl":"https:\/\/agoracivica.cat\/wp-content\/uploads\/2025\/05\/Grupo-51.svg","width":1,"height":1,"caption":"\u00c0gora C\u00edvica"},"image":{"@id":"https:\/\/agoracivica.cat\/#\/schema\/logo\/image\/"}}]}},"_links":{"self":[{"href":"https:\/\/agoracivica.cat\/es\/wp-json\/wp\/v2\/activitat\/7906","targetHints":{"allow":["GET"]}}],"collection":[{"href":"https:\/\/agoracivica.cat\/es\/wp-json\/wp\/v2\/activitat"}],"about":[{"href":"https:\/\/agoracivica.cat\/es\/wp-json\/wp\/v2\/types\/activitat"}],"wp:featuredmedia":[{"embeddable":true,"href":"https:\/\/agoracivica.cat\/es\/wp-json\/wp\/v2\/media\/2779"}],"wp:attachment":[{"href":"https:\/\/agoracivica.cat\/es\/wp-json\/wp\/v2\/media?parent=7906"}],"wp:term":[{"taxonomy":"bloc-activitat","embeddable":true,"href":"https:\/\/agoracivica.cat\/es\/wp-json\/wp\/v2\/bloc-activitat?post=7906"},{"taxonomy":"data","embeddable":true,"href":"https:\/\/agoracivica.cat\/es\/wp-json\/wp\/v2\/data?post=7906"},{"taxonomy":"eix","embeddable":true,"href":"https:\/\/agoracivica.cat\/es\/wp-json\/wp\/v2\/eix?post=7906"},{"taxonomy":"format","embeddable":true,"href":"https:\/\/agoracivica.cat\/es\/wp-json\/wp\/v2\/format?post=7906"},{"taxonomy":"franja-horaria","embeddable":true,"href":"https:\/\/agoracivica.cat\/es\/wp-json\/wp\/v2\/franja-horaria?post=7906"},{"taxonomy":"tipus-activitat","embeddable":true,"href":"https:\/\/agoracivica.cat\/es\/wp-json\/wp\/v2\/tipus-activitat?post=7906"}],"curies":[{"name":"wp","href":"https:\/\/api.w.org\/{rel}","templated":true}]}}