{"id":13608,"date":"2025-09-24T09:51:52","date_gmt":"2025-09-24T09:51:52","guid":{"rendered":"https:\/\/agoracivica.cat\/activitat\/presentation-de-culturacoop-et-de-ses-dix-commandements\/"},"modified":"2025-09-24T09:51:52","modified_gmt":"2025-09-24T09:51:52","slug":"presentation-de-culturacoop-et-de-ses-dix-commandements","status":"publish","type":"activitat","link":"https:\/\/agoracivica.cat\/fr\/activitat\/presentation-de-culturacoop-et-de-ses-dix-commandements\/","title":{"rendered":"Pr\u00e9sentation de CulturaCoop et de ses dix commandements"},"content":{"rendered":"<p>Pr\u00e9sentation de CulturaCoop, la section culturelle de la F\u00e9d\u00e9ration des coop\u00e9ratives de travail de Catalogne, et de ses dix commandements pour une culture transformatrice, enracin\u00e9e et respectueuse des droits. Les fondements d\u2019un mod\u00e8le culturel coop\u00e9ratif qui s\u2019engage en faveur de la d\u00e9centralisation, d\u2019un travail d\u00e9cent et de la participation collective seront au c\u0153ur du projet. Une invitation \u00e0 repenser les politiques culturelles \u00e0 partir d\u2019une perspective fond\u00e9e sur le coop\u00e9ratisme et l\u2019\u00e9conomie sociale  <\/p>\n","protected":false},"excerpt":{"rendered":"<p>Pr\u00e9sentation de CulturaCoop, la section culturelle de la F\u00e9d\u00e9ration des coop\u00e9ratives de travail de Catalogne, et de ses dix commandements pour une culture transformatrice, enracin\u00e9e et respectueuse des droits.<\/p>\n","protected":false},"featured_media":2777,"template":"","format":[213],"meta":{"_acf_changed":false,"_et_pb_use_builder":"","_et_pb_old_content":"","_et_gb_content_width":""},"bloc-activitat":[],"data":[107],"eix":[158],"franja-horaria":[148],"tipus-activitat":[152],"class_list":["post-13608","activitat","type-activitat","status-publish","has-post-thumbnail","hentry","data-30-09-2025-fr","eix-autres","format-presentation-fr","franja-horaria-apres-midi","tipus-activitat-agora-civica-fr"],"acf":[],"yoast_head":"<!-- This site is optimized with the Yoast SEO plugin v26.0 - https:\/\/yoast.com\/wordpress\/plugins\/seo\/ -->\n<title>Pr\u00e9sentation de CulturaCoop et de ses dix commandements - \u00c0gora C\u00edvica<\/title>\n<meta name=\"robots\" content=\"index, follow, max-snippet:-1, max-image-preview:large, max-video-preview:-1\" \/>\n<link rel=\"canonical\" href=\"https:\/\/agoracivica.cat\/activitat\/presentation-de-culturacoop-et-de-ses-dix-commandements\/\" \/>\n<meta property=\"og:locale\" content=\"fr_FR\" \/>\n<meta property=\"og:type\" content=\"article\" \/>\n<meta property=\"og:title\" content=\"Pr\u00e9sentation de CulturaCoop et de ses dix commandements - \u00c0gora C\u00edvica\" \/>\n<meta property=\"og:description\" content=\"Pr\u00e9sentation de CulturaCoop, la section culturelle de la F\u00e9d\u00e9ration des coop\u00e9ratives de travail de Catalogne, et de ses dix commandements pour une culture transformatrice, enracin\u00e9e et respectueuse des droits.\" \/>\n<meta property=\"og:url\" content=\"https:\/\/agoracivica.cat\/activitat\/presentation-de-culturacoop-et-de-ses-dix-commandements\/\" \/>\n<meta property=\"og:site_name\" content=\"\u00c0gora C\u00edvica\" \/>\n<meta name=\"twitter:card\" content=\"summary_large_image\" \/>\n<script type=\"application\/ld+json\" class=\"yoast-schema-graph\">{\"@context\":\"https:\/\/schema.org\",\"@graph\":[{\"@type\":\"WebPage\",\"@id\":\"https:\/\/agoracivica.cat\/activitat\/presentation-de-culturacoop-et-de-ses-dix-commandements\/\",\"url\":\"https:\/\/agoracivica.cat\/activitat\/presentation-de-culturacoop-et-de-ses-dix-commandements\/\",\"name\":\"Pr\u00e9sentation de CulturaCoop et de ses dix commandements - \u00c0gora C\u00edvica\",\"isPartOf\":{\"@id\":\"https:\/\/agoracivica.cat\/#website\"},\"primaryImageOfPage\":{\"@id\":\"https:\/\/agoracivica.cat\/activitat\/presentation-de-culturacoop-et-de-ses-dix-commandements\/#primaryimage\"},\"image\":{\"@id\":\"https:\/\/agoracivica.cat\/activitat\/presentation-de-culturacoop-et-de-ses-dix-commandements\/#primaryimage\"},\"thumbnailUrl\":\"https:\/\/agoracivica.cat\/wp-content\/uploads\/2025\/07\/Eix_Altres.jpg\",\"datePublished\":\"2025-09-24T09:51:52+00:00\",\"breadcrumb\":{\"@id\":\"https:\/\/agoracivica.cat\/activitat\/presentation-de-culturacoop-et-de-ses-dix-commandements\/#breadcrumb\"},\"inLanguage\":\"fr-FR\",\"potentialAction\":[{\"@type\":\"ReadAction\",\"target\":[\"https:\/\/agoracivica.cat\/activitat\/presentation-de-culturacoop-et-de-ses-dix-commandements\/\"]}]},{\"@type\":\"ImageObject\",\"inLanguage\":\"fr-FR\",\"@id\":\"https:\/\/agoracivica.cat\/activitat\/presentation-de-culturacoop-et-de-ses-dix-commandements\/#primaryimage\",\"url\":\"https:\/\/agoracivica.cat\/wp-content\/uploads\/2025\/07\/Eix_Altres.jpg\",\"contentUrl\":\"https:\/\/agoracivica.cat\/wp-content\/uploads\/2025\/07\/Eix_Altres.jpg\",\"width\":1080,\"height\":1389},{\"@type\":\"BreadcrumbList\",\"@id\":\"https:\/\/agoracivica.cat\/activitat\/presentation-de-culturacoop-et-de-ses-dix-commandements\/#breadcrumb\",\"itemListElement\":[{\"@type\":\"ListItem\",\"position\":1,\"name\":\"Inici\",\"item\":\"https:\/\/agoracivica.cat\/\"},{\"@type\":\"ListItem\",\"position\":2,\"name\":\"Pr\u00e9sentation de CulturaCoop et de ses dix commandements\"}]},{\"@type\":\"WebSite\",\"@id\":\"https:\/\/agoracivica.cat\/#website\",\"url\":\"https:\/\/agoracivica.cat\/\",\"name\":\"\u00c0gora C\u00edvica\",\"description\":\"Programa d&#039;activitats\",\"publisher\":{\"@id\":\"https:\/\/agoracivica.cat\/#organization\"},\"potentialAction\":[{\"@type\":\"SearchAction\",\"target\":{\"@type\":\"EntryPoint\",\"urlTemplate\":\"https:\/\/agoracivica.cat\/?s={search_term_string}\"},\"query-input\":{\"@type\":\"PropertyValueSpecification\",\"valueRequired\":true,\"valueName\":\"search_term_string\"}}],\"inLanguage\":\"fr-FR\"},{\"@type\":\"Organization\",\"@id\":\"https:\/\/agoracivica.cat\/#organization\",\"name\":\"\u00c0gora C\u00edvica\",\"url\":\"https:\/\/agoracivica.cat\/\",\"logo\":{\"@type\":\"ImageObject\",\"inLanguage\":\"fr-FR\",\"@id\":\"https:\/\/agoracivica.cat\/#\/schema\/logo\/image\/\",\"url\":\"https:\/\/agoracivica.cat\/wp-content\/uploads\/2025\/05\/Grupo-51.svg\",\"contentUrl\":\"https:\/\/agoracivica.cat\/wp-content\/uploads\/2025\/05\/Grupo-51.svg\",\"width\":1,\"height\":1,\"caption\":\"\u00c0gora C\u00edvica\"},\"image\":{\"@id\":\"https:\/\/agoracivica.cat\/#\/schema\/logo\/image\/\"}}]}<\/script>\n<!-- \/ Yoast SEO plugin. -->","yoast_head_json":{"title":"Pr\u00e9sentation de CulturaCoop et de ses dix commandements - \u00c0gora C\u00edvica","robots":{"index":"index","follow":"follow","max-snippet":"max-snippet:-1","max-image-preview":"max-image-preview:large","max-video-preview":"max-video-preview:-1"},"canonical":"https:\/\/agoracivica.cat\/activitat\/presentation-de-culturacoop-et-de-ses-dix-commandements\/","og_locale":"fr_FR","og_type":"article","og_title":"Pr\u00e9sentation de CulturaCoop et de ses dix commandements - \u00c0gora C\u00edvica","og_description":"Pr\u00e9sentation de CulturaCoop, la section culturelle de la F\u00e9d\u00e9ration des coop\u00e9ratives de travail de Catalogne, et de ses dix commandements pour une culture transformatrice, enracin\u00e9e et respectueuse des droits.","og_url":"https:\/\/agoracivica.cat\/activitat\/presentation-de-culturacoop-et-de-ses-dix-commandements\/","og_site_name":"\u00c0gora C\u00edvica","twitter_card":"summary_large_image","schema":{"@context":"https:\/\/schema.org","@graph":[{"@type":"WebPage","@id":"https:\/\/agoracivica.cat\/activitat\/presentation-de-culturacoop-et-de-ses-dix-commandements\/","url":"https:\/\/agoracivica.cat\/activitat\/presentation-de-culturacoop-et-de-ses-dix-commandements\/","name":"Pr\u00e9sentation de CulturaCoop et de ses dix commandements - \u00c0gora C\u00edvica","isPartOf":{"@id":"https:\/\/agoracivica.cat\/#website"},"primaryImageOfPage":{"@id":"https:\/\/agoracivica.cat\/activitat\/presentation-de-culturacoop-et-de-ses-dix-commandements\/#primaryimage"},"image":{"@id":"https:\/\/agoracivica.cat\/activitat\/presentation-de-culturacoop-et-de-ses-dix-commandements\/#primaryimage"},"thumbnailUrl":"https:\/\/agoracivica.cat\/wp-content\/uploads\/2025\/07\/Eix_Altres.jpg","datePublished":"2025-09-24T09:51:52+00:00","breadcrumb":{"@id":"https:\/\/agoracivica.cat\/activitat\/presentation-de-culturacoop-et-de-ses-dix-commandements\/#breadcrumb"},"inLanguage":"fr-FR","potentialAction":[{"@type":"ReadAction","target":["https:\/\/agoracivica.cat\/activitat\/presentation-de-culturacoop-et-de-ses-dix-commandements\/"]}]},{"@type":"ImageObject","inLanguage":"fr-FR","@id":"https:\/\/agoracivica.cat\/activitat\/presentation-de-culturacoop-et-de-ses-dix-commandements\/#primaryimage","url":"https:\/\/agoracivica.cat\/wp-content\/uploads\/2025\/07\/Eix_Altres.jpg","contentUrl":"https:\/\/agoracivica.cat\/wp-content\/uploads\/2025\/07\/Eix_Altres.jpg","width":1080,"height":1389},{"@type":"BreadcrumbList","@id":"https:\/\/agoracivica.cat\/activitat\/presentation-de-culturacoop-et-de-ses-dix-commandements\/#breadcrumb","itemListElement":[{"@type":"ListItem","position":1,"name":"Inici","item":"https:\/\/agoracivica.cat\/"},{"@type":"ListItem","position":2,"name":"Pr\u00e9sentation de CulturaCoop et de ses dix commandements"}]},{"@type":"WebSite","@id":"https:\/\/agoracivica.cat\/#website","url":"https:\/\/agoracivica.cat\/","name":"\u00c0gora C\u00edvica","description":"Programa d&#039;activitats","publisher":{"@id":"https:\/\/agoracivica.cat\/#organization"},"potentialAction":[{"@type":"SearchAction","target":{"@type":"EntryPoint","urlTemplate":"https:\/\/agoracivica.cat\/?s={search_term_string}"},"query-input":{"@type":"PropertyValueSpecification","valueRequired":true,"valueName":"search_term_string"}}],"inLanguage":"fr-FR"},{"@type":"Organization","@id":"https:\/\/agoracivica.cat\/#organization","name":"\u00c0gora C\u00edvica","url":"https:\/\/agoracivica.cat\/","logo":{"@type":"ImageObject","inLanguage":"fr-FR","@id":"https:\/\/agoracivica.cat\/#\/schema\/logo\/image\/","url":"https:\/\/agoracivica.cat\/wp-content\/uploads\/2025\/05\/Grupo-51.svg","contentUrl":"https:\/\/agoracivica.cat\/wp-content\/uploads\/2025\/05\/Grupo-51.svg","width":1,"height":1,"caption":"\u00c0gora C\u00edvica"},"image":{"@id":"https:\/\/agoracivica.cat\/#\/schema\/logo\/image\/"}}]}},"_links":{"self":[{"href":"https:\/\/agoracivica.cat\/fr\/wp-json\/wp\/v2\/activitat\/13608","targetHints":{"allow":["GET"]}}],"collection":[{"href":"https:\/\/agoracivica.cat\/fr\/wp-json\/wp\/v2\/activitat"}],"about":[{"href":"https:\/\/agoracivica.cat\/fr\/wp-json\/wp\/v2\/types\/activitat"}],"wp:featuredmedia":[{"embeddable":true,"href":"https:\/\/agoracivica.cat\/fr\/wp-json\/wp\/v2\/media\/2777"}],"wp:attachment":[{"href":"https:\/\/agoracivica.cat\/fr\/wp-json\/wp\/v2\/media?parent=13608"}],"wp:term":[{"taxonomy":"bloc-activitat","embeddable":true,"href":"https:\/\/agoracivica.cat\/fr\/wp-json\/wp\/v2\/bloc-activitat?post=13608"},{"taxonomy":"data","embeddable":true,"href":"https:\/\/agoracivica.cat\/fr\/wp-json\/wp\/v2\/data?post=13608"},{"taxonomy":"eix","embeddable":true,"href":"https:\/\/agoracivica.cat\/fr\/wp-json\/wp\/v2\/eix?post=13608"},{"taxonomy":"format","embeddable":true,"href":"https:\/\/agoracivica.cat\/fr\/wp-json\/wp\/v2\/format?post=13608"},{"taxonomy":"franja-horaria","embeddable":true,"href":"https:\/\/agoracivica.cat\/fr\/wp-json\/wp\/v2\/franja-horaria?post=13608"},{"taxonomy":"tipus-activitat","embeddable":true,"href":"https:\/\/agoracivica.cat\/fr\/wp-json\/wp\/v2\/tipus-activitat?post=13608"}],"curies":[{"name":"wp","href":"https:\/\/api.w.org\/{rel}","templated":true}]}}