{"id":3372,"date":"2025-07-27T13:56:21","date_gmt":"2025-07-27T13:56:21","guid":{"rendered":"https:\/\/agoracivica.cat\/activitat\/culture-catalane-en-transition-langue-creation-et-communaute\/"},"modified":"2025-09-05T11:13:28","modified_gmt":"2025-09-05T11:13:28","slug":"culture-catalane-en-transition-langue-creation-et-communaute","status":"publish","type":"activitat","link":"https:\/\/agoracivica.cat\/fr\/activitat\/culture-catalane-en-transition-langue-creation-et-communaute\/","title":{"rendered":"La culture catalane en transition : langue, cr\u00e9ation et communaut\u00e9 !"},"content":{"rendered":"<p>L\u2019id\u00e9e de la table ronde intitul\u00e9e \u00ab La culture catalane en transition : langue, cr\u00e9ation et communaut\u00e9 ! \u00bb est d\u2019ouvrir un espace de r\u00e9flexion sur les d\u00e9fis et les atouts de la culture catalane en cette p\u00e9riode marqu\u00e9e par de profonds changements sociaux, technologiques et linguistiques. Des questions cl\u00e9s seront abord\u00e9es, telles que la pr\u00e9servation et la revitalisation de la langue, les nouveaux mod\u00e8les de cr\u00e9ation et de production culturelles ainsi que la capacit\u00e9 \u00e0 cr\u00e9er une communaut\u00e9 dans des environnements de plus en plus mondialis\u00e9s et num\u00e9riques. L\u2019objectif consiste \u00e0 imaginer des strat\u00e9gies communes afin de garantir la vitalit\u00e9 culturelle du pays, en alliant tradition et innovation et en mettant institutions et cr\u00e9ateurs en relation, tout en adoptant une vision transformatrice et inclusive. Comment garantir la place centrale du catalan dans l\u2019\u00e9cosyst\u00e8me culturel du futur ? Quels accords faudrait-il conclure pour y parvenir collectivement ?    <\/p>\n","protected":false},"excerpt":{"rendered":"<p>L\u2019id\u00e9e de la table ronde intitul\u00e9e \u00ab La culture catalane en transition : langue, cr\u00e9ation et communaut\u00e9 ! \u00bb est d\u2019ouvrir un espace de r\u00e9flexion sur les d\u00e9fis et les atouts de la culture catalane en cette p\u00e9riode marqu\u00e9e par de profonds changements sociaux, technologiques et linguistiques.<\/p>\n","protected":false},"featured_media":2792,"template":"","format":[186],"meta":{"_acf_changed":false,"_et_pb_use_builder":"","_et_pb_old_content":"","_et_gb_content_width":""},"bloc-activitat":[],"data":[105],"eix":[128],"franja-horaria":[148],"tipus-activitat":[152],"class_list":["post-3372","activitat","type-activitat","status-publish","has-post-thumbnail","hentry","data-29-09-2025-fr","eix-diversite-culturelle-et-linguistique","format-debat-fr-2","franja-horaria-apres-midi","tipus-activitat-agora-civica-fr"],"acf":[],"yoast_head":"<!-- This site is optimized with the Yoast SEO plugin v26.0 - https:\/\/yoast.com\/wordpress\/plugins\/seo\/ -->\n<title>La culture catalane en transition : langue, cr\u00e9ation et communaut\u00e9 ! - \u00c0gora C\u00edvica<\/title>\n<meta name=\"robots\" content=\"index, follow, max-snippet:-1, max-image-preview:large, max-video-preview:-1\" \/>\n<link rel=\"canonical\" href=\"https:\/\/agoracivica.cat\/fr\/activitat\/culture-catalane-en-transition-langue-creation-et-communaute\/\" \/>\n<meta property=\"og:locale\" content=\"fr_FR\" \/>\n<meta property=\"og:type\" content=\"article\" \/>\n<meta property=\"og:title\" content=\"La culture catalane en transition : langue, cr\u00e9ation et communaut\u00e9 ! - \u00c0gora C\u00edvica\" \/>\n<meta property=\"og:description\" content=\"L\u2019id\u00e9e de la table ronde intitul\u00e9e \u00ab La culture catalane en transition : langue, cr\u00e9ation et communaut\u00e9 ! \u00bb est d\u2019ouvrir un espace de r\u00e9flexion sur les d\u00e9fis et les atouts de la culture catalane en cette p\u00e9riode marqu\u00e9e par de profonds changements sociaux, technologiques et linguistiques.\" \/>\n<meta property=\"og:url\" content=\"https:\/\/agoracivica.cat\/fr\/activitat\/culture-catalane-en-transition-langue-creation-et-communaute\/\" \/>\n<meta property=\"og:site_name\" content=\"\u00c0gora C\u00edvica\" \/>\n<meta property=\"article:modified_time\" content=\"2025-09-05T11:13:28+00:00\" \/>\n<meta property=\"og:image\" content=\"https:\/\/agoracivica.cat\/wp-content\/uploads\/2025\/07\/Eix_diversitatcultural_linguistica.jpg\" \/>\n\t<meta property=\"og:image:width\" content=\"1080\" \/>\n\t<meta property=\"og:image:height\" content=\"1389\" \/>\n\t<meta property=\"og:image:type\" content=\"image\/jpeg\" \/>\n<meta name=\"twitter:card\" content=\"summary_large_image\" \/>\n<meta name=\"twitter:label1\" content=\"Dur\u00e9e de lecture estim\u00e9e\" \/>\n\t<meta name=\"twitter:data1\" content=\"1 minute\" \/>\n<script type=\"application\/ld+json\" class=\"yoast-schema-graph\">{\"@context\":\"https:\/\/schema.org\",\"@graph\":[{\"@type\":\"WebPage\",\"@id\":\"https:\/\/agoracivica.cat\/fr\/activitat\/culture-catalane-en-transition-langue-creation-et-communaute\/\",\"url\":\"https:\/\/agoracivica.cat\/fr\/activitat\/culture-catalane-en-transition-langue-creation-et-communaute\/\",\"name\":\"La culture catalane en transition : langue, cr\u00e9ation et communaut\u00e9 ! - \u00c0gora C\u00edvica\",\"isPartOf\":{\"@id\":\"https:\/\/agoracivica.cat\/#website\"},\"primaryImageOfPage\":{\"@id\":\"https:\/\/agoracivica.cat\/fr\/activitat\/culture-catalane-en-transition-langue-creation-et-communaute\/#primaryimage\"},\"image\":{\"@id\":\"https:\/\/agoracivica.cat\/fr\/activitat\/culture-catalane-en-transition-langue-creation-et-communaute\/#primaryimage\"},\"thumbnailUrl\":\"https:\/\/agoracivica.cat\/wp-content\/uploads\/2025\/07\/Eix_diversitatcultural_linguistica.jpg\",\"datePublished\":\"2025-07-27T13:56:21+00:00\",\"dateModified\":\"2025-09-05T11:13:28+00:00\",\"breadcrumb\":{\"@id\":\"https:\/\/agoracivica.cat\/fr\/activitat\/culture-catalane-en-transition-langue-creation-et-communaute\/#breadcrumb\"},\"inLanguage\":\"fr-FR\",\"potentialAction\":[{\"@type\":\"ReadAction\",\"target\":[\"https:\/\/agoracivica.cat\/fr\/activitat\/culture-catalane-en-transition-langue-creation-et-communaute\/\"]}]},{\"@type\":\"ImageObject\",\"inLanguage\":\"fr-FR\",\"@id\":\"https:\/\/agoracivica.cat\/fr\/activitat\/culture-catalane-en-transition-langue-creation-et-communaute\/#primaryimage\",\"url\":\"https:\/\/agoracivica.cat\/wp-content\/uploads\/2025\/07\/Eix_diversitatcultural_linguistica.jpg\",\"contentUrl\":\"https:\/\/agoracivica.cat\/wp-content\/uploads\/2025\/07\/Eix_diversitatcultural_linguistica.jpg\",\"width\":1080,\"height\":1389},{\"@type\":\"BreadcrumbList\",\"@id\":\"https:\/\/agoracivica.cat\/fr\/activitat\/culture-catalane-en-transition-langue-creation-et-communaute\/#breadcrumb\",\"itemListElement\":[{\"@type\":\"ListItem\",\"position\":1,\"name\":\"Inici\",\"item\":\"https:\/\/agoracivica.cat\/\"},{\"@type\":\"ListItem\",\"position\":2,\"name\":\"La culture catalane en transition : langue, cr\u00e9ation et communaut\u00e9 !\"}]},{\"@type\":\"WebSite\",\"@id\":\"https:\/\/agoracivica.cat\/#website\",\"url\":\"https:\/\/agoracivica.cat\/\",\"name\":\"\u00c0gora C\u00edvica\",\"description\":\"Programa d&#039;activitats\",\"publisher\":{\"@id\":\"https:\/\/agoracivica.cat\/#organization\"},\"potentialAction\":[{\"@type\":\"SearchAction\",\"target\":{\"@type\":\"EntryPoint\",\"urlTemplate\":\"https:\/\/agoracivica.cat\/?s={search_term_string}\"},\"query-input\":{\"@type\":\"PropertyValueSpecification\",\"valueRequired\":true,\"valueName\":\"search_term_string\"}}],\"inLanguage\":\"fr-FR\"},{\"@type\":\"Organization\",\"@id\":\"https:\/\/agoracivica.cat\/#organization\",\"name\":\"\u00c0gora C\u00edvica\",\"url\":\"https:\/\/agoracivica.cat\/\",\"logo\":{\"@type\":\"ImageObject\",\"inLanguage\":\"fr-FR\",\"@id\":\"https:\/\/agoracivica.cat\/#\/schema\/logo\/image\/\",\"url\":\"https:\/\/agoracivica.cat\/wp-content\/uploads\/2025\/05\/Grupo-51.svg\",\"contentUrl\":\"https:\/\/agoracivica.cat\/wp-content\/uploads\/2025\/05\/Grupo-51.svg\",\"width\":1,\"height\":1,\"caption\":\"\u00c0gora C\u00edvica\"},\"image\":{\"@id\":\"https:\/\/agoracivica.cat\/#\/schema\/logo\/image\/\"}}]}<\/script>\n<!-- \/ Yoast SEO plugin. -->","yoast_head_json":{"title":"La culture catalane en transition : langue, cr\u00e9ation et communaut\u00e9 ! - \u00c0gora C\u00edvica","robots":{"index":"index","follow":"follow","max-snippet":"max-snippet:-1","max-image-preview":"max-image-preview:large","max-video-preview":"max-video-preview:-1"},"canonical":"https:\/\/agoracivica.cat\/fr\/activitat\/culture-catalane-en-transition-langue-creation-et-communaute\/","og_locale":"fr_FR","og_type":"article","og_title":"La culture catalane en transition : langue, cr\u00e9ation et communaut\u00e9 ! - \u00c0gora C\u00edvica","og_description":"L\u2019id\u00e9e de la table ronde intitul\u00e9e \u00ab La culture catalane en transition : langue, cr\u00e9ation et communaut\u00e9 ! \u00bb est d\u2019ouvrir un espace de r\u00e9flexion sur les d\u00e9fis et les atouts de la culture catalane en cette p\u00e9riode marqu\u00e9e par de profonds changements sociaux, technologiques et linguistiques.","og_url":"https:\/\/agoracivica.cat\/fr\/activitat\/culture-catalane-en-transition-langue-creation-et-communaute\/","og_site_name":"\u00c0gora C\u00edvica","article_modified_time":"2025-09-05T11:13:28+00:00","og_image":[{"width":1080,"height":1389,"url":"https:\/\/agoracivica.cat\/wp-content\/uploads\/2025\/07\/Eix_diversitatcultural_linguistica.jpg","type":"image\/jpeg"}],"twitter_card":"summary_large_image","twitter_misc":{"Dur\u00e9e de lecture estim\u00e9e":"1 minute"},"schema":{"@context":"https:\/\/schema.org","@graph":[{"@type":"WebPage","@id":"https:\/\/agoracivica.cat\/fr\/activitat\/culture-catalane-en-transition-langue-creation-et-communaute\/","url":"https:\/\/agoracivica.cat\/fr\/activitat\/culture-catalane-en-transition-langue-creation-et-communaute\/","name":"La culture catalane en transition : langue, cr\u00e9ation et communaut\u00e9 ! - \u00c0gora C\u00edvica","isPartOf":{"@id":"https:\/\/agoracivica.cat\/#website"},"primaryImageOfPage":{"@id":"https:\/\/agoracivica.cat\/fr\/activitat\/culture-catalane-en-transition-langue-creation-et-communaute\/#primaryimage"},"image":{"@id":"https:\/\/agoracivica.cat\/fr\/activitat\/culture-catalane-en-transition-langue-creation-et-communaute\/#primaryimage"},"thumbnailUrl":"https:\/\/agoracivica.cat\/wp-content\/uploads\/2025\/07\/Eix_diversitatcultural_linguistica.jpg","datePublished":"2025-07-27T13:56:21+00:00","dateModified":"2025-09-05T11:13:28+00:00","breadcrumb":{"@id":"https:\/\/agoracivica.cat\/fr\/activitat\/culture-catalane-en-transition-langue-creation-et-communaute\/#breadcrumb"},"inLanguage":"fr-FR","potentialAction":[{"@type":"ReadAction","target":["https:\/\/agoracivica.cat\/fr\/activitat\/culture-catalane-en-transition-langue-creation-et-communaute\/"]}]},{"@type":"ImageObject","inLanguage":"fr-FR","@id":"https:\/\/agoracivica.cat\/fr\/activitat\/culture-catalane-en-transition-langue-creation-et-communaute\/#primaryimage","url":"https:\/\/agoracivica.cat\/wp-content\/uploads\/2025\/07\/Eix_diversitatcultural_linguistica.jpg","contentUrl":"https:\/\/agoracivica.cat\/wp-content\/uploads\/2025\/07\/Eix_diversitatcultural_linguistica.jpg","width":1080,"height":1389},{"@type":"BreadcrumbList","@id":"https:\/\/agoracivica.cat\/fr\/activitat\/culture-catalane-en-transition-langue-creation-et-communaute\/#breadcrumb","itemListElement":[{"@type":"ListItem","position":1,"name":"Inici","item":"https:\/\/agoracivica.cat\/"},{"@type":"ListItem","position":2,"name":"La culture catalane en transition : langue, cr\u00e9ation et communaut\u00e9 !"}]},{"@type":"WebSite","@id":"https:\/\/agoracivica.cat\/#website","url":"https:\/\/agoracivica.cat\/","name":"\u00c0gora C\u00edvica","description":"Programa d&#039;activitats","publisher":{"@id":"https:\/\/agoracivica.cat\/#organization"},"potentialAction":[{"@type":"SearchAction","target":{"@type":"EntryPoint","urlTemplate":"https:\/\/agoracivica.cat\/?s={search_term_string}"},"query-input":{"@type":"PropertyValueSpecification","valueRequired":true,"valueName":"search_term_string"}}],"inLanguage":"fr-FR"},{"@type":"Organization","@id":"https:\/\/agoracivica.cat\/#organization","name":"\u00c0gora C\u00edvica","url":"https:\/\/agoracivica.cat\/","logo":{"@type":"ImageObject","inLanguage":"fr-FR","@id":"https:\/\/agoracivica.cat\/#\/schema\/logo\/image\/","url":"https:\/\/agoracivica.cat\/wp-content\/uploads\/2025\/05\/Grupo-51.svg","contentUrl":"https:\/\/agoracivica.cat\/wp-content\/uploads\/2025\/05\/Grupo-51.svg","width":1,"height":1,"caption":"\u00c0gora C\u00edvica"},"image":{"@id":"https:\/\/agoracivica.cat\/#\/schema\/logo\/image\/"}}]}},"_links":{"self":[{"href":"https:\/\/agoracivica.cat\/fr\/wp-json\/wp\/v2\/activitat\/3372","targetHints":{"allow":["GET"]}}],"collection":[{"href":"https:\/\/agoracivica.cat\/fr\/wp-json\/wp\/v2\/activitat"}],"about":[{"href":"https:\/\/agoracivica.cat\/fr\/wp-json\/wp\/v2\/types\/activitat"}],"wp:featuredmedia":[{"embeddable":true,"href":"https:\/\/agoracivica.cat\/fr\/wp-json\/wp\/v2\/media\/2792"}],"wp:attachment":[{"href":"https:\/\/agoracivica.cat\/fr\/wp-json\/wp\/v2\/media?parent=3372"}],"wp:term":[{"taxonomy":"bloc-activitat","embeddable":true,"href":"https:\/\/agoracivica.cat\/fr\/wp-json\/wp\/v2\/bloc-activitat?post=3372"},{"taxonomy":"data","embeddable":true,"href":"https:\/\/agoracivica.cat\/fr\/wp-json\/wp\/v2\/data?post=3372"},{"taxonomy":"eix","embeddable":true,"href":"https:\/\/agoracivica.cat\/fr\/wp-json\/wp\/v2\/eix?post=3372"},{"taxonomy":"format","embeddable":true,"href":"https:\/\/agoracivica.cat\/fr\/wp-json\/wp\/v2\/format?post=3372"},{"taxonomy":"franja-horaria","embeddable":true,"href":"https:\/\/agoracivica.cat\/fr\/wp-json\/wp\/v2\/franja-horaria?post=3372"},{"taxonomy":"tipus-activitat","embeddable":true,"href":"https:\/\/agoracivica.cat\/fr\/wp-json\/wp\/v2\/tipus-activitat?post=3372"}],"curies":[{"name":"wp","href":"https:\/\/api.w.org\/{rel}","templated":true}]}}