{"id":3457,"date":"2025-07-21T08:01:42","date_gmt":"2025-07-21T08:01:42","guid":{"rendered":"https:\/\/agoracivica.cat\/activitat\/nouveaux-scenarios-pour-les-cultures-locales-entre-le-metavers-et-la-place-du-quartier\/"},"modified":"2025-09-05T12:56:50","modified_gmt":"2025-09-05T12:56:50","slug":"nouveaux-scenarios-pour-les-cultures-locales-entre-le-metavers-et-la-place-du-quartier","status":"publish","type":"activitat","link":"https:\/\/agoracivica.cat\/fr\/activitat\/nouveaux-scenarios-pour-les-cultures-locales-entre-le-metavers-et-la-place-du-quartier\/","title":{"rendered":"De nouveaux sc\u00e9narios pour les cultures locales : entre le m\u00e9tavers et la place du quartier"},"content":{"rendered":"<p>Les cultures locales sont red\u00e9finies entre le monde r\u00e9el et les espaces num\u00e9riques immersifs. Cette table ronde propose d\u2019examiner les effets des nouvelles plateformes et technologies sur la production et la circulation culturelles locales. Quels risques d\u2019homog\u00e9n\u00e9isation ou de d\u00e9connexion pr\u00e9sentent-elles ? Et quelles possibilit\u00e9s offrent-elles pour revitaliser les communaut\u00e9s et imaginer des espaces de relations hybrides ?   <\/p>\n","protected":false},"excerpt":{"rendered":"<p>Les cultures locales sont red\u00e9finies entre le monde r\u00e9el et les espaces num\u00e9riques immersifs.<\/p>\n","protected":false},"featured_media":2802,"template":"","format":[186],"meta":{"_acf_changed":false,"_et_pb_use_builder":"","_et_pb_old_content":"","_et_gb_content_width":""},"bloc-activitat":[99],"data":[112],"eix":[131],"franja-horaria":[145],"tipus-activitat":[152],"class_list":["post-3457","activitat","type-activitat","status-publish","has-post-thumbnail","hentry","bloc-activitat-debatim-fr","data-01-10-2025-fr","eix-ecosystemes-culturels","format-debat-fr-2","franja-horaria-matin","tipus-activitat-agora-civica-fr"],"acf":[],"yoast_head":"<!-- This site is optimized with the Yoast SEO plugin v26.0 - https:\/\/yoast.com\/wordpress\/plugins\/seo\/ -->\n<title>De nouveaux sc\u00e9narios pour les cultures locales : entre le m\u00e9tavers et la place du quartier - \u00c0gora C\u00edvica<\/title>\n<meta name=\"robots\" content=\"index, follow, max-snippet:-1, max-image-preview:large, max-video-preview:-1\" \/>\n<link rel=\"canonical\" href=\"https:\/\/agoracivica.cat\/fr\/activitat\/nouveaux-scenarios-pour-les-cultures-locales-entre-le-metavers-et-la-place-du-quartier\/\" \/>\n<meta property=\"og:locale\" content=\"fr_FR\" \/>\n<meta property=\"og:type\" content=\"article\" \/>\n<meta property=\"og:title\" content=\"De nouveaux sc\u00e9narios pour les cultures locales : entre le m\u00e9tavers et la place du quartier - \u00c0gora C\u00edvica\" \/>\n<meta property=\"og:description\" content=\"Les cultures locales sont red\u00e9finies entre le monde r\u00e9el et les espaces num\u00e9riques immersifs.\" \/>\n<meta property=\"og:url\" content=\"https:\/\/agoracivica.cat\/fr\/activitat\/nouveaux-scenarios-pour-les-cultures-locales-entre-le-metavers-et-la-place-du-quartier\/\" \/>\n<meta property=\"og:site_name\" content=\"\u00c0gora C\u00edvica\" \/>\n<meta property=\"article:modified_time\" content=\"2025-09-05T12:56:50+00:00\" \/>\n<meta property=\"og:image\" content=\"https:\/\/agoracivica.cat\/wp-content\/uploads\/2025\/07\/Eix_ecosistemescultura-scaled.jpg\" \/>\n\t<meta property=\"og:image:width\" content=\"1991\" \/>\n\t<meta property=\"og:image:height\" content=\"2560\" \/>\n\t<meta property=\"og:image:type\" content=\"image\/jpeg\" \/>\n<meta name=\"twitter:card\" content=\"summary_large_image\" \/>\n<script type=\"application\/ld+json\" class=\"yoast-schema-graph\">{\"@context\":\"https:\/\/schema.org\",\"@graph\":[{\"@type\":\"WebPage\",\"@id\":\"https:\/\/agoracivica.cat\/fr\/activitat\/nouveaux-scenarios-pour-les-cultures-locales-entre-le-metavers-et-la-place-du-quartier\/\",\"url\":\"https:\/\/agoracivica.cat\/fr\/activitat\/nouveaux-scenarios-pour-les-cultures-locales-entre-le-metavers-et-la-place-du-quartier\/\",\"name\":\"De nouveaux sc\u00e9narios pour les cultures locales : entre le m\u00e9tavers et la place du quartier - \u00c0gora C\u00edvica\",\"isPartOf\":{\"@id\":\"https:\/\/agoracivica.cat\/#website\"},\"primaryImageOfPage\":{\"@id\":\"https:\/\/agoracivica.cat\/fr\/activitat\/nouveaux-scenarios-pour-les-cultures-locales-entre-le-metavers-et-la-place-du-quartier\/#primaryimage\"},\"image\":{\"@id\":\"https:\/\/agoracivica.cat\/fr\/activitat\/nouveaux-scenarios-pour-les-cultures-locales-entre-le-metavers-et-la-place-du-quartier\/#primaryimage\"},\"thumbnailUrl\":\"https:\/\/agoracivica.cat\/wp-content\/uploads\/2025\/07\/Eix_ecosistemescultura-scaled.jpg\",\"datePublished\":\"2025-07-21T08:01:42+00:00\",\"dateModified\":\"2025-09-05T12:56:50+00:00\",\"breadcrumb\":{\"@id\":\"https:\/\/agoracivica.cat\/fr\/activitat\/nouveaux-scenarios-pour-les-cultures-locales-entre-le-metavers-et-la-place-du-quartier\/#breadcrumb\"},\"inLanguage\":\"fr-FR\",\"potentialAction\":[{\"@type\":\"ReadAction\",\"target\":[\"https:\/\/agoracivica.cat\/fr\/activitat\/nouveaux-scenarios-pour-les-cultures-locales-entre-le-metavers-et-la-place-du-quartier\/\"]}]},{\"@type\":\"ImageObject\",\"inLanguage\":\"fr-FR\",\"@id\":\"https:\/\/agoracivica.cat\/fr\/activitat\/nouveaux-scenarios-pour-les-cultures-locales-entre-le-metavers-et-la-place-du-quartier\/#primaryimage\",\"url\":\"https:\/\/agoracivica.cat\/wp-content\/uploads\/2025\/07\/Eix_ecosistemescultura-scaled.jpg\",\"contentUrl\":\"https:\/\/agoracivica.cat\/wp-content\/uploads\/2025\/07\/Eix_ecosistemescultura-scaled.jpg\",\"width\":1991,\"height\":2560},{\"@type\":\"BreadcrumbList\",\"@id\":\"https:\/\/agoracivica.cat\/fr\/activitat\/nouveaux-scenarios-pour-les-cultures-locales-entre-le-metavers-et-la-place-du-quartier\/#breadcrumb\",\"itemListElement\":[{\"@type\":\"ListItem\",\"position\":1,\"name\":\"Inici\",\"item\":\"https:\/\/agoracivica.cat\/\"},{\"@type\":\"ListItem\",\"position\":2,\"name\":\"De nouveaux sc\u00e9narios pour les cultures locales : entre le m\u00e9tavers et la place du quartier\"}]},{\"@type\":\"WebSite\",\"@id\":\"https:\/\/agoracivica.cat\/#website\",\"url\":\"https:\/\/agoracivica.cat\/\",\"name\":\"\u00c0gora C\u00edvica\",\"description\":\"Programa d&#039;activitats\",\"publisher\":{\"@id\":\"https:\/\/agoracivica.cat\/#organization\"},\"potentialAction\":[{\"@type\":\"SearchAction\",\"target\":{\"@type\":\"EntryPoint\",\"urlTemplate\":\"https:\/\/agoracivica.cat\/?s={search_term_string}\"},\"query-input\":{\"@type\":\"PropertyValueSpecification\",\"valueRequired\":true,\"valueName\":\"search_term_string\"}}],\"inLanguage\":\"fr-FR\"},{\"@type\":\"Organization\",\"@id\":\"https:\/\/agoracivica.cat\/#organization\",\"name\":\"\u00c0gora C\u00edvica\",\"url\":\"https:\/\/agoracivica.cat\/\",\"logo\":{\"@type\":\"ImageObject\",\"inLanguage\":\"fr-FR\",\"@id\":\"https:\/\/agoracivica.cat\/#\/schema\/logo\/image\/\",\"url\":\"https:\/\/agoracivica.cat\/wp-content\/uploads\/2025\/05\/Grupo-51.svg\",\"contentUrl\":\"https:\/\/agoracivica.cat\/wp-content\/uploads\/2025\/05\/Grupo-51.svg\",\"width\":1,\"height\":1,\"caption\":\"\u00c0gora C\u00edvica\"},\"image\":{\"@id\":\"https:\/\/agoracivica.cat\/#\/schema\/logo\/image\/\"}}]}<\/script>\n<!-- \/ Yoast SEO plugin. -->","yoast_head_json":{"title":"De nouveaux sc\u00e9narios pour les cultures locales : entre le m\u00e9tavers et la place du quartier - \u00c0gora C\u00edvica","robots":{"index":"index","follow":"follow","max-snippet":"max-snippet:-1","max-image-preview":"max-image-preview:large","max-video-preview":"max-video-preview:-1"},"canonical":"https:\/\/agoracivica.cat\/fr\/activitat\/nouveaux-scenarios-pour-les-cultures-locales-entre-le-metavers-et-la-place-du-quartier\/","og_locale":"fr_FR","og_type":"article","og_title":"De nouveaux sc\u00e9narios pour les cultures locales : entre le m\u00e9tavers et la place du quartier - \u00c0gora C\u00edvica","og_description":"Les cultures locales sont red\u00e9finies entre le monde r\u00e9el et les espaces num\u00e9riques immersifs.","og_url":"https:\/\/agoracivica.cat\/fr\/activitat\/nouveaux-scenarios-pour-les-cultures-locales-entre-le-metavers-et-la-place-du-quartier\/","og_site_name":"\u00c0gora C\u00edvica","article_modified_time":"2025-09-05T12:56:50+00:00","og_image":[{"width":1991,"height":2560,"url":"https:\/\/agoracivica.cat\/wp-content\/uploads\/2025\/07\/Eix_ecosistemescultura-scaled.jpg","type":"image\/jpeg"}],"twitter_card":"summary_large_image","schema":{"@context":"https:\/\/schema.org","@graph":[{"@type":"WebPage","@id":"https:\/\/agoracivica.cat\/fr\/activitat\/nouveaux-scenarios-pour-les-cultures-locales-entre-le-metavers-et-la-place-du-quartier\/","url":"https:\/\/agoracivica.cat\/fr\/activitat\/nouveaux-scenarios-pour-les-cultures-locales-entre-le-metavers-et-la-place-du-quartier\/","name":"De nouveaux sc\u00e9narios pour les cultures locales : entre le m\u00e9tavers et la place du quartier - \u00c0gora C\u00edvica","isPartOf":{"@id":"https:\/\/agoracivica.cat\/#website"},"primaryImageOfPage":{"@id":"https:\/\/agoracivica.cat\/fr\/activitat\/nouveaux-scenarios-pour-les-cultures-locales-entre-le-metavers-et-la-place-du-quartier\/#primaryimage"},"image":{"@id":"https:\/\/agoracivica.cat\/fr\/activitat\/nouveaux-scenarios-pour-les-cultures-locales-entre-le-metavers-et-la-place-du-quartier\/#primaryimage"},"thumbnailUrl":"https:\/\/agoracivica.cat\/wp-content\/uploads\/2025\/07\/Eix_ecosistemescultura-scaled.jpg","datePublished":"2025-07-21T08:01:42+00:00","dateModified":"2025-09-05T12:56:50+00:00","breadcrumb":{"@id":"https:\/\/agoracivica.cat\/fr\/activitat\/nouveaux-scenarios-pour-les-cultures-locales-entre-le-metavers-et-la-place-du-quartier\/#breadcrumb"},"inLanguage":"fr-FR","potentialAction":[{"@type":"ReadAction","target":["https:\/\/agoracivica.cat\/fr\/activitat\/nouveaux-scenarios-pour-les-cultures-locales-entre-le-metavers-et-la-place-du-quartier\/"]}]},{"@type":"ImageObject","inLanguage":"fr-FR","@id":"https:\/\/agoracivica.cat\/fr\/activitat\/nouveaux-scenarios-pour-les-cultures-locales-entre-le-metavers-et-la-place-du-quartier\/#primaryimage","url":"https:\/\/agoracivica.cat\/wp-content\/uploads\/2025\/07\/Eix_ecosistemescultura-scaled.jpg","contentUrl":"https:\/\/agoracivica.cat\/wp-content\/uploads\/2025\/07\/Eix_ecosistemescultura-scaled.jpg","width":1991,"height":2560},{"@type":"BreadcrumbList","@id":"https:\/\/agoracivica.cat\/fr\/activitat\/nouveaux-scenarios-pour-les-cultures-locales-entre-le-metavers-et-la-place-du-quartier\/#breadcrumb","itemListElement":[{"@type":"ListItem","position":1,"name":"Inici","item":"https:\/\/agoracivica.cat\/"},{"@type":"ListItem","position":2,"name":"De nouveaux sc\u00e9narios pour les cultures locales : entre le m\u00e9tavers et la place du quartier"}]},{"@type":"WebSite","@id":"https:\/\/agoracivica.cat\/#website","url":"https:\/\/agoracivica.cat\/","name":"\u00c0gora C\u00edvica","description":"Programa d&#039;activitats","publisher":{"@id":"https:\/\/agoracivica.cat\/#organization"},"potentialAction":[{"@type":"SearchAction","target":{"@type":"EntryPoint","urlTemplate":"https:\/\/agoracivica.cat\/?s={search_term_string}"},"query-input":{"@type":"PropertyValueSpecification","valueRequired":true,"valueName":"search_term_string"}}],"inLanguage":"fr-FR"},{"@type":"Organization","@id":"https:\/\/agoracivica.cat\/#organization","name":"\u00c0gora C\u00edvica","url":"https:\/\/agoracivica.cat\/","logo":{"@type":"ImageObject","inLanguage":"fr-FR","@id":"https:\/\/agoracivica.cat\/#\/schema\/logo\/image\/","url":"https:\/\/agoracivica.cat\/wp-content\/uploads\/2025\/05\/Grupo-51.svg","contentUrl":"https:\/\/agoracivica.cat\/wp-content\/uploads\/2025\/05\/Grupo-51.svg","width":1,"height":1,"caption":"\u00c0gora C\u00edvica"},"image":{"@id":"https:\/\/agoracivica.cat\/#\/schema\/logo\/image\/"}}]}},"_links":{"self":[{"href":"https:\/\/agoracivica.cat\/fr\/wp-json\/wp\/v2\/activitat\/3457","targetHints":{"allow":["GET"]}}],"collection":[{"href":"https:\/\/agoracivica.cat\/fr\/wp-json\/wp\/v2\/activitat"}],"about":[{"href":"https:\/\/agoracivica.cat\/fr\/wp-json\/wp\/v2\/types\/activitat"}],"wp:featuredmedia":[{"embeddable":true,"href":"https:\/\/agoracivica.cat\/fr\/wp-json\/wp\/v2\/media\/2802"}],"wp:attachment":[{"href":"https:\/\/agoracivica.cat\/fr\/wp-json\/wp\/v2\/media?parent=3457"}],"wp:term":[{"taxonomy":"bloc-activitat","embeddable":true,"href":"https:\/\/agoracivica.cat\/fr\/wp-json\/wp\/v2\/bloc-activitat?post=3457"},{"taxonomy":"data","embeddable":true,"href":"https:\/\/agoracivica.cat\/fr\/wp-json\/wp\/v2\/data?post=3457"},{"taxonomy":"eix","embeddable":true,"href":"https:\/\/agoracivica.cat\/fr\/wp-json\/wp\/v2\/eix?post=3457"},{"taxonomy":"format","embeddable":true,"href":"https:\/\/agoracivica.cat\/fr\/wp-json\/wp\/v2\/format?post=3457"},{"taxonomy":"franja-horaria","embeddable":true,"href":"https:\/\/agoracivica.cat\/fr\/wp-json\/wp\/v2\/franja-horaria?post=3457"},{"taxonomy":"tipus-activitat","embeddable":true,"href":"https:\/\/agoracivica.cat\/fr\/wp-json\/wp\/v2\/tipus-activitat?post=3457"}],"curies":[{"name":"wp","href":"https:\/\/api.w.org\/{rel}","templated":true}]}}