{"id":4351,"date":"2025-07-30T12:25:49","date_gmt":"2025-07-30T12:25:49","guid":{"rendered":"https:\/\/agoracivica.cat\/activitat\/le-mythe-du-metissage-diversite-culturelle-et-linguistique\/"},"modified":"2025-09-04T13:05:05","modified_gmt":"2025-09-04T13:05:05","slug":"le-mythe-du-metissage-diversite-culturelle-et-linguistique","status":"publish","type":"activitat","link":"https:\/\/agoracivica.cat\/fr\/activitat\/le-mythe-du-metissage-diversite-culturelle-et-linguistique\/","title":{"rendered":"Le mythe du m\u00e9tissage"},"content":{"rendered":"<p>L\u2019un des mythes fondateurs de plusieurs pays d\u2019Am\u00e9rique latine est l\u2019int\u00e9gration de leurs populations en tant que nations m\u00e9tisses. Diff\u00e9rents r\u00e9cits provenant des anciennes m\u00e9tropoles c\u00e9l\u00e8brent le m\u00e9tissage des peuples indig\u00e8nes et europ\u00e9ens comme une cons\u00e9quence positive de la colonisation, outre qu\u2019ils mettent en \u00e9vidence les r\u00e9sultats du m\u00e9lange des cultures et des populations. Plusieurs r\u00e9cits nationaux sont \u00e9galement \u00e9tay\u00e9s par la c\u00e9l\u00e9bration du m\u00e9tissage dont on parle avec fiert\u00e9. Quels sont les m\u00e9canismes qui construisent ces r\u00e9cits ? Comment le m\u00e9lange des cultures et des populations devient-il une cat\u00e9gorie politique ? Dans cette conf\u00e9rence, la linguiste, \u00e9crivaine et chercheuse Y\u00e1snaya Elena A. Gil, r\u00e9f\u00e9rente en mati\u00e8re de d\u00e9fense de la diversit\u00e9 linguistique et culturelle, r\u00e9fl\u00e9chira \u00e0 la n\u00e9cessit\u00e9 de placer les \u00ab processus de m\u00e9lange \u00bb dans une cat\u00e9gorie diff\u00e9rente de celle des \u00ab processus de m\u00e9tissage \u00bb. Cette activit\u00e9 s\u2019inscrit dans le programme de r\u00e9sidence internationale du CCCB, Resident CCCB, lanc\u00e9 en collaboration avec l\u2019UOC et financ\u00e9 par la Fundaci\u00f3 Privada MIR-PUIG.      <\/p>\n","protected":false},"excerpt":{"rendered":"<p>L\u2019un des mythes fondateurs de plusieurs pays d\u2019Am\u00e9rique latine est l\u2019int\u00e9gration de leurs populations en tant que nations m\u00e9tisses.<\/p>\n","protected":false},"featured_media":2792,"template":"","format":[209],"meta":{"_acf_changed":false,"_et_pb_use_builder":"","_et_pb_old_content":"","_et_gb_content_width":""},"bloc-activitat":[],"data":[239],"eix":[128],"franja-horaria":[148],"tipus-activitat":[152],"class_list":["post-4351","activitat","type-activitat","status-publish","has-post-thumbnail","hentry","data-26-09-2025-fr","eix-diversite-culturelle-et-linguistique","format-ponctuation","franja-horaria-apres-midi","tipus-activitat-agora-civica-fr"],"acf":[],"yoast_head":"<!-- This site is optimized with the Yoast SEO plugin v26.0 - https:\/\/yoast.com\/wordpress\/plugins\/seo\/ -->\n<title>Le mythe du m\u00e9tissage - \u00c0gora C\u00edvica<\/title>\n<meta name=\"robots\" content=\"index, follow, max-snippet:-1, max-image-preview:large, max-video-preview:-1\" \/>\n<link rel=\"canonical\" href=\"https:\/\/agoracivica.cat\/fr\/activitat\/le-mythe-du-metissage-diversite-culturelle-et-linguistique\/\" \/>\n<meta property=\"og:locale\" content=\"fr_FR\" \/>\n<meta property=\"og:type\" content=\"article\" \/>\n<meta property=\"og:title\" content=\"Le mythe du m\u00e9tissage - \u00c0gora C\u00edvica\" \/>\n<meta property=\"og:description\" content=\"L\u2019un des mythes fondateurs de plusieurs pays d\u2019Am\u00e9rique latine est l\u2019int\u00e9gration de leurs populations en tant que nations m\u00e9tisses.\" \/>\n<meta property=\"og:url\" content=\"https:\/\/agoracivica.cat\/fr\/activitat\/le-mythe-du-metissage-diversite-culturelle-et-linguistique\/\" \/>\n<meta property=\"og:site_name\" content=\"\u00c0gora C\u00edvica\" \/>\n<meta property=\"article:modified_time\" content=\"2025-09-04T13:05:05+00:00\" \/>\n<meta property=\"og:image\" content=\"https:\/\/agoracivica.cat\/wp-content\/uploads\/2025\/07\/Eix_diversitatcultural_linguistica.jpg\" \/>\n\t<meta property=\"og:image:width\" content=\"1080\" \/>\n\t<meta property=\"og:image:height\" content=\"1389\" \/>\n\t<meta property=\"og:image:type\" content=\"image\/jpeg\" \/>\n<meta name=\"twitter:card\" content=\"summary_large_image\" \/>\n<meta name=\"twitter:label1\" content=\"Dur\u00e9e de lecture estim\u00e9e\" \/>\n\t<meta name=\"twitter:data1\" content=\"1 minute\" \/>\n<script type=\"application\/ld+json\" class=\"yoast-schema-graph\">{\"@context\":\"https:\/\/schema.org\",\"@graph\":[{\"@type\":\"WebPage\",\"@id\":\"https:\/\/agoracivica.cat\/fr\/activitat\/le-mythe-du-metissage-diversite-culturelle-et-linguistique\/\",\"url\":\"https:\/\/agoracivica.cat\/fr\/activitat\/le-mythe-du-metissage-diversite-culturelle-et-linguistique\/\",\"name\":\"Le mythe du m\u00e9tissage - \u00c0gora C\u00edvica\",\"isPartOf\":{\"@id\":\"https:\/\/agoracivica.cat\/#website\"},\"primaryImageOfPage\":{\"@id\":\"https:\/\/agoracivica.cat\/fr\/activitat\/le-mythe-du-metissage-diversite-culturelle-et-linguistique\/#primaryimage\"},\"image\":{\"@id\":\"https:\/\/agoracivica.cat\/fr\/activitat\/le-mythe-du-metissage-diversite-culturelle-et-linguistique\/#primaryimage\"},\"thumbnailUrl\":\"https:\/\/agoracivica.cat\/wp-content\/uploads\/2025\/07\/Eix_diversitatcultural_linguistica.jpg\",\"datePublished\":\"2025-07-30T12:25:49+00:00\",\"dateModified\":\"2025-09-04T13:05:05+00:00\",\"breadcrumb\":{\"@id\":\"https:\/\/agoracivica.cat\/fr\/activitat\/le-mythe-du-metissage-diversite-culturelle-et-linguistique\/#breadcrumb\"},\"inLanguage\":\"fr-FR\",\"potentialAction\":[{\"@type\":\"ReadAction\",\"target\":[\"https:\/\/agoracivica.cat\/fr\/activitat\/le-mythe-du-metissage-diversite-culturelle-et-linguistique\/\"]}]},{\"@type\":\"ImageObject\",\"inLanguage\":\"fr-FR\",\"@id\":\"https:\/\/agoracivica.cat\/fr\/activitat\/le-mythe-du-metissage-diversite-culturelle-et-linguistique\/#primaryimage\",\"url\":\"https:\/\/agoracivica.cat\/wp-content\/uploads\/2025\/07\/Eix_diversitatcultural_linguistica.jpg\",\"contentUrl\":\"https:\/\/agoracivica.cat\/wp-content\/uploads\/2025\/07\/Eix_diversitatcultural_linguistica.jpg\",\"width\":1080,\"height\":1389},{\"@type\":\"BreadcrumbList\",\"@id\":\"https:\/\/agoracivica.cat\/fr\/activitat\/le-mythe-du-metissage-diversite-culturelle-et-linguistique\/#breadcrumb\",\"itemListElement\":[{\"@type\":\"ListItem\",\"position\":1,\"name\":\"Inici\",\"item\":\"https:\/\/agoracivica.cat\/\"},{\"@type\":\"ListItem\",\"position\":2,\"name\":\"Le mythe du m\u00e9tissage\"}]},{\"@type\":\"WebSite\",\"@id\":\"https:\/\/agoracivica.cat\/#website\",\"url\":\"https:\/\/agoracivica.cat\/\",\"name\":\"\u00c0gora C\u00edvica\",\"description\":\"Programa d&#039;activitats\",\"publisher\":{\"@id\":\"https:\/\/agoracivica.cat\/#organization\"},\"potentialAction\":[{\"@type\":\"SearchAction\",\"target\":{\"@type\":\"EntryPoint\",\"urlTemplate\":\"https:\/\/agoracivica.cat\/?s={search_term_string}\"},\"query-input\":{\"@type\":\"PropertyValueSpecification\",\"valueRequired\":true,\"valueName\":\"search_term_string\"}}],\"inLanguage\":\"fr-FR\"},{\"@type\":\"Organization\",\"@id\":\"https:\/\/agoracivica.cat\/#organization\",\"name\":\"\u00c0gora C\u00edvica\",\"url\":\"https:\/\/agoracivica.cat\/\",\"logo\":{\"@type\":\"ImageObject\",\"inLanguage\":\"fr-FR\",\"@id\":\"https:\/\/agoracivica.cat\/#\/schema\/logo\/image\/\",\"url\":\"https:\/\/agoracivica.cat\/wp-content\/uploads\/2025\/05\/Grupo-51.svg\",\"contentUrl\":\"https:\/\/agoracivica.cat\/wp-content\/uploads\/2025\/05\/Grupo-51.svg\",\"width\":1,\"height\":1,\"caption\":\"\u00c0gora C\u00edvica\"},\"image\":{\"@id\":\"https:\/\/agoracivica.cat\/#\/schema\/logo\/image\/\"}}]}<\/script>\n<!-- \/ Yoast SEO plugin. -->","yoast_head_json":{"title":"Le mythe du m\u00e9tissage - \u00c0gora C\u00edvica","robots":{"index":"index","follow":"follow","max-snippet":"max-snippet:-1","max-image-preview":"max-image-preview:large","max-video-preview":"max-video-preview:-1"},"canonical":"https:\/\/agoracivica.cat\/fr\/activitat\/le-mythe-du-metissage-diversite-culturelle-et-linguistique\/","og_locale":"fr_FR","og_type":"article","og_title":"Le mythe du m\u00e9tissage - \u00c0gora C\u00edvica","og_description":"L\u2019un des mythes fondateurs de plusieurs pays d\u2019Am\u00e9rique latine est l\u2019int\u00e9gration de leurs populations en tant que nations m\u00e9tisses.","og_url":"https:\/\/agoracivica.cat\/fr\/activitat\/le-mythe-du-metissage-diversite-culturelle-et-linguistique\/","og_site_name":"\u00c0gora C\u00edvica","article_modified_time":"2025-09-04T13:05:05+00:00","og_image":[{"width":1080,"height":1389,"url":"https:\/\/agoracivica.cat\/wp-content\/uploads\/2025\/07\/Eix_diversitatcultural_linguistica.jpg","type":"image\/jpeg"}],"twitter_card":"summary_large_image","twitter_misc":{"Dur\u00e9e de lecture estim\u00e9e":"1 minute"},"schema":{"@context":"https:\/\/schema.org","@graph":[{"@type":"WebPage","@id":"https:\/\/agoracivica.cat\/fr\/activitat\/le-mythe-du-metissage-diversite-culturelle-et-linguistique\/","url":"https:\/\/agoracivica.cat\/fr\/activitat\/le-mythe-du-metissage-diversite-culturelle-et-linguistique\/","name":"Le mythe du m\u00e9tissage - \u00c0gora C\u00edvica","isPartOf":{"@id":"https:\/\/agoracivica.cat\/#website"},"primaryImageOfPage":{"@id":"https:\/\/agoracivica.cat\/fr\/activitat\/le-mythe-du-metissage-diversite-culturelle-et-linguistique\/#primaryimage"},"image":{"@id":"https:\/\/agoracivica.cat\/fr\/activitat\/le-mythe-du-metissage-diversite-culturelle-et-linguistique\/#primaryimage"},"thumbnailUrl":"https:\/\/agoracivica.cat\/wp-content\/uploads\/2025\/07\/Eix_diversitatcultural_linguistica.jpg","datePublished":"2025-07-30T12:25:49+00:00","dateModified":"2025-09-04T13:05:05+00:00","breadcrumb":{"@id":"https:\/\/agoracivica.cat\/fr\/activitat\/le-mythe-du-metissage-diversite-culturelle-et-linguistique\/#breadcrumb"},"inLanguage":"fr-FR","potentialAction":[{"@type":"ReadAction","target":["https:\/\/agoracivica.cat\/fr\/activitat\/le-mythe-du-metissage-diversite-culturelle-et-linguistique\/"]}]},{"@type":"ImageObject","inLanguage":"fr-FR","@id":"https:\/\/agoracivica.cat\/fr\/activitat\/le-mythe-du-metissage-diversite-culturelle-et-linguistique\/#primaryimage","url":"https:\/\/agoracivica.cat\/wp-content\/uploads\/2025\/07\/Eix_diversitatcultural_linguistica.jpg","contentUrl":"https:\/\/agoracivica.cat\/wp-content\/uploads\/2025\/07\/Eix_diversitatcultural_linguistica.jpg","width":1080,"height":1389},{"@type":"BreadcrumbList","@id":"https:\/\/agoracivica.cat\/fr\/activitat\/le-mythe-du-metissage-diversite-culturelle-et-linguistique\/#breadcrumb","itemListElement":[{"@type":"ListItem","position":1,"name":"Inici","item":"https:\/\/agoracivica.cat\/"},{"@type":"ListItem","position":2,"name":"Le mythe du m\u00e9tissage"}]},{"@type":"WebSite","@id":"https:\/\/agoracivica.cat\/#website","url":"https:\/\/agoracivica.cat\/","name":"\u00c0gora C\u00edvica","description":"Programa d&#039;activitats","publisher":{"@id":"https:\/\/agoracivica.cat\/#organization"},"potentialAction":[{"@type":"SearchAction","target":{"@type":"EntryPoint","urlTemplate":"https:\/\/agoracivica.cat\/?s={search_term_string}"},"query-input":{"@type":"PropertyValueSpecification","valueRequired":true,"valueName":"search_term_string"}}],"inLanguage":"fr-FR"},{"@type":"Organization","@id":"https:\/\/agoracivica.cat\/#organization","name":"\u00c0gora C\u00edvica","url":"https:\/\/agoracivica.cat\/","logo":{"@type":"ImageObject","inLanguage":"fr-FR","@id":"https:\/\/agoracivica.cat\/#\/schema\/logo\/image\/","url":"https:\/\/agoracivica.cat\/wp-content\/uploads\/2025\/05\/Grupo-51.svg","contentUrl":"https:\/\/agoracivica.cat\/wp-content\/uploads\/2025\/05\/Grupo-51.svg","width":1,"height":1,"caption":"\u00c0gora C\u00edvica"},"image":{"@id":"https:\/\/agoracivica.cat\/#\/schema\/logo\/image\/"}}]}},"_links":{"self":[{"href":"https:\/\/agoracivica.cat\/fr\/wp-json\/wp\/v2\/activitat\/4351","targetHints":{"allow":["GET"]}}],"collection":[{"href":"https:\/\/agoracivica.cat\/fr\/wp-json\/wp\/v2\/activitat"}],"about":[{"href":"https:\/\/agoracivica.cat\/fr\/wp-json\/wp\/v2\/types\/activitat"}],"wp:featuredmedia":[{"embeddable":true,"href":"https:\/\/agoracivica.cat\/fr\/wp-json\/wp\/v2\/media\/2792"}],"wp:attachment":[{"href":"https:\/\/agoracivica.cat\/fr\/wp-json\/wp\/v2\/media?parent=4351"}],"wp:term":[{"taxonomy":"bloc-activitat","embeddable":true,"href":"https:\/\/agoracivica.cat\/fr\/wp-json\/wp\/v2\/bloc-activitat?post=4351"},{"taxonomy":"data","embeddable":true,"href":"https:\/\/agoracivica.cat\/fr\/wp-json\/wp\/v2\/data?post=4351"},{"taxonomy":"eix","embeddable":true,"href":"https:\/\/agoracivica.cat\/fr\/wp-json\/wp\/v2\/eix?post=4351"},{"taxonomy":"format","embeddable":true,"href":"https:\/\/agoracivica.cat\/fr\/wp-json\/wp\/v2\/format?post=4351"},{"taxonomy":"franja-horaria","embeddable":true,"href":"https:\/\/agoracivica.cat\/fr\/wp-json\/wp\/v2\/franja-horaria?post=4351"},{"taxonomy":"tipus-activitat","embeddable":true,"href":"https:\/\/agoracivica.cat\/fr\/wp-json\/wp\/v2\/tipus-activitat?post=4351"}],"curies":[{"name":"wp","href":"https:\/\/api.w.org\/{rel}","templated":true}]}}