{"id":5654,"date":"2025-08-19T07:47:00","date_gmt":"2025-08-19T07:47:00","guid":{"rendered":"https:\/\/agoracivica.cat\/activitat\/participation-du-conca-a-la-reunion-des-membres-de-lifacca-et-reception-institutionnelle-de-bienvenue-dans-le-cadre-de-mondiacult\/"},"modified":"2025-09-25T13:54:36","modified_gmt":"2025-09-25T13:54:36","slug":"participation-du-conca-a-la-reunion-des-membres-de-lifacca-et-reception-institutionnelle-de-bienvenue-dans-le-cadre-de-mondiacult","status":"publish","type":"activitat","link":"https:\/\/agoracivica.cat\/fr\/activitat\/participation-du-conca-a-la-reunion-des-membres-de-lifacca-et-reception-institutionnelle-de-bienvenue-dans-le-cadre-de-mondiacult\/","title":{"rendered":"R\u00e9unions pl\u00e9ni\u00e8res et r\u00e9unions des antennes r\u00e9gionales de l\u2019IFACCA"},"content":{"rendered":"<p>Dans le cadre de Mondiacult 2025 et de l\u2019\u00c0gora en r\u00e9seau, la F\u00e9d\u00e9ration internationale des conseils des arts et des agences culturelles (IFACCA) organisera plusieurs r\u00e9unions \u00e0 Barcelone, dont plusieurs sessions pl\u00e9ni\u00e8res et rencontres de ses diff\u00e9rentes antennes r\u00e9gionales. Le Conseil national de la culture et des arts (CoNCA), membre actif de l\u2019IFACCA depuis 2009, participera \u00e0 la rencontre et pr\u00e9sentera, lors de la derni\u00e8re session pl\u00e9ni\u00e8re, son axe de travail sur les arts et l\u2019\u00e9ducation. Ces activit\u00e9s sont soutenues par le CoNCA et le minist\u00e8re de la Culture. Acc\u00e8s r\u00e9serv\u00e9 aux membres de l\u2019IFACCA.    <\/p>\n","protected":false},"excerpt":{"rendered":"<p>Dans le cadre de Mondiacult 2025 et de l\u2019\u00c0gora en r\u00e9seau, la F\u00e9d\u00e9ration internationale des conseils des arts et des agences culturelles (IFACCA) organisera plusieurs r\u00e9unions \u00e0 Barcelone, dont plusieurs sessions pl\u00e9ni\u00e8res et rencontres de ses diff\u00e9rentes antennes r\u00e9gionales.<\/p>\n","protected":false},"featured_media":2777,"template":"","format":[],"meta":{"_acf_changed":false,"_et_pb_use_builder":"","_et_pb_old_content":"","_et_gb_content_width":""},"bloc-activitat":[252],"data":[257],"eix":[158],"franja-horaria":[148],"tipus-activitat":[157],"class_list":["post-5654","activitat","type-activitat","status-publish","has-post-thumbnail","hentry","bloc-activitat-en-reseau","data-28-09-2025-fr","eix-autres","franja-horaria-apres-midi","tipus-activitat-agora-en-xarxa-fr"],"acf":[],"yoast_head":"<!-- This site is optimized with the Yoast SEO plugin v26.0 - https:\/\/yoast.com\/wordpress\/plugins\/seo\/ -->\n<title>R\u00e9unions pl\u00e9ni\u00e8res et r\u00e9unions des antennes r\u00e9gionales de l\u2019IFACCA - \u00c0gora C\u00edvica<\/title>\n<meta name=\"robots\" content=\"index, follow, max-snippet:-1, max-image-preview:large, max-video-preview:-1\" \/>\n<link rel=\"canonical\" href=\"https:\/\/agoracivica.cat\/fr\/activitat\/participation-du-conca-a-la-reunion-des-membres-de-lifacca-et-reception-institutionnelle-de-bienvenue-dans-le-cadre-de-mondiacult\/\" \/>\n<meta property=\"og:locale\" content=\"fr_FR\" \/>\n<meta property=\"og:type\" content=\"article\" \/>\n<meta property=\"og:title\" content=\"R\u00e9unions pl\u00e9ni\u00e8res et r\u00e9unions des antennes r\u00e9gionales de l\u2019IFACCA - \u00c0gora C\u00edvica\" \/>\n<meta property=\"og:description\" content=\"Dans le cadre de Mondiacult 2025 et de l\u2019\u00c0gora en r\u00e9seau, la F\u00e9d\u00e9ration internationale des conseils des arts et des agences culturelles (IFACCA) organisera plusieurs r\u00e9unions \u00e0 Barcelone, dont plusieurs sessions pl\u00e9ni\u00e8res et rencontres de ses diff\u00e9rentes antennes r\u00e9gionales.\" \/>\n<meta property=\"og:url\" content=\"https:\/\/agoracivica.cat\/fr\/activitat\/participation-du-conca-a-la-reunion-des-membres-de-lifacca-et-reception-institutionnelle-de-bienvenue-dans-le-cadre-de-mondiacult\/\" \/>\n<meta property=\"og:site_name\" content=\"\u00c0gora C\u00edvica\" \/>\n<meta property=\"article:modified_time\" content=\"2025-09-25T13:54:36+00:00\" \/>\n<meta property=\"og:image\" content=\"https:\/\/agoracivica.cat\/wp-content\/uploads\/2025\/07\/Eix_Altres.jpg\" \/>\n\t<meta property=\"og:image:width\" content=\"1080\" \/>\n\t<meta property=\"og:image:height\" content=\"1389\" \/>\n\t<meta property=\"og:image:type\" content=\"image\/jpeg\" \/>\n<meta name=\"twitter:card\" content=\"summary_large_image\" \/>\n<meta name=\"twitter:label1\" content=\"Dur\u00e9e de lecture estim\u00e9e\" \/>\n\t<meta name=\"twitter:data1\" content=\"1 minute\" \/>\n<script type=\"application\/ld+json\" class=\"yoast-schema-graph\">{\"@context\":\"https:\/\/schema.org\",\"@graph\":[{\"@type\":\"WebPage\",\"@id\":\"https:\/\/agoracivica.cat\/fr\/activitat\/participation-du-conca-a-la-reunion-des-membres-de-lifacca-et-reception-institutionnelle-de-bienvenue-dans-le-cadre-de-mondiacult\/\",\"url\":\"https:\/\/agoracivica.cat\/fr\/activitat\/participation-du-conca-a-la-reunion-des-membres-de-lifacca-et-reception-institutionnelle-de-bienvenue-dans-le-cadre-de-mondiacult\/\",\"name\":\"R\u00e9unions pl\u00e9ni\u00e8res et r\u00e9unions des antennes r\u00e9gionales de l\u2019IFACCA - \u00c0gora C\u00edvica\",\"isPartOf\":{\"@id\":\"https:\/\/agoracivica.cat\/#website\"},\"primaryImageOfPage\":{\"@id\":\"https:\/\/agoracivica.cat\/fr\/activitat\/participation-du-conca-a-la-reunion-des-membres-de-lifacca-et-reception-institutionnelle-de-bienvenue-dans-le-cadre-de-mondiacult\/#primaryimage\"},\"image\":{\"@id\":\"https:\/\/agoracivica.cat\/fr\/activitat\/participation-du-conca-a-la-reunion-des-membres-de-lifacca-et-reception-institutionnelle-de-bienvenue-dans-le-cadre-de-mondiacult\/#primaryimage\"},\"thumbnailUrl\":\"https:\/\/agoracivica.cat\/wp-content\/uploads\/2025\/07\/Eix_Altres.jpg\",\"datePublished\":\"2025-08-19T07:47:00+00:00\",\"dateModified\":\"2025-09-25T13:54:36+00:00\",\"breadcrumb\":{\"@id\":\"https:\/\/agoracivica.cat\/fr\/activitat\/participation-du-conca-a-la-reunion-des-membres-de-lifacca-et-reception-institutionnelle-de-bienvenue-dans-le-cadre-de-mondiacult\/#breadcrumb\"},\"inLanguage\":\"fr-FR\",\"potentialAction\":[{\"@type\":\"ReadAction\",\"target\":[\"https:\/\/agoracivica.cat\/fr\/activitat\/participation-du-conca-a-la-reunion-des-membres-de-lifacca-et-reception-institutionnelle-de-bienvenue-dans-le-cadre-de-mondiacult\/\"]}]},{\"@type\":\"ImageObject\",\"inLanguage\":\"fr-FR\",\"@id\":\"https:\/\/agoracivica.cat\/fr\/activitat\/participation-du-conca-a-la-reunion-des-membres-de-lifacca-et-reception-institutionnelle-de-bienvenue-dans-le-cadre-de-mondiacult\/#primaryimage\",\"url\":\"https:\/\/agoracivica.cat\/wp-content\/uploads\/2025\/07\/Eix_Altres.jpg\",\"contentUrl\":\"https:\/\/agoracivica.cat\/wp-content\/uploads\/2025\/07\/Eix_Altres.jpg\",\"width\":1080,\"height\":1389},{\"@type\":\"BreadcrumbList\",\"@id\":\"https:\/\/agoracivica.cat\/fr\/activitat\/participation-du-conca-a-la-reunion-des-membres-de-lifacca-et-reception-institutionnelle-de-bienvenue-dans-le-cadre-de-mondiacult\/#breadcrumb\",\"itemListElement\":[{\"@type\":\"ListItem\",\"position\":1,\"name\":\"Inici\",\"item\":\"https:\/\/agoracivica.cat\/\"},{\"@type\":\"ListItem\",\"position\":2,\"name\":\"R\u00e9unions pl\u00e9ni\u00e8res et r\u00e9unions des antennes r\u00e9gionales de l\u2019IFACCA\"}]},{\"@type\":\"WebSite\",\"@id\":\"https:\/\/agoracivica.cat\/#website\",\"url\":\"https:\/\/agoracivica.cat\/\",\"name\":\"\u00c0gora C\u00edvica\",\"description\":\"Programa d&#039;activitats\",\"publisher\":{\"@id\":\"https:\/\/agoracivica.cat\/#organization\"},\"potentialAction\":[{\"@type\":\"SearchAction\",\"target\":{\"@type\":\"EntryPoint\",\"urlTemplate\":\"https:\/\/agoracivica.cat\/?s={search_term_string}\"},\"query-input\":{\"@type\":\"PropertyValueSpecification\",\"valueRequired\":true,\"valueName\":\"search_term_string\"}}],\"inLanguage\":\"fr-FR\"},{\"@type\":\"Organization\",\"@id\":\"https:\/\/agoracivica.cat\/#organization\",\"name\":\"\u00c0gora C\u00edvica\",\"url\":\"https:\/\/agoracivica.cat\/\",\"logo\":{\"@type\":\"ImageObject\",\"inLanguage\":\"fr-FR\",\"@id\":\"https:\/\/agoracivica.cat\/#\/schema\/logo\/image\/\",\"url\":\"https:\/\/agoracivica.cat\/wp-content\/uploads\/2025\/05\/Grupo-51.svg\",\"contentUrl\":\"https:\/\/agoracivica.cat\/wp-content\/uploads\/2025\/05\/Grupo-51.svg\",\"width\":1,\"height\":1,\"caption\":\"\u00c0gora C\u00edvica\"},\"image\":{\"@id\":\"https:\/\/agoracivica.cat\/#\/schema\/logo\/image\/\"}}]}<\/script>\n<!-- \/ Yoast SEO plugin. -->","yoast_head_json":{"title":"R\u00e9unions pl\u00e9ni\u00e8res et r\u00e9unions des antennes r\u00e9gionales de l\u2019IFACCA - \u00c0gora C\u00edvica","robots":{"index":"index","follow":"follow","max-snippet":"max-snippet:-1","max-image-preview":"max-image-preview:large","max-video-preview":"max-video-preview:-1"},"canonical":"https:\/\/agoracivica.cat\/fr\/activitat\/participation-du-conca-a-la-reunion-des-membres-de-lifacca-et-reception-institutionnelle-de-bienvenue-dans-le-cadre-de-mondiacult\/","og_locale":"fr_FR","og_type":"article","og_title":"R\u00e9unions pl\u00e9ni\u00e8res et r\u00e9unions des antennes r\u00e9gionales de l\u2019IFACCA - \u00c0gora C\u00edvica","og_description":"Dans le cadre de Mondiacult 2025 et de l\u2019\u00c0gora en r\u00e9seau, la F\u00e9d\u00e9ration internationale des conseils des arts et des agences culturelles (IFACCA) organisera plusieurs r\u00e9unions \u00e0 Barcelone, dont plusieurs sessions pl\u00e9ni\u00e8res et rencontres de ses diff\u00e9rentes antennes r\u00e9gionales.","og_url":"https:\/\/agoracivica.cat\/fr\/activitat\/participation-du-conca-a-la-reunion-des-membres-de-lifacca-et-reception-institutionnelle-de-bienvenue-dans-le-cadre-de-mondiacult\/","og_site_name":"\u00c0gora C\u00edvica","article_modified_time":"2025-09-25T13:54:36+00:00","og_image":[{"width":1080,"height":1389,"url":"https:\/\/agoracivica.cat\/wp-content\/uploads\/2025\/07\/Eix_Altres.jpg","type":"image\/jpeg"}],"twitter_card":"summary_large_image","twitter_misc":{"Dur\u00e9e de lecture estim\u00e9e":"1 minute"},"schema":{"@context":"https:\/\/schema.org","@graph":[{"@type":"WebPage","@id":"https:\/\/agoracivica.cat\/fr\/activitat\/participation-du-conca-a-la-reunion-des-membres-de-lifacca-et-reception-institutionnelle-de-bienvenue-dans-le-cadre-de-mondiacult\/","url":"https:\/\/agoracivica.cat\/fr\/activitat\/participation-du-conca-a-la-reunion-des-membres-de-lifacca-et-reception-institutionnelle-de-bienvenue-dans-le-cadre-de-mondiacult\/","name":"R\u00e9unions pl\u00e9ni\u00e8res et r\u00e9unions des antennes r\u00e9gionales de l\u2019IFACCA - \u00c0gora C\u00edvica","isPartOf":{"@id":"https:\/\/agoracivica.cat\/#website"},"primaryImageOfPage":{"@id":"https:\/\/agoracivica.cat\/fr\/activitat\/participation-du-conca-a-la-reunion-des-membres-de-lifacca-et-reception-institutionnelle-de-bienvenue-dans-le-cadre-de-mondiacult\/#primaryimage"},"image":{"@id":"https:\/\/agoracivica.cat\/fr\/activitat\/participation-du-conca-a-la-reunion-des-membres-de-lifacca-et-reception-institutionnelle-de-bienvenue-dans-le-cadre-de-mondiacult\/#primaryimage"},"thumbnailUrl":"https:\/\/agoracivica.cat\/wp-content\/uploads\/2025\/07\/Eix_Altres.jpg","datePublished":"2025-08-19T07:47:00+00:00","dateModified":"2025-09-25T13:54:36+00:00","breadcrumb":{"@id":"https:\/\/agoracivica.cat\/fr\/activitat\/participation-du-conca-a-la-reunion-des-membres-de-lifacca-et-reception-institutionnelle-de-bienvenue-dans-le-cadre-de-mondiacult\/#breadcrumb"},"inLanguage":"fr-FR","potentialAction":[{"@type":"ReadAction","target":["https:\/\/agoracivica.cat\/fr\/activitat\/participation-du-conca-a-la-reunion-des-membres-de-lifacca-et-reception-institutionnelle-de-bienvenue-dans-le-cadre-de-mondiacult\/"]}]},{"@type":"ImageObject","inLanguage":"fr-FR","@id":"https:\/\/agoracivica.cat\/fr\/activitat\/participation-du-conca-a-la-reunion-des-membres-de-lifacca-et-reception-institutionnelle-de-bienvenue-dans-le-cadre-de-mondiacult\/#primaryimage","url":"https:\/\/agoracivica.cat\/wp-content\/uploads\/2025\/07\/Eix_Altres.jpg","contentUrl":"https:\/\/agoracivica.cat\/wp-content\/uploads\/2025\/07\/Eix_Altres.jpg","width":1080,"height":1389},{"@type":"BreadcrumbList","@id":"https:\/\/agoracivica.cat\/fr\/activitat\/participation-du-conca-a-la-reunion-des-membres-de-lifacca-et-reception-institutionnelle-de-bienvenue-dans-le-cadre-de-mondiacult\/#breadcrumb","itemListElement":[{"@type":"ListItem","position":1,"name":"Inici","item":"https:\/\/agoracivica.cat\/"},{"@type":"ListItem","position":2,"name":"R\u00e9unions pl\u00e9ni\u00e8res et r\u00e9unions des antennes r\u00e9gionales de l\u2019IFACCA"}]},{"@type":"WebSite","@id":"https:\/\/agoracivica.cat\/#website","url":"https:\/\/agoracivica.cat\/","name":"\u00c0gora C\u00edvica","description":"Programa d&#039;activitats","publisher":{"@id":"https:\/\/agoracivica.cat\/#organization"},"potentialAction":[{"@type":"SearchAction","target":{"@type":"EntryPoint","urlTemplate":"https:\/\/agoracivica.cat\/?s={search_term_string}"},"query-input":{"@type":"PropertyValueSpecification","valueRequired":true,"valueName":"search_term_string"}}],"inLanguage":"fr-FR"},{"@type":"Organization","@id":"https:\/\/agoracivica.cat\/#organization","name":"\u00c0gora C\u00edvica","url":"https:\/\/agoracivica.cat\/","logo":{"@type":"ImageObject","inLanguage":"fr-FR","@id":"https:\/\/agoracivica.cat\/#\/schema\/logo\/image\/","url":"https:\/\/agoracivica.cat\/wp-content\/uploads\/2025\/05\/Grupo-51.svg","contentUrl":"https:\/\/agoracivica.cat\/wp-content\/uploads\/2025\/05\/Grupo-51.svg","width":1,"height":1,"caption":"\u00c0gora C\u00edvica"},"image":{"@id":"https:\/\/agoracivica.cat\/#\/schema\/logo\/image\/"}}]}},"_links":{"self":[{"href":"https:\/\/agoracivica.cat\/fr\/wp-json\/wp\/v2\/activitat\/5654","targetHints":{"allow":["GET"]}}],"collection":[{"href":"https:\/\/agoracivica.cat\/fr\/wp-json\/wp\/v2\/activitat"}],"about":[{"href":"https:\/\/agoracivica.cat\/fr\/wp-json\/wp\/v2\/types\/activitat"}],"wp:featuredmedia":[{"embeddable":true,"href":"https:\/\/agoracivica.cat\/fr\/wp-json\/wp\/v2\/media\/2777"}],"wp:attachment":[{"href":"https:\/\/agoracivica.cat\/fr\/wp-json\/wp\/v2\/media?parent=5654"}],"wp:term":[{"taxonomy":"bloc-activitat","embeddable":true,"href":"https:\/\/agoracivica.cat\/fr\/wp-json\/wp\/v2\/bloc-activitat?post=5654"},{"taxonomy":"data","embeddable":true,"href":"https:\/\/agoracivica.cat\/fr\/wp-json\/wp\/v2\/data?post=5654"},{"taxonomy":"eix","embeddable":true,"href":"https:\/\/agoracivica.cat\/fr\/wp-json\/wp\/v2\/eix?post=5654"},{"taxonomy":"format","embeddable":true,"href":"https:\/\/agoracivica.cat\/fr\/wp-json\/wp\/v2\/format?post=5654"},{"taxonomy":"franja-horaria","embeddable":true,"href":"https:\/\/agoracivica.cat\/fr\/wp-json\/wp\/v2\/franja-horaria?post=5654"},{"taxonomy":"tipus-activitat","embeddable":true,"href":"https:\/\/agoracivica.cat\/fr\/wp-json\/wp\/v2\/tipus-activitat?post=5654"}],"curies":[{"name":"wp","href":"https:\/\/api.w.org\/{rel}","templated":true}]}}