{"id":7914,"date":"2025-07-30T11:20:39","date_gmt":"2025-07-30T11:20:39","guid":{"rendered":"https:\/\/agoracivica.cat\/activitat\/cultures-en-resistance-droits-en-construction-cabaret-des-projets-selectionnes-dans-le-cadre-de-ledition-2025-de-culturopolis\/"},"modified":"2025-09-25T13:23:27","modified_gmt":"2025-09-25T13:23:27","slug":"cultures-en-resistance-droits-en-construction-cabaret-des-projets-selectionnes-dans-le-cadre-de-ledition-2025-de-culturopolis","status":"publish","type":"activitat","link":"https:\/\/agoracivica.cat\/fr\/activitat\/cultures-en-resistance-droits-en-construction-cabaret-des-projets-selectionnes-dans-le-cadre-de-ledition-2025-de-culturopolis\/","title":{"rendered":"Cultures en r\u00e9sistance, droits en construction. Cabaret des projets s\u00e9lectionn\u00e9s dans le cadre de l\u2019\u00e9dition 2025 de Culturopolis"},"content":{"rendered":"<p>Comment la culture et le logement sont-ils connect\u00e9s ? Et la sant\u00e9, la migration, la d\u00e9centralisation, le f\u00e9minisme ou l\u2019action communautaire ?  Cette activit\u00e9 regroupe une s\u00e9lection de projets qui, \u00e0 partir de diff\u00e9rents territoires et pratiques, envisagent la culture comme un outil de transformation sociale et un espace \u00e0 partir duquel il est possible de d\u00e9fendre d\u2019autres droits fondamentaux. Ce sont des initiatives qui donnent vie aux principes et articles repris dans la D\u00e9claration de Barcelone pour les droits culturels, et qui illustrent comment ces droits prennent forme dans la pratique. Le format sera celui de pechakucha, une dynamique agile de pr\u00e9sentation qui combine 20 images avec 20 secondes par diapo. Chaque projet disposera d\u2019un peu plus de 10 minutes pour s\u2019expliquer, en recr\u00e9ant un cabaret d\u2019initiatives transformatrices.  <\/p>\n","protected":false},"excerpt":{"rendered":"<p>Cette activit\u00e9 regroupe une s\u00e9lection de projets qui, \u00e0 partir de diff\u00e9rents territoires et pratiques, envisagent la culture comme un outil de transformation sociale et un espace \u00e0 partir duquel il est possible de d\u00e9fendre d\u2019autres droits fondamentaux.<\/p>\n","protected":false},"featured_media":2777,"template":"","format":[197],"meta":{"_acf_changed":false,"_et_pb_use_builder":"","_et_pb_old_content":"","_et_gb_content_width":""},"bloc-activitat":[],"data":[107],"eix":[158],"franja-horaria":[148],"tipus-activitat":[152],"class_list":["post-7914","activitat","type-activitat","status-publish","has-post-thumbnail","hentry","data-30-09-2025-fr","eix-autres","format-exposition","franja-horaria-apres-midi","tipus-activitat-agora-civica-fr"],"acf":[],"yoast_head":"<!-- This site is optimized with the Yoast SEO plugin v26.0 - https:\/\/yoast.com\/wordpress\/plugins\/seo\/ -->\n<title>Cultures en r\u00e9sistance, droits en construction. Cabaret des projets s\u00e9lectionn\u00e9s dans le cadre de l\u2019\u00e9dition 2025 de Culturopolis - \u00c0gora C\u00edvica<\/title>\n<meta name=\"robots\" content=\"index, follow, max-snippet:-1, max-image-preview:large, max-video-preview:-1\" \/>\n<link rel=\"canonical\" href=\"https:\/\/agoracivica.cat\/fr\/activitat\/cultures-en-resistance-droits-en-construction-cabaret-des-projets-selectionnes-dans-le-cadre-de-ledition-2025-de-culturopolis\/\" \/>\n<meta property=\"og:locale\" content=\"fr_FR\" \/>\n<meta property=\"og:type\" content=\"article\" \/>\n<meta property=\"og:title\" content=\"Cultures en r\u00e9sistance, droits en construction. Cabaret des projets s\u00e9lectionn\u00e9s dans le cadre de l\u2019\u00e9dition 2025 de Culturopolis - \u00c0gora C\u00edvica\" \/>\n<meta property=\"og:description\" content=\"Cette activit\u00e9 regroupe une s\u00e9lection de projets qui, \u00e0 partir de diff\u00e9rents territoires et pratiques, envisagent la culture comme un outil de transformation sociale et un espace \u00e0 partir duquel il est possible de d\u00e9fendre d\u2019autres droits fondamentaux.\" \/>\n<meta property=\"og:url\" content=\"https:\/\/agoracivica.cat\/fr\/activitat\/cultures-en-resistance-droits-en-construction-cabaret-des-projets-selectionnes-dans-le-cadre-de-ledition-2025-de-culturopolis\/\" \/>\n<meta property=\"og:site_name\" content=\"\u00c0gora C\u00edvica\" \/>\n<meta property=\"article:modified_time\" content=\"2025-09-25T13:23:27+00:00\" \/>\n<meta property=\"og:image\" content=\"https:\/\/agoracivica.cat\/wp-content\/uploads\/2025\/07\/Eix_Altres.jpg\" \/>\n\t<meta property=\"og:image:width\" content=\"1080\" \/>\n\t<meta property=\"og:image:height\" content=\"1389\" \/>\n\t<meta property=\"og:image:type\" content=\"image\/jpeg\" \/>\n<meta name=\"twitter:card\" content=\"summary_large_image\" \/>\n<meta name=\"twitter:label1\" content=\"Dur\u00e9e de lecture estim\u00e9e\" \/>\n\t<meta name=\"twitter:data1\" content=\"1 minute\" \/>\n<script type=\"application\/ld+json\" class=\"yoast-schema-graph\">{\"@context\":\"https:\/\/schema.org\",\"@graph\":[{\"@type\":\"WebPage\",\"@id\":\"https:\/\/agoracivica.cat\/fr\/activitat\/cultures-en-resistance-droits-en-construction-cabaret-des-projets-selectionnes-dans-le-cadre-de-ledition-2025-de-culturopolis\/\",\"url\":\"https:\/\/agoracivica.cat\/fr\/activitat\/cultures-en-resistance-droits-en-construction-cabaret-des-projets-selectionnes-dans-le-cadre-de-ledition-2025-de-culturopolis\/\",\"name\":\"Cultures en r\u00e9sistance, droits en construction. Cabaret des projets s\u00e9lectionn\u00e9s dans le cadre de l\u2019\u00e9dition 2025 de Culturopolis - \u00c0gora C\u00edvica\",\"isPartOf\":{\"@id\":\"https:\/\/agoracivica.cat\/#website\"},\"primaryImageOfPage\":{\"@id\":\"https:\/\/agoracivica.cat\/fr\/activitat\/cultures-en-resistance-droits-en-construction-cabaret-des-projets-selectionnes-dans-le-cadre-de-ledition-2025-de-culturopolis\/#primaryimage\"},\"image\":{\"@id\":\"https:\/\/agoracivica.cat\/fr\/activitat\/cultures-en-resistance-droits-en-construction-cabaret-des-projets-selectionnes-dans-le-cadre-de-ledition-2025-de-culturopolis\/#primaryimage\"},\"thumbnailUrl\":\"https:\/\/agoracivica.cat\/wp-content\/uploads\/2025\/07\/Eix_Altres.jpg\",\"datePublished\":\"2025-07-30T11:20:39+00:00\",\"dateModified\":\"2025-09-25T13:23:27+00:00\",\"breadcrumb\":{\"@id\":\"https:\/\/agoracivica.cat\/fr\/activitat\/cultures-en-resistance-droits-en-construction-cabaret-des-projets-selectionnes-dans-le-cadre-de-ledition-2025-de-culturopolis\/#breadcrumb\"},\"inLanguage\":\"fr-FR\",\"potentialAction\":[{\"@type\":\"ReadAction\",\"target\":[\"https:\/\/agoracivica.cat\/fr\/activitat\/cultures-en-resistance-droits-en-construction-cabaret-des-projets-selectionnes-dans-le-cadre-de-ledition-2025-de-culturopolis\/\"]}]},{\"@type\":\"ImageObject\",\"inLanguage\":\"fr-FR\",\"@id\":\"https:\/\/agoracivica.cat\/fr\/activitat\/cultures-en-resistance-droits-en-construction-cabaret-des-projets-selectionnes-dans-le-cadre-de-ledition-2025-de-culturopolis\/#primaryimage\",\"url\":\"https:\/\/agoracivica.cat\/wp-content\/uploads\/2025\/07\/Eix_Altres.jpg\",\"contentUrl\":\"https:\/\/agoracivica.cat\/wp-content\/uploads\/2025\/07\/Eix_Altres.jpg\",\"width\":1080,\"height\":1389},{\"@type\":\"BreadcrumbList\",\"@id\":\"https:\/\/agoracivica.cat\/fr\/activitat\/cultures-en-resistance-droits-en-construction-cabaret-des-projets-selectionnes-dans-le-cadre-de-ledition-2025-de-culturopolis\/#breadcrumb\",\"itemListElement\":[{\"@type\":\"ListItem\",\"position\":1,\"name\":\"Inici\",\"item\":\"https:\/\/agoracivica.cat\/\"},{\"@type\":\"ListItem\",\"position\":2,\"name\":\"Cultures en r\u00e9sistance, droits en construction. Cabaret des projets s\u00e9lectionn\u00e9s dans le cadre de l\u2019\u00e9dition 2025 de Culturopolis\"}]},{\"@type\":\"WebSite\",\"@id\":\"https:\/\/agoracivica.cat\/#website\",\"url\":\"https:\/\/agoracivica.cat\/\",\"name\":\"\u00c0gora C\u00edvica\",\"description\":\"Programa d&#039;activitats\",\"publisher\":{\"@id\":\"https:\/\/agoracivica.cat\/#organization\"},\"potentialAction\":[{\"@type\":\"SearchAction\",\"target\":{\"@type\":\"EntryPoint\",\"urlTemplate\":\"https:\/\/agoracivica.cat\/?s={search_term_string}\"},\"query-input\":{\"@type\":\"PropertyValueSpecification\",\"valueRequired\":true,\"valueName\":\"search_term_string\"}}],\"inLanguage\":\"fr-FR\"},{\"@type\":\"Organization\",\"@id\":\"https:\/\/agoracivica.cat\/#organization\",\"name\":\"\u00c0gora C\u00edvica\",\"url\":\"https:\/\/agoracivica.cat\/\",\"logo\":{\"@type\":\"ImageObject\",\"inLanguage\":\"fr-FR\",\"@id\":\"https:\/\/agoracivica.cat\/#\/schema\/logo\/image\/\",\"url\":\"https:\/\/agoracivica.cat\/wp-content\/uploads\/2025\/05\/Grupo-51.svg\",\"contentUrl\":\"https:\/\/agoracivica.cat\/wp-content\/uploads\/2025\/05\/Grupo-51.svg\",\"width\":1,\"height\":1,\"caption\":\"\u00c0gora C\u00edvica\"},\"image\":{\"@id\":\"https:\/\/agoracivica.cat\/#\/schema\/logo\/image\/\"}}]}<\/script>\n<!-- \/ Yoast SEO plugin. -->","yoast_head_json":{"title":"Cultures en r\u00e9sistance, droits en construction. Cabaret des projets s\u00e9lectionn\u00e9s dans le cadre de l\u2019\u00e9dition 2025 de Culturopolis - \u00c0gora C\u00edvica","robots":{"index":"index","follow":"follow","max-snippet":"max-snippet:-1","max-image-preview":"max-image-preview:large","max-video-preview":"max-video-preview:-1"},"canonical":"https:\/\/agoracivica.cat\/fr\/activitat\/cultures-en-resistance-droits-en-construction-cabaret-des-projets-selectionnes-dans-le-cadre-de-ledition-2025-de-culturopolis\/","og_locale":"fr_FR","og_type":"article","og_title":"Cultures en r\u00e9sistance, droits en construction. Cabaret des projets s\u00e9lectionn\u00e9s dans le cadre de l\u2019\u00e9dition 2025 de Culturopolis - \u00c0gora C\u00edvica","og_description":"Cette activit\u00e9 regroupe une s\u00e9lection de projets qui, \u00e0 partir de diff\u00e9rents territoires et pratiques, envisagent la culture comme un outil de transformation sociale et un espace \u00e0 partir duquel il est possible de d\u00e9fendre d\u2019autres droits fondamentaux.","og_url":"https:\/\/agoracivica.cat\/fr\/activitat\/cultures-en-resistance-droits-en-construction-cabaret-des-projets-selectionnes-dans-le-cadre-de-ledition-2025-de-culturopolis\/","og_site_name":"\u00c0gora C\u00edvica","article_modified_time":"2025-09-25T13:23:27+00:00","og_image":[{"width":1080,"height":1389,"url":"https:\/\/agoracivica.cat\/wp-content\/uploads\/2025\/07\/Eix_Altres.jpg","type":"image\/jpeg"}],"twitter_card":"summary_large_image","twitter_misc":{"Dur\u00e9e de lecture estim\u00e9e":"1 minute"},"schema":{"@context":"https:\/\/schema.org","@graph":[{"@type":"WebPage","@id":"https:\/\/agoracivica.cat\/fr\/activitat\/cultures-en-resistance-droits-en-construction-cabaret-des-projets-selectionnes-dans-le-cadre-de-ledition-2025-de-culturopolis\/","url":"https:\/\/agoracivica.cat\/fr\/activitat\/cultures-en-resistance-droits-en-construction-cabaret-des-projets-selectionnes-dans-le-cadre-de-ledition-2025-de-culturopolis\/","name":"Cultures en r\u00e9sistance, droits en construction. Cabaret des projets s\u00e9lectionn\u00e9s dans le cadre de l\u2019\u00e9dition 2025 de Culturopolis - \u00c0gora C\u00edvica","isPartOf":{"@id":"https:\/\/agoracivica.cat\/#website"},"primaryImageOfPage":{"@id":"https:\/\/agoracivica.cat\/fr\/activitat\/cultures-en-resistance-droits-en-construction-cabaret-des-projets-selectionnes-dans-le-cadre-de-ledition-2025-de-culturopolis\/#primaryimage"},"image":{"@id":"https:\/\/agoracivica.cat\/fr\/activitat\/cultures-en-resistance-droits-en-construction-cabaret-des-projets-selectionnes-dans-le-cadre-de-ledition-2025-de-culturopolis\/#primaryimage"},"thumbnailUrl":"https:\/\/agoracivica.cat\/wp-content\/uploads\/2025\/07\/Eix_Altres.jpg","datePublished":"2025-07-30T11:20:39+00:00","dateModified":"2025-09-25T13:23:27+00:00","breadcrumb":{"@id":"https:\/\/agoracivica.cat\/fr\/activitat\/cultures-en-resistance-droits-en-construction-cabaret-des-projets-selectionnes-dans-le-cadre-de-ledition-2025-de-culturopolis\/#breadcrumb"},"inLanguage":"fr-FR","potentialAction":[{"@type":"ReadAction","target":["https:\/\/agoracivica.cat\/fr\/activitat\/cultures-en-resistance-droits-en-construction-cabaret-des-projets-selectionnes-dans-le-cadre-de-ledition-2025-de-culturopolis\/"]}]},{"@type":"ImageObject","inLanguage":"fr-FR","@id":"https:\/\/agoracivica.cat\/fr\/activitat\/cultures-en-resistance-droits-en-construction-cabaret-des-projets-selectionnes-dans-le-cadre-de-ledition-2025-de-culturopolis\/#primaryimage","url":"https:\/\/agoracivica.cat\/wp-content\/uploads\/2025\/07\/Eix_Altres.jpg","contentUrl":"https:\/\/agoracivica.cat\/wp-content\/uploads\/2025\/07\/Eix_Altres.jpg","width":1080,"height":1389},{"@type":"BreadcrumbList","@id":"https:\/\/agoracivica.cat\/fr\/activitat\/cultures-en-resistance-droits-en-construction-cabaret-des-projets-selectionnes-dans-le-cadre-de-ledition-2025-de-culturopolis\/#breadcrumb","itemListElement":[{"@type":"ListItem","position":1,"name":"Inici","item":"https:\/\/agoracivica.cat\/"},{"@type":"ListItem","position":2,"name":"Cultures en r\u00e9sistance, droits en construction. Cabaret des projets s\u00e9lectionn\u00e9s dans le cadre de l\u2019\u00e9dition 2025 de Culturopolis"}]},{"@type":"WebSite","@id":"https:\/\/agoracivica.cat\/#website","url":"https:\/\/agoracivica.cat\/","name":"\u00c0gora C\u00edvica","description":"Programa d&#039;activitats","publisher":{"@id":"https:\/\/agoracivica.cat\/#organization"},"potentialAction":[{"@type":"SearchAction","target":{"@type":"EntryPoint","urlTemplate":"https:\/\/agoracivica.cat\/?s={search_term_string}"},"query-input":{"@type":"PropertyValueSpecification","valueRequired":true,"valueName":"search_term_string"}}],"inLanguage":"fr-FR"},{"@type":"Organization","@id":"https:\/\/agoracivica.cat\/#organization","name":"\u00c0gora C\u00edvica","url":"https:\/\/agoracivica.cat\/","logo":{"@type":"ImageObject","inLanguage":"fr-FR","@id":"https:\/\/agoracivica.cat\/#\/schema\/logo\/image\/","url":"https:\/\/agoracivica.cat\/wp-content\/uploads\/2025\/05\/Grupo-51.svg","contentUrl":"https:\/\/agoracivica.cat\/wp-content\/uploads\/2025\/05\/Grupo-51.svg","width":1,"height":1,"caption":"\u00c0gora C\u00edvica"},"image":{"@id":"https:\/\/agoracivica.cat\/#\/schema\/logo\/image\/"}}]}},"_links":{"self":[{"href":"https:\/\/agoracivica.cat\/fr\/wp-json\/wp\/v2\/activitat\/7914","targetHints":{"allow":["GET"]}}],"collection":[{"href":"https:\/\/agoracivica.cat\/fr\/wp-json\/wp\/v2\/activitat"}],"about":[{"href":"https:\/\/agoracivica.cat\/fr\/wp-json\/wp\/v2\/types\/activitat"}],"wp:featuredmedia":[{"embeddable":true,"href":"https:\/\/agoracivica.cat\/fr\/wp-json\/wp\/v2\/media\/2777"}],"wp:attachment":[{"href":"https:\/\/agoracivica.cat\/fr\/wp-json\/wp\/v2\/media?parent=7914"}],"wp:term":[{"taxonomy":"bloc-activitat","embeddable":true,"href":"https:\/\/agoracivica.cat\/fr\/wp-json\/wp\/v2\/bloc-activitat?post=7914"},{"taxonomy":"data","embeddable":true,"href":"https:\/\/agoracivica.cat\/fr\/wp-json\/wp\/v2\/data?post=7914"},{"taxonomy":"eix","embeddable":true,"href":"https:\/\/agoracivica.cat\/fr\/wp-json\/wp\/v2\/eix?post=7914"},{"taxonomy":"format","embeddable":true,"href":"https:\/\/agoracivica.cat\/fr\/wp-json\/wp\/v2\/format?post=7914"},{"taxonomy":"franja-horaria","embeddable":true,"href":"https:\/\/agoracivica.cat\/fr\/wp-json\/wp\/v2\/franja-horaria?post=7914"},{"taxonomy":"tipus-activitat","embeddable":true,"href":"https:\/\/agoracivica.cat\/fr\/wp-json\/wp\/v2\/tipus-activitat?post=7914"}],"curies":[{"name":"wp","href":"https:\/\/api.w.org\/{rel}","templated":true}]}}