{"id":8962,"date":"2025-08-08T13:25:21","date_gmt":"2025-08-08T13:25:21","guid":{"rendered":"https:\/\/agoracivica.cat\/activitat\/dolinda-a-barcelona-teixint-noves-xarxes-idolinda-a-barcelone-tisser-de-nouveaux-reseaux-ibero-americains-de-lieux-culturelsberoamericanes-de-punts-de-cultura\/"},"modified":"2025-09-25T13:29:24","modified_gmt":"2025-09-25T13:29:24","slug":"dolinda-a-barcelona-teixint-noves-xarxes-idolinda-a-barcelone-tisser-de-nouveaux-reseaux-ibero-americains-de-lieux-culturelsberoamericanes-de-punts-de-cultura","status":"publish","type":"activitat","link":"https:\/\/agoracivica.cat\/fr\/activitat\/dolinda-a-barcelona-teixint-noves-xarxes-idolinda-a-barcelone-tisser-de-nouveaux-reseaux-ibero-americains-de-lieux-culturelsberoamericanes-de-punts-de-cultura\/","title":{"rendered":"De Campinas en Barcelona: En teissent de rets nov\u00e8las iberoamericanas de ponches de cultura"},"content":{"rendered":"<p>Une rencontre visant \u00e0 apprendre gr\u00e2ce aux processus publics communautaires promus par IberCultura Viva.<\/p>\n<p>Qu\u2019est-ce qu\u2019un lieu culturel? Quelles sont les pratiques et les valeurs qui le d\u00e9finissent? Comment les r\u00e9seaux de lieux culturels peuvent-ils organiser des projets ancr\u00e9s dans le territoire, en lien avec les communaut\u00e9s et \u00e0 vocation transformatrice?  <\/p>\n<p>Cette communaut\u00e9 d\u2019apprentissage, organis\u00e9e conjointement avec IberCultura Viva (un programme du Secr\u00e9tariat g\u00e9n\u00e9ral ib\u00e9ro-am\u00e9ricain \u2013 SEGIB), propose une immersion partag\u00e9e dans les exp\u00e9riences de gestion culturelle communautaire en Am\u00e9rique latine, avec une attention particuli\u00e8re port\u00e9e au mouvement des lieux de culture (Pontos de Cultura), n\u00e9 au Br\u00e9sil pendant le mandat de Gilberto Gil en tant que ministre de la Culture. Ce mod\u00e8le inspirant a \u00e9volu\u00e9 et s\u2019est d\u00e9velopp\u00e9 dans plusieurs pays, tissant un r\u00e9seau vivant de projets culturels \u00e0 ancrage communautaire. <\/p>\n<p>L\u2019objectif est d\u2019\u00e9changer des connaissances pratiques sur le fonctionnement de ces \u00e9cosyst\u00e8mes publics et communautaires : comment activer un r\u00e9seau, quel r\u00f4le jouent les communaut\u00e9s et les institutions, quelles politiques publiques peuvent favoriser ces processus et comment adapter ce mod\u00e8le \u00e0 diff\u00e9rents contextes territoriaux, comme la Catalogne ou Barcelone.<\/p>\n<p>Une occasion de repenser la culture comme un droit et un bien commun, en s\u2019appuyant sur un dialogue Sud-Nord et un apprentissage mutuel entre exp\u00e9riences transformatrices.<\/p>\n","protected":false},"excerpt":{"rendered":"<p>Une immersion partag\u00e9e dans les exp\u00e9riences de gestion culturelle communautaire en Am\u00e9rique latine, avec une attention particuli\u00e8re port\u00e9e au mouvement des lieux de culture (Pontos de Cultura), n\u00e9 au Br\u00e9sil pendant le mandat de Gilberto Gil en tant que ministre de la Culture.<\/p>\n","protected":false},"featured_media":2802,"template":"","format":[233],"meta":{"_acf_changed":false,"_et_pb_use_builder":"","_et_pb_old_content":"","_et_gb_content_width":""},"bloc-activitat":[],"data":[112],"eix":[131],"franja-horaria":[145],"tipus-activitat":[152],"class_list":["post-8962","activitat","type-activitat","status-publish","has-post-thumbnail","hentry","data-01-10-2025-fr","eix-ecosystemes-culturels","format-atelier","franja-horaria-matin","tipus-activitat-agora-civica-fr"],"acf":[],"yoast_head":"<!-- This site is optimized with the Yoast SEO plugin v26.0 - https:\/\/yoast.com\/wordpress\/plugins\/seo\/ -->\n<title>De Campinas en Barcelona: En teissent de rets nov\u00e8las iberoamericanas de ponches de cultura - \u00c0gora C\u00edvica<\/title>\n<meta name=\"robots\" content=\"index, follow, max-snippet:-1, max-image-preview:large, max-video-preview:-1\" \/>\n<link rel=\"canonical\" href=\"https:\/\/agoracivica.cat\/fr\/activitat\/dolinda-a-barcelona-teixint-noves-xarxes-idolinda-a-barcelone-tisser-de-nouveaux-reseaux-ibero-americains-de-lieux-culturelsberoamericanes-de-punts-de-cultura\/\" \/>\n<meta property=\"og:locale\" content=\"fr_FR\" \/>\n<meta property=\"og:type\" content=\"article\" \/>\n<meta property=\"og:title\" content=\"De Campinas en Barcelona: En teissent de rets nov\u00e8las iberoamericanas de ponches de cultura - \u00c0gora C\u00edvica\" \/>\n<meta property=\"og:description\" content=\"Une immersion partag\u00e9e dans les exp\u00e9riences de gestion culturelle communautaire en Am\u00e9rique latine, avec une attention particuli\u00e8re port\u00e9e au mouvement des lieux de culture (Pontos de Cultura), n\u00e9 au Br\u00e9sil pendant le mandat de Gilberto Gil en tant que ministre de la Culture.\" \/>\n<meta property=\"og:url\" content=\"https:\/\/agoracivica.cat\/fr\/activitat\/dolinda-a-barcelona-teixint-noves-xarxes-idolinda-a-barcelone-tisser-de-nouveaux-reseaux-ibero-americains-de-lieux-culturelsberoamericanes-de-punts-de-cultura\/\" \/>\n<meta property=\"og:site_name\" content=\"\u00c0gora C\u00edvica\" \/>\n<meta property=\"article:modified_time\" content=\"2025-09-25T13:29:24+00:00\" \/>\n<meta property=\"og:image\" content=\"https:\/\/agoracivica.cat\/wp-content\/uploads\/2025\/07\/Eix_ecosistemescultura-scaled.jpg\" \/>\n\t<meta property=\"og:image:width\" content=\"1991\" \/>\n\t<meta property=\"og:image:height\" content=\"2560\" \/>\n\t<meta property=\"og:image:type\" content=\"image\/jpeg\" \/>\n<meta name=\"twitter:card\" content=\"summary_large_image\" \/>\n<meta name=\"twitter:label1\" content=\"Dur\u00e9e de lecture estim\u00e9e\" \/>\n\t<meta name=\"twitter:data1\" content=\"1 minute\" \/>\n<script type=\"application\/ld+json\" class=\"yoast-schema-graph\">{\"@context\":\"https:\/\/schema.org\",\"@graph\":[{\"@type\":\"WebPage\",\"@id\":\"https:\/\/agoracivica.cat\/fr\/activitat\/dolinda-a-barcelona-teixint-noves-xarxes-idolinda-a-barcelone-tisser-de-nouveaux-reseaux-ibero-americains-de-lieux-culturelsberoamericanes-de-punts-de-cultura\/\",\"url\":\"https:\/\/agoracivica.cat\/fr\/activitat\/dolinda-a-barcelona-teixint-noves-xarxes-idolinda-a-barcelone-tisser-de-nouveaux-reseaux-ibero-americains-de-lieux-culturelsberoamericanes-de-punts-de-cultura\/\",\"name\":\"De Campinas en Barcelona: En teissent de rets nov\u00e8las iberoamericanas de ponches de cultura - \u00c0gora C\u00edvica\",\"isPartOf\":{\"@id\":\"https:\/\/agoracivica.cat\/#website\"},\"primaryImageOfPage\":{\"@id\":\"https:\/\/agoracivica.cat\/fr\/activitat\/dolinda-a-barcelona-teixint-noves-xarxes-idolinda-a-barcelone-tisser-de-nouveaux-reseaux-ibero-americains-de-lieux-culturelsberoamericanes-de-punts-de-cultura\/#primaryimage\"},\"image\":{\"@id\":\"https:\/\/agoracivica.cat\/fr\/activitat\/dolinda-a-barcelona-teixint-noves-xarxes-idolinda-a-barcelone-tisser-de-nouveaux-reseaux-ibero-americains-de-lieux-culturelsberoamericanes-de-punts-de-cultura\/#primaryimage\"},\"thumbnailUrl\":\"https:\/\/agoracivica.cat\/wp-content\/uploads\/2025\/07\/Eix_ecosistemescultura-scaled.jpg\",\"datePublished\":\"2025-08-08T13:25:21+00:00\",\"dateModified\":\"2025-09-25T13:29:24+00:00\",\"breadcrumb\":{\"@id\":\"https:\/\/agoracivica.cat\/fr\/activitat\/dolinda-a-barcelona-teixint-noves-xarxes-idolinda-a-barcelone-tisser-de-nouveaux-reseaux-ibero-americains-de-lieux-culturelsberoamericanes-de-punts-de-cultura\/#breadcrumb\"},\"inLanguage\":\"fr-FR\",\"potentialAction\":[{\"@type\":\"ReadAction\",\"target\":[\"https:\/\/agoracivica.cat\/fr\/activitat\/dolinda-a-barcelona-teixint-noves-xarxes-idolinda-a-barcelone-tisser-de-nouveaux-reseaux-ibero-americains-de-lieux-culturelsberoamericanes-de-punts-de-cultura\/\"]}]},{\"@type\":\"ImageObject\",\"inLanguage\":\"fr-FR\",\"@id\":\"https:\/\/agoracivica.cat\/fr\/activitat\/dolinda-a-barcelona-teixint-noves-xarxes-idolinda-a-barcelone-tisser-de-nouveaux-reseaux-ibero-americains-de-lieux-culturelsberoamericanes-de-punts-de-cultura\/#primaryimage\",\"url\":\"https:\/\/agoracivica.cat\/wp-content\/uploads\/2025\/07\/Eix_ecosistemescultura-scaled.jpg\",\"contentUrl\":\"https:\/\/agoracivica.cat\/wp-content\/uploads\/2025\/07\/Eix_ecosistemescultura-scaled.jpg\",\"width\":1991,\"height\":2560},{\"@type\":\"BreadcrumbList\",\"@id\":\"https:\/\/agoracivica.cat\/fr\/activitat\/dolinda-a-barcelona-teixint-noves-xarxes-idolinda-a-barcelone-tisser-de-nouveaux-reseaux-ibero-americains-de-lieux-culturelsberoamericanes-de-punts-de-cultura\/#breadcrumb\",\"itemListElement\":[{\"@type\":\"ListItem\",\"position\":1,\"name\":\"Inici\",\"item\":\"https:\/\/agoracivica.cat\/\"},{\"@type\":\"ListItem\",\"position\":2,\"name\":\"De Campinas en Barcelona: En teissent de rets nov\u00e8las iberoamericanas de ponches de cultura\"}]},{\"@type\":\"WebSite\",\"@id\":\"https:\/\/agoracivica.cat\/#website\",\"url\":\"https:\/\/agoracivica.cat\/\",\"name\":\"\u00c0gora C\u00edvica\",\"description\":\"Programa d&#039;activitats\",\"publisher\":{\"@id\":\"https:\/\/agoracivica.cat\/#organization\"},\"potentialAction\":[{\"@type\":\"SearchAction\",\"target\":{\"@type\":\"EntryPoint\",\"urlTemplate\":\"https:\/\/agoracivica.cat\/?s={search_term_string}\"},\"query-input\":{\"@type\":\"PropertyValueSpecification\",\"valueRequired\":true,\"valueName\":\"search_term_string\"}}],\"inLanguage\":\"fr-FR\"},{\"@type\":\"Organization\",\"@id\":\"https:\/\/agoracivica.cat\/#organization\",\"name\":\"\u00c0gora C\u00edvica\",\"url\":\"https:\/\/agoracivica.cat\/\",\"logo\":{\"@type\":\"ImageObject\",\"inLanguage\":\"fr-FR\",\"@id\":\"https:\/\/agoracivica.cat\/#\/schema\/logo\/image\/\",\"url\":\"https:\/\/agoracivica.cat\/wp-content\/uploads\/2025\/05\/Grupo-51.svg\",\"contentUrl\":\"https:\/\/agoracivica.cat\/wp-content\/uploads\/2025\/05\/Grupo-51.svg\",\"width\":1,\"height\":1,\"caption\":\"\u00c0gora C\u00edvica\"},\"image\":{\"@id\":\"https:\/\/agoracivica.cat\/#\/schema\/logo\/image\/\"}}]}<\/script>\n<!-- \/ Yoast SEO plugin. -->","yoast_head_json":{"title":"De Campinas en Barcelona: En teissent de rets nov\u00e8las iberoamericanas de ponches de cultura - \u00c0gora C\u00edvica","robots":{"index":"index","follow":"follow","max-snippet":"max-snippet:-1","max-image-preview":"max-image-preview:large","max-video-preview":"max-video-preview:-1"},"canonical":"https:\/\/agoracivica.cat\/fr\/activitat\/dolinda-a-barcelona-teixint-noves-xarxes-idolinda-a-barcelone-tisser-de-nouveaux-reseaux-ibero-americains-de-lieux-culturelsberoamericanes-de-punts-de-cultura\/","og_locale":"fr_FR","og_type":"article","og_title":"De Campinas en Barcelona: En teissent de rets nov\u00e8las iberoamericanas de ponches de cultura - \u00c0gora C\u00edvica","og_description":"Une immersion partag\u00e9e dans les exp\u00e9riences de gestion culturelle communautaire en Am\u00e9rique latine, avec une attention particuli\u00e8re port\u00e9e au mouvement des lieux de culture (Pontos de Cultura), n\u00e9 au Br\u00e9sil pendant le mandat de Gilberto Gil en tant que ministre de la Culture.","og_url":"https:\/\/agoracivica.cat\/fr\/activitat\/dolinda-a-barcelona-teixint-noves-xarxes-idolinda-a-barcelone-tisser-de-nouveaux-reseaux-ibero-americains-de-lieux-culturelsberoamericanes-de-punts-de-cultura\/","og_site_name":"\u00c0gora C\u00edvica","article_modified_time":"2025-09-25T13:29:24+00:00","og_image":[{"width":1991,"height":2560,"url":"https:\/\/agoracivica.cat\/wp-content\/uploads\/2025\/07\/Eix_ecosistemescultura-scaled.jpg","type":"image\/jpeg"}],"twitter_card":"summary_large_image","twitter_misc":{"Dur\u00e9e de lecture estim\u00e9e":"1 minute"},"schema":{"@context":"https:\/\/schema.org","@graph":[{"@type":"WebPage","@id":"https:\/\/agoracivica.cat\/fr\/activitat\/dolinda-a-barcelona-teixint-noves-xarxes-idolinda-a-barcelone-tisser-de-nouveaux-reseaux-ibero-americains-de-lieux-culturelsberoamericanes-de-punts-de-cultura\/","url":"https:\/\/agoracivica.cat\/fr\/activitat\/dolinda-a-barcelona-teixint-noves-xarxes-idolinda-a-barcelone-tisser-de-nouveaux-reseaux-ibero-americains-de-lieux-culturelsberoamericanes-de-punts-de-cultura\/","name":"De Campinas en Barcelona: En teissent de rets nov\u00e8las iberoamericanas de ponches de cultura - \u00c0gora C\u00edvica","isPartOf":{"@id":"https:\/\/agoracivica.cat\/#website"},"primaryImageOfPage":{"@id":"https:\/\/agoracivica.cat\/fr\/activitat\/dolinda-a-barcelona-teixint-noves-xarxes-idolinda-a-barcelone-tisser-de-nouveaux-reseaux-ibero-americains-de-lieux-culturelsberoamericanes-de-punts-de-cultura\/#primaryimage"},"image":{"@id":"https:\/\/agoracivica.cat\/fr\/activitat\/dolinda-a-barcelona-teixint-noves-xarxes-idolinda-a-barcelone-tisser-de-nouveaux-reseaux-ibero-americains-de-lieux-culturelsberoamericanes-de-punts-de-cultura\/#primaryimage"},"thumbnailUrl":"https:\/\/agoracivica.cat\/wp-content\/uploads\/2025\/07\/Eix_ecosistemescultura-scaled.jpg","datePublished":"2025-08-08T13:25:21+00:00","dateModified":"2025-09-25T13:29:24+00:00","breadcrumb":{"@id":"https:\/\/agoracivica.cat\/fr\/activitat\/dolinda-a-barcelona-teixint-noves-xarxes-idolinda-a-barcelone-tisser-de-nouveaux-reseaux-ibero-americains-de-lieux-culturelsberoamericanes-de-punts-de-cultura\/#breadcrumb"},"inLanguage":"fr-FR","potentialAction":[{"@type":"ReadAction","target":["https:\/\/agoracivica.cat\/fr\/activitat\/dolinda-a-barcelona-teixint-noves-xarxes-idolinda-a-barcelone-tisser-de-nouveaux-reseaux-ibero-americains-de-lieux-culturelsberoamericanes-de-punts-de-cultura\/"]}]},{"@type":"ImageObject","inLanguage":"fr-FR","@id":"https:\/\/agoracivica.cat\/fr\/activitat\/dolinda-a-barcelona-teixint-noves-xarxes-idolinda-a-barcelone-tisser-de-nouveaux-reseaux-ibero-americains-de-lieux-culturelsberoamericanes-de-punts-de-cultura\/#primaryimage","url":"https:\/\/agoracivica.cat\/wp-content\/uploads\/2025\/07\/Eix_ecosistemescultura-scaled.jpg","contentUrl":"https:\/\/agoracivica.cat\/wp-content\/uploads\/2025\/07\/Eix_ecosistemescultura-scaled.jpg","width":1991,"height":2560},{"@type":"BreadcrumbList","@id":"https:\/\/agoracivica.cat\/fr\/activitat\/dolinda-a-barcelona-teixint-noves-xarxes-idolinda-a-barcelone-tisser-de-nouveaux-reseaux-ibero-americains-de-lieux-culturelsberoamericanes-de-punts-de-cultura\/#breadcrumb","itemListElement":[{"@type":"ListItem","position":1,"name":"Inici","item":"https:\/\/agoracivica.cat\/"},{"@type":"ListItem","position":2,"name":"De Campinas en Barcelona: En teissent de rets nov\u00e8las iberoamericanas de ponches de cultura"}]},{"@type":"WebSite","@id":"https:\/\/agoracivica.cat\/#website","url":"https:\/\/agoracivica.cat\/","name":"\u00c0gora C\u00edvica","description":"Programa d&#039;activitats","publisher":{"@id":"https:\/\/agoracivica.cat\/#organization"},"potentialAction":[{"@type":"SearchAction","target":{"@type":"EntryPoint","urlTemplate":"https:\/\/agoracivica.cat\/?s={search_term_string}"},"query-input":{"@type":"PropertyValueSpecification","valueRequired":true,"valueName":"search_term_string"}}],"inLanguage":"fr-FR"},{"@type":"Organization","@id":"https:\/\/agoracivica.cat\/#organization","name":"\u00c0gora C\u00edvica","url":"https:\/\/agoracivica.cat\/","logo":{"@type":"ImageObject","inLanguage":"fr-FR","@id":"https:\/\/agoracivica.cat\/#\/schema\/logo\/image\/","url":"https:\/\/agoracivica.cat\/wp-content\/uploads\/2025\/05\/Grupo-51.svg","contentUrl":"https:\/\/agoracivica.cat\/wp-content\/uploads\/2025\/05\/Grupo-51.svg","width":1,"height":1,"caption":"\u00c0gora C\u00edvica"},"image":{"@id":"https:\/\/agoracivica.cat\/#\/schema\/logo\/image\/"}}]}},"_links":{"self":[{"href":"https:\/\/agoracivica.cat\/fr\/wp-json\/wp\/v2\/activitat\/8962","targetHints":{"allow":["GET"]}}],"collection":[{"href":"https:\/\/agoracivica.cat\/fr\/wp-json\/wp\/v2\/activitat"}],"about":[{"href":"https:\/\/agoracivica.cat\/fr\/wp-json\/wp\/v2\/types\/activitat"}],"wp:featuredmedia":[{"embeddable":true,"href":"https:\/\/agoracivica.cat\/fr\/wp-json\/wp\/v2\/media\/2802"}],"wp:attachment":[{"href":"https:\/\/agoracivica.cat\/fr\/wp-json\/wp\/v2\/media?parent=8962"}],"wp:term":[{"taxonomy":"bloc-activitat","embeddable":true,"href":"https:\/\/agoracivica.cat\/fr\/wp-json\/wp\/v2\/bloc-activitat?post=8962"},{"taxonomy":"data","embeddable":true,"href":"https:\/\/agoracivica.cat\/fr\/wp-json\/wp\/v2\/data?post=8962"},{"taxonomy":"eix","embeddable":true,"href":"https:\/\/agoracivica.cat\/fr\/wp-json\/wp\/v2\/eix?post=8962"},{"taxonomy":"format","embeddable":true,"href":"https:\/\/agoracivica.cat\/fr\/wp-json\/wp\/v2\/format?post=8962"},{"taxonomy":"franja-horaria","embeddable":true,"href":"https:\/\/agoracivica.cat\/fr\/wp-json\/wp\/v2\/franja-horaria?post=8962"},{"taxonomy":"tipus-activitat","embeddable":true,"href":"https:\/\/agoracivica.cat\/fr\/wp-json\/wp\/v2\/tipus-activitat?post=8962"}],"curies":[{"name":"wp","href":"https:\/\/api.w.org\/{rel}","templated":true}]}}