{"id":9178,"date":"2025-08-07T09:00:14","date_gmt":"2025-08-07T09:00:14","guid":{"rendered":"https:\/\/agoracivica.cat\/activitat\/la-culture-comme-droit-universalite-et-diversite\/"},"modified":"2025-09-25T12:56:06","modified_gmt":"2025-09-25T12:56:06","slug":"la-culture-comme-droit-universalite-et-diversite","status":"publish","type":"activitat","link":"https:\/\/agoracivica.cat\/fr\/activitat\/la-culture-comme-droit-universalite-et-diversite\/","title":{"rendered":"Droits culturels : une passerelle entre l\u2019universalit\u00e9 et la diversit\u00e9"},"content":{"rendered":"<p>La conf\u00e9rence d\u2019ouverture de l\u2019\u00c0gora C\u00edvica \u00e9rigera les droits culturels en paradigme de l\u2019interpr\u00e9tation de la culture en tant qu\u2019\u00e9l\u00e9ment cl\u00e9 du d\u00e9veloppement humain et de la durabilit\u00e9. Le poste de rapporteur sp\u00e9cial des Nations unies dans le domaine des droits culturels, occup\u00e9 depuis 2021 par Alexandra Xanthaki, a jou\u00e9 un r\u00f4le essentiel dans l\u2019am\u00e9lioration de la compr\u00e9hension des droits culturels et de leur traduction en politiques et pratiques concr\u00e8tes dans le monde entier. Dans cette intervention inaugurale, elle abordera notamment la relation entre l\u2019universalit\u00e9 des droits culturels et la reconnaissance de la diversit\u00e9 des formes de vie et d\u2019expression.  <\/p>\n","protected":false},"excerpt":{"rendered":"<p>La conf\u00e9rence d\u2019ouverture de l\u2019\u00c0gora C\u00edvica \u00e9rigera les droits culturels en paradigme de l\u2019interpr\u00e9tation de la culture en tant qu\u2019\u00e9l\u00e9ment cl\u00e9 du d\u00e9veloppement humain et de la durabilit\u00e9. <\/p>\n","protected":false},"featured_media":2797,"template":"","format":[179],"meta":{"_acf_changed":false,"_et_pb_use_builder":"","_et_pb_old_content":"","_et_gb_content_width":""},"bloc-activitat":[99],"data":[239],"eix":[119],"franja-horaria":[145],"tipus-activitat":[152],"class_list":["post-9178","activitat","type-activitat","status-publish","has-post-thumbnail","hentry","bloc-activitat-debatim-fr","data-26-09-2025-fr","eix-drets-culturals-fr","format-conference-fr","franja-horaria-matin","tipus-activitat-agora-civica-fr"],"acf":[],"yoast_head":"<!-- This site is optimized with the Yoast SEO plugin v26.0 - https:\/\/yoast.com\/wordpress\/plugins\/seo\/ -->\n<title>Droits culturels : une passerelle entre l\u2019universalit\u00e9 et la diversit\u00e9 - \u00c0gora C\u00edvica<\/title>\n<meta name=\"robots\" content=\"index, follow, max-snippet:-1, max-image-preview:large, max-video-preview:-1\" \/>\n<link rel=\"canonical\" href=\"https:\/\/agoracivica.cat\/fr\/activitat\/la-culture-comme-droit-universalite-et-diversite\/\" \/>\n<meta property=\"og:locale\" content=\"fr_FR\" \/>\n<meta property=\"og:type\" content=\"article\" \/>\n<meta property=\"og:title\" content=\"Droits culturels : une passerelle entre l\u2019universalit\u00e9 et la diversit\u00e9 - \u00c0gora C\u00edvica\" \/>\n<meta property=\"og:description\" content=\"La conf\u00e9rence d\u2019ouverture de l\u2019\u00c0gora C\u00edvica \u00e9rigera les droits culturels en paradigme de l\u2019interpr\u00e9tation de la culture en tant qu\u2019\u00e9l\u00e9ment cl\u00e9 du d\u00e9veloppement humain et de la durabilit\u00e9.\" \/>\n<meta property=\"og:url\" content=\"https:\/\/agoracivica.cat\/fr\/activitat\/la-culture-comme-droit-universalite-et-diversite\/\" \/>\n<meta property=\"og:site_name\" content=\"\u00c0gora C\u00edvica\" \/>\n<meta property=\"article:modified_time\" content=\"2025-09-25T12:56:06+00:00\" \/>\n<meta property=\"og:image\" content=\"https:\/\/agoracivica.cat\/wp-content\/uploads\/2025\/07\/Eix_dretsculturals.jpg\" \/>\n\t<meta property=\"og:image:width\" content=\"1080\" \/>\n\t<meta property=\"og:image:height\" content=\"1389\" \/>\n\t<meta property=\"og:image:type\" content=\"image\/jpeg\" \/>\n<meta name=\"twitter:card\" content=\"summary_large_image\" \/>\n<meta name=\"twitter:label1\" content=\"Dur\u00e9e de lecture estim\u00e9e\" \/>\n\t<meta name=\"twitter:data1\" content=\"1 minute\" \/>\n<script type=\"application\/ld+json\" class=\"yoast-schema-graph\">{\"@context\":\"https:\/\/schema.org\",\"@graph\":[{\"@type\":\"WebPage\",\"@id\":\"https:\/\/agoracivica.cat\/fr\/activitat\/la-culture-comme-droit-universalite-et-diversite\/\",\"url\":\"https:\/\/agoracivica.cat\/fr\/activitat\/la-culture-comme-droit-universalite-et-diversite\/\",\"name\":\"Droits culturels : une passerelle entre l\u2019universalit\u00e9 et la diversit\u00e9 - \u00c0gora C\u00edvica\",\"isPartOf\":{\"@id\":\"https:\/\/agoracivica.cat\/#website\"},\"primaryImageOfPage\":{\"@id\":\"https:\/\/agoracivica.cat\/fr\/activitat\/la-culture-comme-droit-universalite-et-diversite\/#primaryimage\"},\"image\":{\"@id\":\"https:\/\/agoracivica.cat\/fr\/activitat\/la-culture-comme-droit-universalite-et-diversite\/#primaryimage\"},\"thumbnailUrl\":\"https:\/\/agoracivica.cat\/wp-content\/uploads\/2025\/07\/Eix_dretsculturals.jpg\",\"datePublished\":\"2025-08-07T09:00:14+00:00\",\"dateModified\":\"2025-09-25T12:56:06+00:00\",\"breadcrumb\":{\"@id\":\"https:\/\/agoracivica.cat\/fr\/activitat\/la-culture-comme-droit-universalite-et-diversite\/#breadcrumb\"},\"inLanguage\":\"fr-FR\",\"potentialAction\":[{\"@type\":\"ReadAction\",\"target\":[\"https:\/\/agoracivica.cat\/fr\/activitat\/la-culture-comme-droit-universalite-et-diversite\/\"]}]},{\"@type\":\"ImageObject\",\"inLanguage\":\"fr-FR\",\"@id\":\"https:\/\/agoracivica.cat\/fr\/activitat\/la-culture-comme-droit-universalite-et-diversite\/#primaryimage\",\"url\":\"https:\/\/agoracivica.cat\/wp-content\/uploads\/2025\/07\/Eix_dretsculturals.jpg\",\"contentUrl\":\"https:\/\/agoracivica.cat\/wp-content\/uploads\/2025\/07\/Eix_dretsculturals.jpg\",\"width\":1080,\"height\":1389},{\"@type\":\"BreadcrumbList\",\"@id\":\"https:\/\/agoracivica.cat\/fr\/activitat\/la-culture-comme-droit-universalite-et-diversite\/#breadcrumb\",\"itemListElement\":[{\"@type\":\"ListItem\",\"position\":1,\"name\":\"Inici\",\"item\":\"https:\/\/agoracivica.cat\/\"},{\"@type\":\"ListItem\",\"position\":2,\"name\":\"Droits culturels : une passerelle entre l\u2019universalit\u00e9 et la diversit\u00e9\"}]},{\"@type\":\"WebSite\",\"@id\":\"https:\/\/agoracivica.cat\/#website\",\"url\":\"https:\/\/agoracivica.cat\/\",\"name\":\"\u00c0gora C\u00edvica\",\"description\":\"Programa d&#039;activitats\",\"publisher\":{\"@id\":\"https:\/\/agoracivica.cat\/#organization\"},\"potentialAction\":[{\"@type\":\"SearchAction\",\"target\":{\"@type\":\"EntryPoint\",\"urlTemplate\":\"https:\/\/agoracivica.cat\/?s={search_term_string}\"},\"query-input\":{\"@type\":\"PropertyValueSpecification\",\"valueRequired\":true,\"valueName\":\"search_term_string\"}}],\"inLanguage\":\"fr-FR\"},{\"@type\":\"Organization\",\"@id\":\"https:\/\/agoracivica.cat\/#organization\",\"name\":\"\u00c0gora C\u00edvica\",\"url\":\"https:\/\/agoracivica.cat\/\",\"logo\":{\"@type\":\"ImageObject\",\"inLanguage\":\"fr-FR\",\"@id\":\"https:\/\/agoracivica.cat\/#\/schema\/logo\/image\/\",\"url\":\"https:\/\/agoracivica.cat\/wp-content\/uploads\/2025\/05\/Grupo-51.svg\",\"contentUrl\":\"https:\/\/agoracivica.cat\/wp-content\/uploads\/2025\/05\/Grupo-51.svg\",\"width\":1,\"height\":1,\"caption\":\"\u00c0gora C\u00edvica\"},\"image\":{\"@id\":\"https:\/\/agoracivica.cat\/#\/schema\/logo\/image\/\"}}]}<\/script>\n<!-- \/ Yoast SEO plugin. -->","yoast_head_json":{"title":"Droits culturels : une passerelle entre l\u2019universalit\u00e9 et la diversit\u00e9 - \u00c0gora C\u00edvica","robots":{"index":"index","follow":"follow","max-snippet":"max-snippet:-1","max-image-preview":"max-image-preview:large","max-video-preview":"max-video-preview:-1"},"canonical":"https:\/\/agoracivica.cat\/fr\/activitat\/la-culture-comme-droit-universalite-et-diversite\/","og_locale":"fr_FR","og_type":"article","og_title":"Droits culturels : une passerelle entre l\u2019universalit\u00e9 et la diversit\u00e9 - \u00c0gora C\u00edvica","og_description":"La conf\u00e9rence d\u2019ouverture de l\u2019\u00c0gora C\u00edvica \u00e9rigera les droits culturels en paradigme de l\u2019interpr\u00e9tation de la culture en tant qu\u2019\u00e9l\u00e9ment cl\u00e9 du d\u00e9veloppement humain et de la durabilit\u00e9.","og_url":"https:\/\/agoracivica.cat\/fr\/activitat\/la-culture-comme-droit-universalite-et-diversite\/","og_site_name":"\u00c0gora C\u00edvica","article_modified_time":"2025-09-25T12:56:06+00:00","og_image":[{"width":1080,"height":1389,"url":"https:\/\/agoracivica.cat\/wp-content\/uploads\/2025\/07\/Eix_dretsculturals.jpg","type":"image\/jpeg"}],"twitter_card":"summary_large_image","twitter_misc":{"Dur\u00e9e de lecture estim\u00e9e":"1 minute"},"schema":{"@context":"https:\/\/schema.org","@graph":[{"@type":"WebPage","@id":"https:\/\/agoracivica.cat\/fr\/activitat\/la-culture-comme-droit-universalite-et-diversite\/","url":"https:\/\/agoracivica.cat\/fr\/activitat\/la-culture-comme-droit-universalite-et-diversite\/","name":"Droits culturels : une passerelle entre l\u2019universalit\u00e9 et la diversit\u00e9 - \u00c0gora C\u00edvica","isPartOf":{"@id":"https:\/\/agoracivica.cat\/#website"},"primaryImageOfPage":{"@id":"https:\/\/agoracivica.cat\/fr\/activitat\/la-culture-comme-droit-universalite-et-diversite\/#primaryimage"},"image":{"@id":"https:\/\/agoracivica.cat\/fr\/activitat\/la-culture-comme-droit-universalite-et-diversite\/#primaryimage"},"thumbnailUrl":"https:\/\/agoracivica.cat\/wp-content\/uploads\/2025\/07\/Eix_dretsculturals.jpg","datePublished":"2025-08-07T09:00:14+00:00","dateModified":"2025-09-25T12:56:06+00:00","breadcrumb":{"@id":"https:\/\/agoracivica.cat\/fr\/activitat\/la-culture-comme-droit-universalite-et-diversite\/#breadcrumb"},"inLanguage":"fr-FR","potentialAction":[{"@type":"ReadAction","target":["https:\/\/agoracivica.cat\/fr\/activitat\/la-culture-comme-droit-universalite-et-diversite\/"]}]},{"@type":"ImageObject","inLanguage":"fr-FR","@id":"https:\/\/agoracivica.cat\/fr\/activitat\/la-culture-comme-droit-universalite-et-diversite\/#primaryimage","url":"https:\/\/agoracivica.cat\/wp-content\/uploads\/2025\/07\/Eix_dretsculturals.jpg","contentUrl":"https:\/\/agoracivica.cat\/wp-content\/uploads\/2025\/07\/Eix_dretsculturals.jpg","width":1080,"height":1389},{"@type":"BreadcrumbList","@id":"https:\/\/agoracivica.cat\/fr\/activitat\/la-culture-comme-droit-universalite-et-diversite\/#breadcrumb","itemListElement":[{"@type":"ListItem","position":1,"name":"Inici","item":"https:\/\/agoracivica.cat\/"},{"@type":"ListItem","position":2,"name":"Droits culturels : une passerelle entre l\u2019universalit\u00e9 et la diversit\u00e9"}]},{"@type":"WebSite","@id":"https:\/\/agoracivica.cat\/#website","url":"https:\/\/agoracivica.cat\/","name":"\u00c0gora C\u00edvica","description":"Programa d&#039;activitats","publisher":{"@id":"https:\/\/agoracivica.cat\/#organization"},"potentialAction":[{"@type":"SearchAction","target":{"@type":"EntryPoint","urlTemplate":"https:\/\/agoracivica.cat\/?s={search_term_string}"},"query-input":{"@type":"PropertyValueSpecification","valueRequired":true,"valueName":"search_term_string"}}],"inLanguage":"fr-FR"},{"@type":"Organization","@id":"https:\/\/agoracivica.cat\/#organization","name":"\u00c0gora C\u00edvica","url":"https:\/\/agoracivica.cat\/","logo":{"@type":"ImageObject","inLanguage":"fr-FR","@id":"https:\/\/agoracivica.cat\/#\/schema\/logo\/image\/","url":"https:\/\/agoracivica.cat\/wp-content\/uploads\/2025\/05\/Grupo-51.svg","contentUrl":"https:\/\/agoracivica.cat\/wp-content\/uploads\/2025\/05\/Grupo-51.svg","width":1,"height":1,"caption":"\u00c0gora C\u00edvica"},"image":{"@id":"https:\/\/agoracivica.cat\/#\/schema\/logo\/image\/"}}]}},"_links":{"self":[{"href":"https:\/\/agoracivica.cat\/fr\/wp-json\/wp\/v2\/activitat\/9178","targetHints":{"allow":["GET"]}}],"collection":[{"href":"https:\/\/agoracivica.cat\/fr\/wp-json\/wp\/v2\/activitat"}],"about":[{"href":"https:\/\/agoracivica.cat\/fr\/wp-json\/wp\/v2\/types\/activitat"}],"wp:featuredmedia":[{"embeddable":true,"href":"https:\/\/agoracivica.cat\/fr\/wp-json\/wp\/v2\/media\/2797"}],"wp:attachment":[{"href":"https:\/\/agoracivica.cat\/fr\/wp-json\/wp\/v2\/media?parent=9178"}],"wp:term":[{"taxonomy":"bloc-activitat","embeddable":true,"href":"https:\/\/agoracivica.cat\/fr\/wp-json\/wp\/v2\/bloc-activitat?post=9178"},{"taxonomy":"data","embeddable":true,"href":"https:\/\/agoracivica.cat\/fr\/wp-json\/wp\/v2\/data?post=9178"},{"taxonomy":"eix","embeddable":true,"href":"https:\/\/agoracivica.cat\/fr\/wp-json\/wp\/v2\/eix?post=9178"},{"taxonomy":"format","embeddable":true,"href":"https:\/\/agoracivica.cat\/fr\/wp-json\/wp\/v2\/format?post=9178"},{"taxonomy":"franja-horaria","embeddable":true,"href":"https:\/\/agoracivica.cat\/fr\/wp-json\/wp\/v2\/franja-horaria?post=9178"},{"taxonomy":"tipus-activitat","embeddable":true,"href":"https:\/\/agoracivica.cat\/fr\/wp-json\/wp\/v2\/tipus-activitat?post=9178"}],"curies":[{"name":"wp","href":"https:\/\/api.w.org\/{rel}","templated":true}]}}