{"id":9315,"date":"2025-07-30T12:59:14","date_gmt":"2025-07-30T12:59:14","guid":{"rendered":"https:\/\/agoracivica.cat\/activitat\/qui-controle-la-technologie-algorithmes-et-souverainete-une-genealogie-politique-de-lintelligence-artificielle\/"},"modified":"2025-09-25T13:03:46","modified_gmt":"2025-09-25T13:03:46","slug":"qui-controle-la-technologie-algorithmes-et-souverainete-une-genealogie-politique-de-lintelligence-artificielle","status":"publish","type":"activitat","link":"https:\/\/agoracivica.cat\/fr\/activitat\/qui-controle-la-technologie-algorithmes-et-souverainete-une-genealogie-politique-de-lintelligence-artificielle\/","title":{"rendered":"Qui contr\u00f4le la technologie ? Algorithmes et souverainet\u00e9 : une g\u00e9n\u00e9alogie politique de l\u2019intelligence artificielle"},"content":{"rendered":"<p>Cette session propose de r\u00e9fl\u00e9chir \u00e0 l\u2019IA en tant que technologie profond\u00e9ment politique et d\u2019aborder, \u00e0 travers un regard critique qui croise journalisme, art et pens\u00e9e technologique, la g\u00e9n\u00e9alogie des algorithmes et leur configuration de la vie en commun. Loin d\u2019\u00eatre neutres, ces technologies reproduisent des structures de pouvoir qui ont une incidence sur la souverainet\u00e9, l\u2019action et la participation citoyennes, et prolongent des dynamiques extractives qui ont des r\u00e9percussions sur les ressources naturelles et l\u2019imaginaire collectif. Dans un pr\u00e9sent envahi par les syst\u00e8mes automatis\u00e9s, penser l\u2019IA \u00e0 partir de la culture est essentiel pour activer des imaginaires critiques et ouvrir la voie \u00e0 des avenirs plus justes et partag\u00e9s.  <\/p>\n","protected":false},"excerpt":{"rendered":"<p>Cette session propose de r\u00e9fl\u00e9chir \u00e0 l\u2019IA en tant que technologie profond\u00e9ment politique et d\u2019aborder, \u00e0 travers un regard critique qui croise journalisme, art et pens\u00e9e technologique, la g\u00e9n\u00e9alogie des algorithmes et leur configuration de la vie en commun.<\/p>\n","protected":false},"featured_media":2807,"template":"","format":[187],"meta":{"_acf_changed":false,"_et_pb_use_builder":"","_et_pb_old_content":"","_et_gb_content_width":""},"bloc-activitat":[99],"data":[242],"eix":[123],"franja-horaria":[145],"tipus-activitat":[152],"class_list":["post-9315","activitat","type-activitat","status-publish","has-post-thumbnail","hentry","bloc-activitat-debatim-fr","data-27-09-2025-fr","eix-technologies-et-intelligence-artificielle","format-dialogue-fr","franja-horaria-matin","tipus-activitat-agora-civica-fr"],"acf":[],"yoast_head":"<!-- This site is optimized with the Yoast SEO plugin v26.0 - https:\/\/yoast.com\/wordpress\/plugins\/seo\/ -->\n<title>Qui contr\u00f4le la technologie ? Algorithmes et souverainet\u00e9 : une g\u00e9n\u00e9alogie politique de l\u2019intelligence artificielle - \u00c0gora C\u00edvica<\/title>\n<meta name=\"robots\" content=\"index, follow, max-snippet:-1, max-image-preview:large, max-video-preview:-1\" \/>\n<link rel=\"canonical\" href=\"https:\/\/agoracivica.cat\/fr\/activitat\/qui-controle-la-technologie-algorithmes-et-souverainete-une-genealogie-politique-de-lintelligence-artificielle\/\" \/>\n<meta property=\"og:locale\" content=\"fr_FR\" \/>\n<meta property=\"og:type\" content=\"article\" \/>\n<meta property=\"og:title\" content=\"Qui contr\u00f4le la technologie ? Algorithmes et souverainet\u00e9 : une g\u00e9n\u00e9alogie politique de l\u2019intelligence artificielle - \u00c0gora C\u00edvica\" \/>\n<meta property=\"og:description\" content=\"Cette session propose de r\u00e9fl\u00e9chir \u00e0 l\u2019IA en tant que technologie profond\u00e9ment politique et d\u2019aborder, \u00e0 travers un regard critique qui croise journalisme, art et pens\u00e9e technologique, la g\u00e9n\u00e9alogie des algorithmes et leur configuration de la vie en commun.\" \/>\n<meta property=\"og:url\" content=\"https:\/\/agoracivica.cat\/fr\/activitat\/qui-controle-la-technologie-algorithmes-et-souverainete-une-genealogie-politique-de-lintelligence-artificielle\/\" \/>\n<meta property=\"og:site_name\" content=\"\u00c0gora C\u00edvica\" \/>\n<meta property=\"article:modified_time\" content=\"2025-09-25T13:03:46+00:00\" \/>\n<meta property=\"og:image\" content=\"https:\/\/agoracivica.cat\/wp-content\/uploads\/2025\/07\/Eix_tecnologies_ia.jpg\" \/>\n\t<meta property=\"og:image:width\" content=\"1080\" \/>\n\t<meta property=\"og:image:height\" content=\"1389\" \/>\n\t<meta property=\"og:image:type\" content=\"image\/jpeg\" \/>\n<meta name=\"twitter:card\" content=\"summary_large_image\" \/>\n<meta name=\"twitter:label1\" content=\"Dur\u00e9e de lecture estim\u00e9e\" \/>\n\t<meta name=\"twitter:data1\" content=\"1 minute\" \/>\n<script type=\"application\/ld+json\" class=\"yoast-schema-graph\">{\"@context\":\"https:\/\/schema.org\",\"@graph\":[{\"@type\":\"WebPage\",\"@id\":\"https:\/\/agoracivica.cat\/fr\/activitat\/qui-controle-la-technologie-algorithmes-et-souverainete-une-genealogie-politique-de-lintelligence-artificielle\/\",\"url\":\"https:\/\/agoracivica.cat\/fr\/activitat\/qui-controle-la-technologie-algorithmes-et-souverainete-une-genealogie-politique-de-lintelligence-artificielle\/\",\"name\":\"Qui contr\u00f4le la technologie ? Algorithmes et souverainet\u00e9 : une g\u00e9n\u00e9alogie politique de l\u2019intelligence artificielle - \u00c0gora C\u00edvica\",\"isPartOf\":{\"@id\":\"https:\/\/agoracivica.cat\/#website\"},\"primaryImageOfPage\":{\"@id\":\"https:\/\/agoracivica.cat\/fr\/activitat\/qui-controle-la-technologie-algorithmes-et-souverainete-une-genealogie-politique-de-lintelligence-artificielle\/#primaryimage\"},\"image\":{\"@id\":\"https:\/\/agoracivica.cat\/fr\/activitat\/qui-controle-la-technologie-algorithmes-et-souverainete-une-genealogie-politique-de-lintelligence-artificielle\/#primaryimage\"},\"thumbnailUrl\":\"https:\/\/agoracivica.cat\/wp-content\/uploads\/2025\/07\/Eix_tecnologies_ia.jpg\",\"datePublished\":\"2025-07-30T12:59:14+00:00\",\"dateModified\":\"2025-09-25T13:03:46+00:00\",\"breadcrumb\":{\"@id\":\"https:\/\/agoracivica.cat\/fr\/activitat\/qui-controle-la-technologie-algorithmes-et-souverainete-une-genealogie-politique-de-lintelligence-artificielle\/#breadcrumb\"},\"inLanguage\":\"fr-FR\",\"potentialAction\":[{\"@type\":\"ReadAction\",\"target\":[\"https:\/\/agoracivica.cat\/fr\/activitat\/qui-controle-la-technologie-algorithmes-et-souverainete-une-genealogie-politique-de-lintelligence-artificielle\/\"]}]},{\"@type\":\"ImageObject\",\"inLanguage\":\"fr-FR\",\"@id\":\"https:\/\/agoracivica.cat\/fr\/activitat\/qui-controle-la-technologie-algorithmes-et-souverainete-une-genealogie-politique-de-lintelligence-artificielle\/#primaryimage\",\"url\":\"https:\/\/agoracivica.cat\/wp-content\/uploads\/2025\/07\/Eix_tecnologies_ia.jpg\",\"contentUrl\":\"https:\/\/agoracivica.cat\/wp-content\/uploads\/2025\/07\/Eix_tecnologies_ia.jpg\",\"width\":1080,\"height\":1389},{\"@type\":\"BreadcrumbList\",\"@id\":\"https:\/\/agoracivica.cat\/fr\/activitat\/qui-controle-la-technologie-algorithmes-et-souverainete-une-genealogie-politique-de-lintelligence-artificielle\/#breadcrumb\",\"itemListElement\":[{\"@type\":\"ListItem\",\"position\":1,\"name\":\"Inici\",\"item\":\"https:\/\/agoracivica.cat\/\"},{\"@type\":\"ListItem\",\"position\":2,\"name\":\"Qui contr\u00f4le la technologie ? Algorithmes et souverainet\u00e9 : une g\u00e9n\u00e9alogie politique de l\u2019intelligence artificielle\"}]},{\"@type\":\"WebSite\",\"@id\":\"https:\/\/agoracivica.cat\/#website\",\"url\":\"https:\/\/agoracivica.cat\/\",\"name\":\"\u00c0gora C\u00edvica\",\"description\":\"Programa d&#039;activitats\",\"publisher\":{\"@id\":\"https:\/\/agoracivica.cat\/#organization\"},\"potentialAction\":[{\"@type\":\"SearchAction\",\"target\":{\"@type\":\"EntryPoint\",\"urlTemplate\":\"https:\/\/agoracivica.cat\/?s={search_term_string}\"},\"query-input\":{\"@type\":\"PropertyValueSpecification\",\"valueRequired\":true,\"valueName\":\"search_term_string\"}}],\"inLanguage\":\"fr-FR\"},{\"@type\":\"Organization\",\"@id\":\"https:\/\/agoracivica.cat\/#organization\",\"name\":\"\u00c0gora C\u00edvica\",\"url\":\"https:\/\/agoracivica.cat\/\",\"logo\":{\"@type\":\"ImageObject\",\"inLanguage\":\"fr-FR\",\"@id\":\"https:\/\/agoracivica.cat\/#\/schema\/logo\/image\/\",\"url\":\"https:\/\/agoracivica.cat\/wp-content\/uploads\/2025\/05\/Grupo-51.svg\",\"contentUrl\":\"https:\/\/agoracivica.cat\/wp-content\/uploads\/2025\/05\/Grupo-51.svg\",\"width\":1,\"height\":1,\"caption\":\"\u00c0gora C\u00edvica\"},\"image\":{\"@id\":\"https:\/\/agoracivica.cat\/#\/schema\/logo\/image\/\"}}]}<\/script>\n<!-- \/ Yoast SEO plugin. -->","yoast_head_json":{"title":"Qui contr\u00f4le la technologie ? Algorithmes et souverainet\u00e9 : une g\u00e9n\u00e9alogie politique de l\u2019intelligence artificielle - \u00c0gora C\u00edvica","robots":{"index":"index","follow":"follow","max-snippet":"max-snippet:-1","max-image-preview":"max-image-preview:large","max-video-preview":"max-video-preview:-1"},"canonical":"https:\/\/agoracivica.cat\/fr\/activitat\/qui-controle-la-technologie-algorithmes-et-souverainete-une-genealogie-politique-de-lintelligence-artificielle\/","og_locale":"fr_FR","og_type":"article","og_title":"Qui contr\u00f4le la technologie ? Algorithmes et souverainet\u00e9 : une g\u00e9n\u00e9alogie politique de l\u2019intelligence artificielle - \u00c0gora C\u00edvica","og_description":"Cette session propose de r\u00e9fl\u00e9chir \u00e0 l\u2019IA en tant que technologie profond\u00e9ment politique et d\u2019aborder, \u00e0 travers un regard critique qui croise journalisme, art et pens\u00e9e technologique, la g\u00e9n\u00e9alogie des algorithmes et leur configuration de la vie en commun.","og_url":"https:\/\/agoracivica.cat\/fr\/activitat\/qui-controle-la-technologie-algorithmes-et-souverainete-une-genealogie-politique-de-lintelligence-artificielle\/","og_site_name":"\u00c0gora C\u00edvica","article_modified_time":"2025-09-25T13:03:46+00:00","og_image":[{"width":1080,"height":1389,"url":"https:\/\/agoracivica.cat\/wp-content\/uploads\/2025\/07\/Eix_tecnologies_ia.jpg","type":"image\/jpeg"}],"twitter_card":"summary_large_image","twitter_misc":{"Dur\u00e9e de lecture estim\u00e9e":"1 minute"},"schema":{"@context":"https:\/\/schema.org","@graph":[{"@type":"WebPage","@id":"https:\/\/agoracivica.cat\/fr\/activitat\/qui-controle-la-technologie-algorithmes-et-souverainete-une-genealogie-politique-de-lintelligence-artificielle\/","url":"https:\/\/agoracivica.cat\/fr\/activitat\/qui-controle-la-technologie-algorithmes-et-souverainete-une-genealogie-politique-de-lintelligence-artificielle\/","name":"Qui contr\u00f4le la technologie ? Algorithmes et souverainet\u00e9 : une g\u00e9n\u00e9alogie politique de l\u2019intelligence artificielle - \u00c0gora C\u00edvica","isPartOf":{"@id":"https:\/\/agoracivica.cat\/#website"},"primaryImageOfPage":{"@id":"https:\/\/agoracivica.cat\/fr\/activitat\/qui-controle-la-technologie-algorithmes-et-souverainete-une-genealogie-politique-de-lintelligence-artificielle\/#primaryimage"},"image":{"@id":"https:\/\/agoracivica.cat\/fr\/activitat\/qui-controle-la-technologie-algorithmes-et-souverainete-une-genealogie-politique-de-lintelligence-artificielle\/#primaryimage"},"thumbnailUrl":"https:\/\/agoracivica.cat\/wp-content\/uploads\/2025\/07\/Eix_tecnologies_ia.jpg","datePublished":"2025-07-30T12:59:14+00:00","dateModified":"2025-09-25T13:03:46+00:00","breadcrumb":{"@id":"https:\/\/agoracivica.cat\/fr\/activitat\/qui-controle-la-technologie-algorithmes-et-souverainete-une-genealogie-politique-de-lintelligence-artificielle\/#breadcrumb"},"inLanguage":"fr-FR","potentialAction":[{"@type":"ReadAction","target":["https:\/\/agoracivica.cat\/fr\/activitat\/qui-controle-la-technologie-algorithmes-et-souverainete-une-genealogie-politique-de-lintelligence-artificielle\/"]}]},{"@type":"ImageObject","inLanguage":"fr-FR","@id":"https:\/\/agoracivica.cat\/fr\/activitat\/qui-controle-la-technologie-algorithmes-et-souverainete-une-genealogie-politique-de-lintelligence-artificielle\/#primaryimage","url":"https:\/\/agoracivica.cat\/wp-content\/uploads\/2025\/07\/Eix_tecnologies_ia.jpg","contentUrl":"https:\/\/agoracivica.cat\/wp-content\/uploads\/2025\/07\/Eix_tecnologies_ia.jpg","width":1080,"height":1389},{"@type":"BreadcrumbList","@id":"https:\/\/agoracivica.cat\/fr\/activitat\/qui-controle-la-technologie-algorithmes-et-souverainete-une-genealogie-politique-de-lintelligence-artificielle\/#breadcrumb","itemListElement":[{"@type":"ListItem","position":1,"name":"Inici","item":"https:\/\/agoracivica.cat\/"},{"@type":"ListItem","position":2,"name":"Qui contr\u00f4le la technologie ? Algorithmes et souverainet\u00e9 : une g\u00e9n\u00e9alogie politique de l\u2019intelligence artificielle"}]},{"@type":"WebSite","@id":"https:\/\/agoracivica.cat\/#website","url":"https:\/\/agoracivica.cat\/","name":"\u00c0gora C\u00edvica","description":"Programa d&#039;activitats","publisher":{"@id":"https:\/\/agoracivica.cat\/#organization"},"potentialAction":[{"@type":"SearchAction","target":{"@type":"EntryPoint","urlTemplate":"https:\/\/agoracivica.cat\/?s={search_term_string}"},"query-input":{"@type":"PropertyValueSpecification","valueRequired":true,"valueName":"search_term_string"}}],"inLanguage":"fr-FR"},{"@type":"Organization","@id":"https:\/\/agoracivica.cat\/#organization","name":"\u00c0gora C\u00edvica","url":"https:\/\/agoracivica.cat\/","logo":{"@type":"ImageObject","inLanguage":"fr-FR","@id":"https:\/\/agoracivica.cat\/#\/schema\/logo\/image\/","url":"https:\/\/agoracivica.cat\/wp-content\/uploads\/2025\/05\/Grupo-51.svg","contentUrl":"https:\/\/agoracivica.cat\/wp-content\/uploads\/2025\/05\/Grupo-51.svg","width":1,"height":1,"caption":"\u00c0gora C\u00edvica"},"image":{"@id":"https:\/\/agoracivica.cat\/#\/schema\/logo\/image\/"}}]}},"_links":{"self":[{"href":"https:\/\/agoracivica.cat\/fr\/wp-json\/wp\/v2\/activitat\/9315","targetHints":{"allow":["GET"]}}],"collection":[{"href":"https:\/\/agoracivica.cat\/fr\/wp-json\/wp\/v2\/activitat"}],"about":[{"href":"https:\/\/agoracivica.cat\/fr\/wp-json\/wp\/v2\/types\/activitat"}],"wp:featuredmedia":[{"embeddable":true,"href":"https:\/\/agoracivica.cat\/fr\/wp-json\/wp\/v2\/media\/2807"}],"wp:attachment":[{"href":"https:\/\/agoracivica.cat\/fr\/wp-json\/wp\/v2\/media?parent=9315"}],"wp:term":[{"taxonomy":"bloc-activitat","embeddable":true,"href":"https:\/\/agoracivica.cat\/fr\/wp-json\/wp\/v2\/bloc-activitat?post=9315"},{"taxonomy":"data","embeddable":true,"href":"https:\/\/agoracivica.cat\/fr\/wp-json\/wp\/v2\/data?post=9315"},{"taxonomy":"eix","embeddable":true,"href":"https:\/\/agoracivica.cat\/fr\/wp-json\/wp\/v2\/eix?post=9315"},{"taxonomy":"format","embeddable":true,"href":"https:\/\/agoracivica.cat\/fr\/wp-json\/wp\/v2\/format?post=9315"},{"taxonomy":"franja-horaria","embeddable":true,"href":"https:\/\/agoracivica.cat\/fr\/wp-json\/wp\/v2\/franja-horaria?post=9315"},{"taxonomy":"tipus-activitat","embeddable":true,"href":"https:\/\/agoracivica.cat\/fr\/wp-json\/wp\/v2\/tipus-activitat?post=9315"}],"curies":[{"name":"wp","href":"https:\/\/api.w.org\/{rel}","templated":true}]}}