{"id":3868,"date":"2025-08-08T13:25:21","date_gmt":"2025-08-08T13:25:21","guid":{"rendered":"https:\/\/agoracivica.cat\/activitat\/dolinda-a-barcelona-teissent-nous-rets-iberoamericans-de-punts-de-cultura\/"},"modified":"2025-09-25T13:30:47","modified_gmt":"2025-09-25T13:30:47","slug":"dolinda-a-barcelona-teissent-nous-rets-iberoamericans-de-punts-de-cultura","status":"publish","type":"activitat","link":"https:\/\/agoracivica.cat\/oc\/activitat\/dolinda-a-barcelona-teissent-nous-rets-iberoamericans-de-punts-de-cultura\/","title":{"rendered":"De Campinas \u00e0 Barcelone : tisser de nouveaux r\u00e9seaux ib\u00e9ro-am\u00e9ricains de lieux culturels"},"content":{"rendered":"<p>Una amassada per aprene dels proc\u00e8sses publics-comunitaris impulsats per IberCultura Viva.<\/p>\n<p>De qu\u00e9 es un ponch de cultura? Quinas practicas e valors lo definisson? Coss\u00ed p\u00f2don las rets de ponches de cultura articular proj\u00e8ctes enrasigats dins lo territ\u00f2ri, ligats a las comunitats e amb una vocacion transformadoira?  <\/p>\n<p>Aquesta comunitat d\u2019aprendissatge, coorganizada amb IberCultura Viva (programa del Secretariat General Iberoamerican &#8211; SEGIB), prepausa una immersion partejada en las experi\u00e9ncias de gestion culturala comunit\u00e0ria d\u2019America Latina, amb especiala atencion al movement de Ponches de Cultura, nascut en Brasil pendent lo mandat de Gilberto Gil coma ministre de Cultura. Aqueste mod\u00e8l inspirador a evolucionat e crescut dins div\u00e8rses pa\u00efses, en teissent una ret viva de proj\u00e8ctes culturals de basa comunit\u00e0ria. <\/p>\n<p>L\u2019objectiu es escambiar coneissen\u00e7a practica sul foncionament d\u2019aqueles ecosist\u00e8mas public-comunitaris: coma s\u2019activa una ret, quin r\u00f2tle i an las comunitats e las institucions, quinas politicas publicas p\u00f2don impulsar aqueles proc\u00e8sses e coma se p\u00f2t adaptar aqueste mod\u00e8l a div\u00e8rses cont\u00e8xtes territorials, coma Catalonha o Barcelona.<\/p>\n<p>Una oportunitat per repensar la cultura coma un drech e un ben comun, a comptar del dial\u00f2g Sud-N\u00f2rd e de l\u2019aprendissatge mutual entre experi\u00e9ncias transformadoiras.<\/p>\n","protected":false},"excerpt":{"rendered":"<p>Una immersion partejada en las experi\u00e9ncias de gestion culturala comunit\u00e0ria d\u2019America Latina, amb especiala atencion al movement de Ponches de Cultura, nascut en Brasil pendent lo mandat de Gilberto Gil coma ministre de Cultura.<\/p>\n","protected":false},"featured_media":2803,"template":"","format":[234],"meta":{"_acf_changed":false,"_et_pb_use_builder":"","_et_pb_old_content":"","_et_gb_content_width":""},"bloc-activitat":[],"data":[113],"eix":[132],"franja-horaria":[144],"tipus-activitat":[153],"class_list":["post-3868","activitat","type-activitat","status-publish","has-post-thumbnail","hentry","data-01-10-2025-oc","eix-ecosistemas-de-la-cultura-oc","format-talhier","franja-horaria-auci","tipus-activitat-agora-civica-oc"],"acf":[],"yoast_head":"<!-- This site is optimized with the Yoast SEO plugin v26.0 - https:\/\/yoast.com\/wordpress\/plugins\/seo\/ -->\n<title>De Campinas \u00e0 Barcelone : tisser de nouveaux r\u00e9seaux ib\u00e9ro-am\u00e9ricains de lieux culturels - \u00c0gora C\u00edvica<\/title>\n<meta name=\"robots\" content=\"index, follow, max-snippet:-1, max-image-preview:large, max-video-preview:-1\" \/>\n<link rel=\"canonical\" href=\"https:\/\/agoracivica.cat\/oc\/activitat\/dolinda-a-barcelona-teissent-nous-rets-iberoamericans-de-punts-de-cultura\/\" \/>\n<meta property=\"og:locale\" content=\"en_US\" \/>\n<meta property=\"og:type\" content=\"article\" \/>\n<meta property=\"og:title\" content=\"De Campinas \u00e0 Barcelone : tisser de nouveaux r\u00e9seaux ib\u00e9ro-am\u00e9ricains de lieux culturels - \u00c0gora C\u00edvica\" \/>\n<meta property=\"og:description\" content=\"Una immersion partejada en las experi\u00e9ncias de gestion culturala comunit\u00e0ria d\u2019America Latina, amb especiala atencion al movement de Ponches de Cultura, nascut en Brasil pendent lo mandat de Gilberto Gil coma ministre de Cultura.\" \/>\n<meta property=\"og:url\" content=\"https:\/\/agoracivica.cat\/oc\/activitat\/dolinda-a-barcelona-teissent-nous-rets-iberoamericans-de-punts-de-cultura\/\" \/>\n<meta property=\"og:site_name\" content=\"\u00c0gora C\u00edvica\" \/>\n<meta property=\"article:modified_time\" content=\"2025-09-25T13:30:47+00:00\" \/>\n<meta property=\"og:image\" content=\"https:\/\/agoracivica.cat\/wp-content\/uploads\/2025\/07\/Eix_ecosistemescultura-scaled.jpg\" \/>\n\t<meta property=\"og:image:width\" content=\"1991\" \/>\n\t<meta property=\"og:image:height\" content=\"2560\" \/>\n\t<meta property=\"og:image:type\" content=\"image\/jpeg\" \/>\n<meta name=\"twitter:card\" content=\"summary_large_image\" \/>\n<meta name=\"twitter:label1\" content=\"Est. reading time\" \/>\n\t<meta name=\"twitter:data1\" content=\"1 minute\" \/>\n<script type=\"application\/ld+json\" class=\"yoast-schema-graph\">{\"@context\":\"https:\/\/schema.org\",\"@graph\":[{\"@type\":\"WebPage\",\"@id\":\"https:\/\/agoracivica.cat\/oc\/activitat\/dolinda-a-barcelona-teissent-nous-rets-iberoamericans-de-punts-de-cultura\/\",\"url\":\"https:\/\/agoracivica.cat\/oc\/activitat\/dolinda-a-barcelona-teissent-nous-rets-iberoamericans-de-punts-de-cultura\/\",\"name\":\"De Campinas \u00e0 Barcelone : tisser de nouveaux r\u00e9seaux ib\u00e9ro-am\u00e9ricains de lieux culturels - \u00c0gora C\u00edvica\",\"isPartOf\":{\"@id\":\"https:\/\/agoracivica.cat\/#website\"},\"primaryImageOfPage\":{\"@id\":\"https:\/\/agoracivica.cat\/oc\/activitat\/dolinda-a-barcelona-teissent-nous-rets-iberoamericans-de-punts-de-cultura\/#primaryimage\"},\"image\":{\"@id\":\"https:\/\/agoracivica.cat\/oc\/activitat\/dolinda-a-barcelona-teissent-nous-rets-iberoamericans-de-punts-de-cultura\/#primaryimage\"},\"thumbnailUrl\":\"https:\/\/agoracivica.cat\/wp-content\/uploads\/2025\/07\/Eix_ecosistemescultura-scaled.jpg\",\"datePublished\":\"2025-08-08T13:25:21+00:00\",\"dateModified\":\"2025-09-25T13:30:47+00:00\",\"breadcrumb\":{\"@id\":\"https:\/\/agoracivica.cat\/oc\/activitat\/dolinda-a-barcelona-teissent-nous-rets-iberoamericans-de-punts-de-cultura\/#breadcrumb\"},\"inLanguage\":\"oc\",\"potentialAction\":[{\"@type\":\"ReadAction\",\"target\":[\"https:\/\/agoracivica.cat\/oc\/activitat\/dolinda-a-barcelona-teissent-nous-rets-iberoamericans-de-punts-de-cultura\/\"]}]},{\"@type\":\"ImageObject\",\"inLanguage\":\"oc\",\"@id\":\"https:\/\/agoracivica.cat\/oc\/activitat\/dolinda-a-barcelona-teissent-nous-rets-iberoamericans-de-punts-de-cultura\/#primaryimage\",\"url\":\"https:\/\/agoracivica.cat\/wp-content\/uploads\/2025\/07\/Eix_ecosistemescultura-scaled.jpg\",\"contentUrl\":\"https:\/\/agoracivica.cat\/wp-content\/uploads\/2025\/07\/Eix_ecosistemescultura-scaled.jpg\",\"width\":1991,\"height\":2560},{\"@type\":\"BreadcrumbList\",\"@id\":\"https:\/\/agoracivica.cat\/oc\/activitat\/dolinda-a-barcelona-teissent-nous-rets-iberoamericans-de-punts-de-cultura\/#breadcrumb\",\"itemListElement\":[{\"@type\":\"ListItem\",\"position\":1,\"name\":\"Inici\",\"item\":\"https:\/\/agoracivica.cat\/\"},{\"@type\":\"ListItem\",\"position\":2,\"name\":\"De Campinas \u00e0 Barcelone : tisser de nouveaux r\u00e9seaux ib\u00e9ro-am\u00e9ricains de lieux culturels\"}]},{\"@type\":\"WebSite\",\"@id\":\"https:\/\/agoracivica.cat\/#website\",\"url\":\"https:\/\/agoracivica.cat\/\",\"name\":\"\u00c0gora C\u00edvica\",\"description\":\"Programa d&#039;activitats\",\"publisher\":{\"@id\":\"https:\/\/agoracivica.cat\/#organization\"},\"potentialAction\":[{\"@type\":\"SearchAction\",\"target\":{\"@type\":\"EntryPoint\",\"urlTemplate\":\"https:\/\/agoracivica.cat\/?s={search_term_string}\"},\"query-input\":{\"@type\":\"PropertyValueSpecification\",\"valueRequired\":true,\"valueName\":\"search_term_string\"}}],\"inLanguage\":\"oc\"},{\"@type\":\"Organization\",\"@id\":\"https:\/\/agoracivica.cat\/#organization\",\"name\":\"\u00c0gora C\u00edvica\",\"url\":\"https:\/\/agoracivica.cat\/\",\"logo\":{\"@type\":\"ImageObject\",\"inLanguage\":\"oc\",\"@id\":\"https:\/\/agoracivica.cat\/#\/schema\/logo\/image\/\",\"url\":\"https:\/\/agoracivica.cat\/wp-content\/uploads\/2025\/05\/Grupo-51.svg\",\"contentUrl\":\"https:\/\/agoracivica.cat\/wp-content\/uploads\/2025\/05\/Grupo-51.svg\",\"width\":1,\"height\":1,\"caption\":\"\u00c0gora C\u00edvica\"},\"image\":{\"@id\":\"https:\/\/agoracivica.cat\/#\/schema\/logo\/image\/\"}}]}<\/script>\n<!-- \/ Yoast SEO plugin. -->","yoast_head_json":{"title":"De Campinas \u00e0 Barcelone : tisser de nouveaux r\u00e9seaux ib\u00e9ro-am\u00e9ricains de lieux culturels - \u00c0gora C\u00edvica","robots":{"index":"index","follow":"follow","max-snippet":"max-snippet:-1","max-image-preview":"max-image-preview:large","max-video-preview":"max-video-preview:-1"},"canonical":"https:\/\/agoracivica.cat\/oc\/activitat\/dolinda-a-barcelona-teissent-nous-rets-iberoamericans-de-punts-de-cultura\/","og_locale":"en_US","og_type":"article","og_title":"De Campinas \u00e0 Barcelone : tisser de nouveaux r\u00e9seaux ib\u00e9ro-am\u00e9ricains de lieux culturels - \u00c0gora C\u00edvica","og_description":"Una immersion partejada en las experi\u00e9ncias de gestion culturala comunit\u00e0ria d\u2019America Latina, amb especiala atencion al movement de Ponches de Cultura, nascut en Brasil pendent lo mandat de Gilberto Gil coma ministre de Cultura.","og_url":"https:\/\/agoracivica.cat\/oc\/activitat\/dolinda-a-barcelona-teissent-nous-rets-iberoamericans-de-punts-de-cultura\/","og_site_name":"\u00c0gora C\u00edvica","article_modified_time":"2025-09-25T13:30:47+00:00","og_image":[{"width":1991,"height":2560,"url":"https:\/\/agoracivica.cat\/wp-content\/uploads\/2025\/07\/Eix_ecosistemescultura-scaled.jpg","type":"image\/jpeg"}],"twitter_card":"summary_large_image","twitter_misc":{"Est. reading time":"1 minute"},"schema":{"@context":"https:\/\/schema.org","@graph":[{"@type":"WebPage","@id":"https:\/\/agoracivica.cat\/oc\/activitat\/dolinda-a-barcelona-teissent-nous-rets-iberoamericans-de-punts-de-cultura\/","url":"https:\/\/agoracivica.cat\/oc\/activitat\/dolinda-a-barcelona-teissent-nous-rets-iberoamericans-de-punts-de-cultura\/","name":"De Campinas \u00e0 Barcelone : tisser de nouveaux r\u00e9seaux ib\u00e9ro-am\u00e9ricains de lieux culturels - \u00c0gora C\u00edvica","isPartOf":{"@id":"https:\/\/agoracivica.cat\/#website"},"primaryImageOfPage":{"@id":"https:\/\/agoracivica.cat\/oc\/activitat\/dolinda-a-barcelona-teissent-nous-rets-iberoamericans-de-punts-de-cultura\/#primaryimage"},"image":{"@id":"https:\/\/agoracivica.cat\/oc\/activitat\/dolinda-a-barcelona-teissent-nous-rets-iberoamericans-de-punts-de-cultura\/#primaryimage"},"thumbnailUrl":"https:\/\/agoracivica.cat\/wp-content\/uploads\/2025\/07\/Eix_ecosistemescultura-scaled.jpg","datePublished":"2025-08-08T13:25:21+00:00","dateModified":"2025-09-25T13:30:47+00:00","breadcrumb":{"@id":"https:\/\/agoracivica.cat\/oc\/activitat\/dolinda-a-barcelona-teissent-nous-rets-iberoamericans-de-punts-de-cultura\/#breadcrumb"},"inLanguage":"oc","potentialAction":[{"@type":"ReadAction","target":["https:\/\/agoracivica.cat\/oc\/activitat\/dolinda-a-barcelona-teissent-nous-rets-iberoamericans-de-punts-de-cultura\/"]}]},{"@type":"ImageObject","inLanguage":"oc","@id":"https:\/\/agoracivica.cat\/oc\/activitat\/dolinda-a-barcelona-teissent-nous-rets-iberoamericans-de-punts-de-cultura\/#primaryimage","url":"https:\/\/agoracivica.cat\/wp-content\/uploads\/2025\/07\/Eix_ecosistemescultura-scaled.jpg","contentUrl":"https:\/\/agoracivica.cat\/wp-content\/uploads\/2025\/07\/Eix_ecosistemescultura-scaled.jpg","width":1991,"height":2560},{"@type":"BreadcrumbList","@id":"https:\/\/agoracivica.cat\/oc\/activitat\/dolinda-a-barcelona-teissent-nous-rets-iberoamericans-de-punts-de-cultura\/#breadcrumb","itemListElement":[{"@type":"ListItem","position":1,"name":"Inici","item":"https:\/\/agoracivica.cat\/"},{"@type":"ListItem","position":2,"name":"De Campinas \u00e0 Barcelone : tisser de nouveaux r\u00e9seaux ib\u00e9ro-am\u00e9ricains de lieux culturels"}]},{"@type":"WebSite","@id":"https:\/\/agoracivica.cat\/#website","url":"https:\/\/agoracivica.cat\/","name":"\u00c0gora C\u00edvica","description":"Programa d&#039;activitats","publisher":{"@id":"https:\/\/agoracivica.cat\/#organization"},"potentialAction":[{"@type":"SearchAction","target":{"@type":"EntryPoint","urlTemplate":"https:\/\/agoracivica.cat\/?s={search_term_string}"},"query-input":{"@type":"PropertyValueSpecification","valueRequired":true,"valueName":"search_term_string"}}],"inLanguage":"oc"},{"@type":"Organization","@id":"https:\/\/agoracivica.cat\/#organization","name":"\u00c0gora C\u00edvica","url":"https:\/\/agoracivica.cat\/","logo":{"@type":"ImageObject","inLanguage":"oc","@id":"https:\/\/agoracivica.cat\/#\/schema\/logo\/image\/","url":"https:\/\/agoracivica.cat\/wp-content\/uploads\/2025\/05\/Grupo-51.svg","contentUrl":"https:\/\/agoracivica.cat\/wp-content\/uploads\/2025\/05\/Grupo-51.svg","width":1,"height":1,"caption":"\u00c0gora C\u00edvica"},"image":{"@id":"https:\/\/agoracivica.cat\/#\/schema\/logo\/image\/"}}]}},"_links":{"self":[{"href":"https:\/\/agoracivica.cat\/oc\/wp-json\/wp\/v2\/activitat\/3868","targetHints":{"allow":["GET"]}}],"collection":[{"href":"https:\/\/agoracivica.cat\/oc\/wp-json\/wp\/v2\/activitat"}],"about":[{"href":"https:\/\/agoracivica.cat\/oc\/wp-json\/wp\/v2\/types\/activitat"}],"wp:featuredmedia":[{"embeddable":true,"href":"https:\/\/agoracivica.cat\/oc\/wp-json\/wp\/v2\/media\/2803"}],"wp:attachment":[{"href":"https:\/\/agoracivica.cat\/oc\/wp-json\/wp\/v2\/media?parent=3868"}],"wp:term":[{"taxonomy":"bloc-activitat","embeddable":true,"href":"https:\/\/agoracivica.cat\/oc\/wp-json\/wp\/v2\/bloc-activitat?post=3868"},{"taxonomy":"data","embeddable":true,"href":"https:\/\/agoracivica.cat\/oc\/wp-json\/wp\/v2\/data?post=3868"},{"taxonomy":"eix","embeddable":true,"href":"https:\/\/agoracivica.cat\/oc\/wp-json\/wp\/v2\/eix?post=3868"},{"taxonomy":"format","embeddable":true,"href":"https:\/\/agoracivica.cat\/oc\/wp-json\/wp\/v2\/format?post=3868"},{"taxonomy":"franja-horaria","embeddable":true,"href":"https:\/\/agoracivica.cat\/oc\/wp-json\/wp\/v2\/franja-horaria?post=3868"},{"taxonomy":"tipus-activitat","embeddable":true,"href":"https:\/\/agoracivica.cat\/oc\/wp-json\/wp\/v2\/tipus-activitat?post=3868"}],"curies":[{"name":"wp","href":"https:\/\/api.w.org\/{rel}","templated":true}]}}