{"id":4354,"date":"2025-07-30T12:25:49","date_gmt":"2025-07-30T12:25:49","guid":{"rendered":"https:\/\/agoracivica.cat\/activitat\/lo-mite-del-mesticatge-diversitat-culturala-e-linguistica\/"},"modified":"2025-09-04T13:04:43","modified_gmt":"2025-09-04T13:04:43","slug":"lo-mite-del-mesticatge-diversitat-culturala-e-linguistica","status":"publish","type":"activitat","link":"https:\/\/agoracivica.cat\/oc\/activitat\/lo-mite-del-mesticatge-diversitat-culturala-e-linguistica\/","title":{"rendered":"Lo mite del mestissatge"},"content":{"rendered":"<p>Un dels mites constitutius de div\u00e8rses pa\u00efses d\u2019America Latina es estat l\u2019integracion de las si\u00e1s populacions coma nacions mestissas. Dins diferents relats provenents de las ancianas metrop\u00f2lis se cel\u00e8bra lo mestissatge entre p\u00f2bles indig\u00e8nas e p\u00f2bles europ\u00e8us coma una consequ\u00e9ncia positiva de la colonizacion e se meton en rel\u00e8u los resultats de la mescla de culturas e populacions. Div\u00e8rses dels relats nacionals s\u2019api\u00e8jan tanben en la celebracion del mestissatge, que se\u2019n parla amb fiertat. Quines mecanismes bastisson aqueles relats? Coss\u00ed se convert\u00eds en categoria politica la mescla de culturas e populacions? En aquesta confer\u00e9ncia, la ling\u00fcista, escrivana e investigairitz Y\u00e1snaya Elena A. Gil, referenta en la defensa de la diversitat ling\u00fcistica e culturala, sosca sul besonh d\u2019establir \u201clos proc\u00e8sses de mescla\u201d coma una categoria distinta a \u201clos proc\u00e8sses de mestissatge\u201d. Aquesta activitat fa partida de Resident CCCB, lo programa de resid\u00e9ncias internacionalas del CCCB en collaboracion amb la UOC e amb lo finan\u00e7ament de la Fondacion Privada MIR-PUIG.      <\/p>\n","protected":false},"excerpt":{"rendered":"<p>Un dels mites constitutius de div\u00e8rses pa\u00efses d\u2019America Latina es estat l\u2019integracion de las si\u00e1s populacions coma nacions mestissas.<\/p>\n","protected":false},"featured_media":2793,"template":"","format":[210],"meta":{"_acf_changed":false,"_et_pb_use_builder":"","_et_pb_old_content":"","_et_gb_content_width":""},"bloc-activitat":[],"data":[102],"eix":[129],"franja-horaria":[149],"tipus-activitat":[153],"class_list":["post-4354","activitat","type-activitat","status-publish","has-post-thumbnail","hentry","data-26-09-2025-oc","eix-diversitat-culturala-e-linguistica","format-ponencia-oc","franja-horaria-tarde","tipus-activitat-agora-civica-oc"],"acf":[],"yoast_head":"<!-- This site is optimized with the Yoast SEO plugin v26.0 - https:\/\/yoast.com\/wordpress\/plugins\/seo\/ -->\n<title>Lo mite del mestissatge - \u00c0gora C\u00edvica<\/title>\n<meta name=\"robots\" content=\"index, follow, max-snippet:-1, max-image-preview:large, max-video-preview:-1\" \/>\n<link rel=\"canonical\" href=\"https:\/\/agoracivica.cat\/oc\/activitat\/lo-mite-del-mesticatge-diversitat-culturala-e-linguistica\/\" \/>\n<meta property=\"og:locale\" content=\"en_US\" \/>\n<meta property=\"og:type\" content=\"article\" \/>\n<meta property=\"og:title\" content=\"Lo mite del mestissatge - \u00c0gora C\u00edvica\" \/>\n<meta property=\"og:description\" content=\"Un dels mites constitutius de div\u00e8rses pa\u00efses d\u2019America Latina es estat l\u2019integracion de las si\u00e1s populacions coma nacions mestissas.\" \/>\n<meta property=\"og:url\" content=\"https:\/\/agoracivica.cat\/oc\/activitat\/lo-mite-del-mesticatge-diversitat-culturala-e-linguistica\/\" \/>\n<meta property=\"og:site_name\" content=\"\u00c0gora C\u00edvica\" \/>\n<meta property=\"article:modified_time\" content=\"2025-09-04T13:04:43+00:00\" \/>\n<meta property=\"og:image\" content=\"https:\/\/agoracivica.cat\/wp-content\/uploads\/2025\/07\/Eix_diversitatcultural_linguistica.jpg\" \/>\n\t<meta property=\"og:image:width\" content=\"1080\" \/>\n\t<meta property=\"og:image:height\" content=\"1389\" \/>\n\t<meta property=\"og:image:type\" content=\"image\/jpeg\" \/>\n<meta name=\"twitter:card\" content=\"summary_large_image\" \/>\n<meta name=\"twitter:label1\" content=\"Est. reading time\" \/>\n\t<meta name=\"twitter:data1\" content=\"1 minute\" \/>\n<script type=\"application\/ld+json\" class=\"yoast-schema-graph\">{\"@context\":\"https:\/\/schema.org\",\"@graph\":[{\"@type\":\"WebPage\",\"@id\":\"https:\/\/agoracivica.cat\/oc\/activitat\/lo-mite-del-mesticatge-diversitat-culturala-e-linguistica\/\",\"url\":\"https:\/\/agoracivica.cat\/oc\/activitat\/lo-mite-del-mesticatge-diversitat-culturala-e-linguistica\/\",\"name\":\"Lo mite del mestissatge - \u00c0gora C\u00edvica\",\"isPartOf\":{\"@id\":\"https:\/\/agoracivica.cat\/#website\"},\"primaryImageOfPage\":{\"@id\":\"https:\/\/agoracivica.cat\/oc\/activitat\/lo-mite-del-mesticatge-diversitat-culturala-e-linguistica\/#primaryimage\"},\"image\":{\"@id\":\"https:\/\/agoracivica.cat\/oc\/activitat\/lo-mite-del-mesticatge-diversitat-culturala-e-linguistica\/#primaryimage\"},\"thumbnailUrl\":\"https:\/\/agoracivica.cat\/wp-content\/uploads\/2025\/07\/Eix_diversitatcultural_linguistica.jpg\",\"datePublished\":\"2025-07-30T12:25:49+00:00\",\"dateModified\":\"2025-09-04T13:04:43+00:00\",\"breadcrumb\":{\"@id\":\"https:\/\/agoracivica.cat\/oc\/activitat\/lo-mite-del-mesticatge-diversitat-culturala-e-linguistica\/#breadcrumb\"},\"inLanguage\":\"oc\",\"potentialAction\":[{\"@type\":\"ReadAction\",\"target\":[\"https:\/\/agoracivica.cat\/oc\/activitat\/lo-mite-del-mesticatge-diversitat-culturala-e-linguistica\/\"]}]},{\"@type\":\"ImageObject\",\"inLanguage\":\"oc\",\"@id\":\"https:\/\/agoracivica.cat\/oc\/activitat\/lo-mite-del-mesticatge-diversitat-culturala-e-linguistica\/#primaryimage\",\"url\":\"https:\/\/agoracivica.cat\/wp-content\/uploads\/2025\/07\/Eix_diversitatcultural_linguistica.jpg\",\"contentUrl\":\"https:\/\/agoracivica.cat\/wp-content\/uploads\/2025\/07\/Eix_diversitatcultural_linguistica.jpg\",\"width\":1080,\"height\":1389},{\"@type\":\"BreadcrumbList\",\"@id\":\"https:\/\/agoracivica.cat\/oc\/activitat\/lo-mite-del-mesticatge-diversitat-culturala-e-linguistica\/#breadcrumb\",\"itemListElement\":[{\"@type\":\"ListItem\",\"position\":1,\"name\":\"Inici\",\"item\":\"https:\/\/agoracivica.cat\/\"},{\"@type\":\"ListItem\",\"position\":2,\"name\":\"Lo mite del mestissatge\"}]},{\"@type\":\"WebSite\",\"@id\":\"https:\/\/agoracivica.cat\/#website\",\"url\":\"https:\/\/agoracivica.cat\/\",\"name\":\"\u00c0gora C\u00edvica\",\"description\":\"Programa d&#039;activitats\",\"publisher\":{\"@id\":\"https:\/\/agoracivica.cat\/#organization\"},\"potentialAction\":[{\"@type\":\"SearchAction\",\"target\":{\"@type\":\"EntryPoint\",\"urlTemplate\":\"https:\/\/agoracivica.cat\/?s={search_term_string}\"},\"query-input\":{\"@type\":\"PropertyValueSpecification\",\"valueRequired\":true,\"valueName\":\"search_term_string\"}}],\"inLanguage\":\"oc\"},{\"@type\":\"Organization\",\"@id\":\"https:\/\/agoracivica.cat\/#organization\",\"name\":\"\u00c0gora C\u00edvica\",\"url\":\"https:\/\/agoracivica.cat\/\",\"logo\":{\"@type\":\"ImageObject\",\"inLanguage\":\"oc\",\"@id\":\"https:\/\/agoracivica.cat\/#\/schema\/logo\/image\/\",\"url\":\"https:\/\/agoracivica.cat\/wp-content\/uploads\/2025\/05\/Grupo-51.svg\",\"contentUrl\":\"https:\/\/agoracivica.cat\/wp-content\/uploads\/2025\/05\/Grupo-51.svg\",\"width\":1,\"height\":1,\"caption\":\"\u00c0gora C\u00edvica\"},\"image\":{\"@id\":\"https:\/\/agoracivica.cat\/#\/schema\/logo\/image\/\"}}]}<\/script>\n<!-- \/ Yoast SEO plugin. -->","yoast_head_json":{"title":"Lo mite del mestissatge - \u00c0gora C\u00edvica","robots":{"index":"index","follow":"follow","max-snippet":"max-snippet:-1","max-image-preview":"max-image-preview:large","max-video-preview":"max-video-preview:-1"},"canonical":"https:\/\/agoracivica.cat\/oc\/activitat\/lo-mite-del-mesticatge-diversitat-culturala-e-linguistica\/","og_locale":"en_US","og_type":"article","og_title":"Lo mite del mestissatge - \u00c0gora C\u00edvica","og_description":"Un dels mites constitutius de div\u00e8rses pa\u00efses d\u2019America Latina es estat l\u2019integracion de las si\u00e1s populacions coma nacions mestissas.","og_url":"https:\/\/agoracivica.cat\/oc\/activitat\/lo-mite-del-mesticatge-diversitat-culturala-e-linguistica\/","og_site_name":"\u00c0gora C\u00edvica","article_modified_time":"2025-09-04T13:04:43+00:00","og_image":[{"width":1080,"height":1389,"url":"https:\/\/agoracivica.cat\/wp-content\/uploads\/2025\/07\/Eix_diversitatcultural_linguistica.jpg","type":"image\/jpeg"}],"twitter_card":"summary_large_image","twitter_misc":{"Est. reading time":"1 minute"},"schema":{"@context":"https:\/\/schema.org","@graph":[{"@type":"WebPage","@id":"https:\/\/agoracivica.cat\/oc\/activitat\/lo-mite-del-mesticatge-diversitat-culturala-e-linguistica\/","url":"https:\/\/agoracivica.cat\/oc\/activitat\/lo-mite-del-mesticatge-diversitat-culturala-e-linguistica\/","name":"Lo mite del mestissatge - \u00c0gora C\u00edvica","isPartOf":{"@id":"https:\/\/agoracivica.cat\/#website"},"primaryImageOfPage":{"@id":"https:\/\/agoracivica.cat\/oc\/activitat\/lo-mite-del-mesticatge-diversitat-culturala-e-linguistica\/#primaryimage"},"image":{"@id":"https:\/\/agoracivica.cat\/oc\/activitat\/lo-mite-del-mesticatge-diversitat-culturala-e-linguistica\/#primaryimage"},"thumbnailUrl":"https:\/\/agoracivica.cat\/wp-content\/uploads\/2025\/07\/Eix_diversitatcultural_linguistica.jpg","datePublished":"2025-07-30T12:25:49+00:00","dateModified":"2025-09-04T13:04:43+00:00","breadcrumb":{"@id":"https:\/\/agoracivica.cat\/oc\/activitat\/lo-mite-del-mesticatge-diversitat-culturala-e-linguistica\/#breadcrumb"},"inLanguage":"oc","potentialAction":[{"@type":"ReadAction","target":["https:\/\/agoracivica.cat\/oc\/activitat\/lo-mite-del-mesticatge-diversitat-culturala-e-linguistica\/"]}]},{"@type":"ImageObject","inLanguage":"oc","@id":"https:\/\/agoracivica.cat\/oc\/activitat\/lo-mite-del-mesticatge-diversitat-culturala-e-linguistica\/#primaryimage","url":"https:\/\/agoracivica.cat\/wp-content\/uploads\/2025\/07\/Eix_diversitatcultural_linguistica.jpg","contentUrl":"https:\/\/agoracivica.cat\/wp-content\/uploads\/2025\/07\/Eix_diversitatcultural_linguistica.jpg","width":1080,"height":1389},{"@type":"BreadcrumbList","@id":"https:\/\/agoracivica.cat\/oc\/activitat\/lo-mite-del-mesticatge-diversitat-culturala-e-linguistica\/#breadcrumb","itemListElement":[{"@type":"ListItem","position":1,"name":"Inici","item":"https:\/\/agoracivica.cat\/"},{"@type":"ListItem","position":2,"name":"Lo mite del mestissatge"}]},{"@type":"WebSite","@id":"https:\/\/agoracivica.cat\/#website","url":"https:\/\/agoracivica.cat\/","name":"\u00c0gora C\u00edvica","description":"Programa d&#039;activitats","publisher":{"@id":"https:\/\/agoracivica.cat\/#organization"},"potentialAction":[{"@type":"SearchAction","target":{"@type":"EntryPoint","urlTemplate":"https:\/\/agoracivica.cat\/?s={search_term_string}"},"query-input":{"@type":"PropertyValueSpecification","valueRequired":true,"valueName":"search_term_string"}}],"inLanguage":"oc"},{"@type":"Organization","@id":"https:\/\/agoracivica.cat\/#organization","name":"\u00c0gora C\u00edvica","url":"https:\/\/agoracivica.cat\/","logo":{"@type":"ImageObject","inLanguage":"oc","@id":"https:\/\/agoracivica.cat\/#\/schema\/logo\/image\/","url":"https:\/\/agoracivica.cat\/wp-content\/uploads\/2025\/05\/Grupo-51.svg","contentUrl":"https:\/\/agoracivica.cat\/wp-content\/uploads\/2025\/05\/Grupo-51.svg","width":1,"height":1,"caption":"\u00c0gora C\u00edvica"},"image":{"@id":"https:\/\/agoracivica.cat\/#\/schema\/logo\/image\/"}}]}},"_links":{"self":[{"href":"https:\/\/agoracivica.cat\/oc\/wp-json\/wp\/v2\/activitat\/4354","targetHints":{"allow":["GET"]}}],"collection":[{"href":"https:\/\/agoracivica.cat\/oc\/wp-json\/wp\/v2\/activitat"}],"about":[{"href":"https:\/\/agoracivica.cat\/oc\/wp-json\/wp\/v2\/types\/activitat"}],"wp:featuredmedia":[{"embeddable":true,"href":"https:\/\/agoracivica.cat\/oc\/wp-json\/wp\/v2\/media\/2793"}],"wp:attachment":[{"href":"https:\/\/agoracivica.cat\/oc\/wp-json\/wp\/v2\/media?parent=4354"}],"wp:term":[{"taxonomy":"bloc-activitat","embeddable":true,"href":"https:\/\/agoracivica.cat\/oc\/wp-json\/wp\/v2\/bloc-activitat?post=4354"},{"taxonomy":"data","embeddable":true,"href":"https:\/\/agoracivica.cat\/oc\/wp-json\/wp\/v2\/data?post=4354"},{"taxonomy":"eix","embeddable":true,"href":"https:\/\/agoracivica.cat\/oc\/wp-json\/wp\/v2\/eix?post=4354"},{"taxonomy":"format","embeddable":true,"href":"https:\/\/agoracivica.cat\/oc\/wp-json\/wp\/v2\/format?post=4354"},{"taxonomy":"franja-horaria","embeddable":true,"href":"https:\/\/agoracivica.cat\/oc\/wp-json\/wp\/v2\/franja-horaria?post=4354"},{"taxonomy":"tipus-activitat","embeddable":true,"href":"https:\/\/agoracivica.cat\/oc\/wp-json\/wp\/v2\/tipus-activitat?post=4354"}],"curies":[{"name":"wp","href":"https:\/\/api.w.org\/{rel}","templated":true}]}}